{"id":10317,"date":"2025-09-25T13:36:00","date_gmt":"2025-09-25T13:36:00","guid":{"rendered":"https:\/\/www.produccion.jujuy.gob.ar\/?page_id=10317"},"modified":"2026-04-28T11:53:06","modified_gmt":"2026-04-28T11:53:06","slug":"tejiendo-suenos","status":"publish","type":"page","link":"http:\/\/www.produccion.jujuy.gob.ar\/?page_id=10317","title":{"rendered":"HILANDO SUE\u00d1OS"},"content":{"rendered":"\t\t<div data-elementor-type=\"wp-page\" data-elementor-id=\"10317\" class=\"elementor elementor-10317\" data-elementor-settings=\"[]\">\n\t\t\t\t\t\t\t<div class=\"elementor-section-wrap\">\n\t\t\t\t\t\t\t<section class=\"elementor-section elementor-top-section elementor-element elementor-element-558dbc0 elementor-section-stretched elementor-section-boxed elementor-section-height-default elementor-section-height-default\" data-id=\"558dbc0\" data-element_type=\"section\" data-settings=\"{&quot;stretch_section&quot;:&quot;section-stretched&quot;,&quot;background_background&quot;:&quot;classic&quot;}\">\n\t\t\t\t\t\t<div class=\"elementor-container elementor-column-gap-default\">\n\t\t\t\t\t<div class=\"elementor-column elementor-col-33 elementor-top-column elementor-element elementor-element-62c6abd\" data-id=\"62c6abd\" data-element_type=\"column\">\n\t\t\t<div class=\"elementor-widget-wrap elementor-element-populated\">\n\t\t\t\t\t\t\t\t<div class=\"elementor-element elementor-element-c884c49 elementor-widget elementor-widget-image\" data-id=\"c884c49\" data-element_type=\"widget\" data-widget_type=\"image.default\">\n\t\t\t\t<div class=\"elementor-widget-container\">\n\t\t\t\t\t\t\t\t\t\t\t\t\t\t\t<img width=\"300\" height=\"171\" src=\"http:\/\/www.produccion.jujuy.gob.ar\/wp-content\/uploads\/2025\/10\/camino1-2-300x171.png\" class=\"elementor-animation-grow attachment-medium size-medium\" alt=\"\" loading=\"lazy\" srcset=\"http:\/\/www.produccion.jujuy.gob.ar\/wp-content\/uploads\/2025\/10\/camino1-2-300x171.png 300w, http:\/\/www.produccion.jujuy.gob.ar\/wp-content\/uploads\/2025\/10\/camino1-2-768x437.png 768w, http:\/\/www.produccion.jujuy.gob.ar\/wp-content\/uploads\/2025\/10\/camino1-2.png 1010w\" sizes=\"(max-width: 300px) 100vw, 300px\" \/>\t\t\t\t\t\t\t\t\t\t\t\t\t\t\t<\/div>\n\t\t\t\t<\/div>\n\t\t\t\t\t<\/div>\n\t\t<\/div>\n\t\t\t\t<div class=\"elementor-column elementor-col-66 elementor-top-column elementor-element elementor-element-978e554\" data-id=\"978e554\" data-element_type=\"column\">\n\t\t\t<div class=\"elementor-widget-wrap elementor-element-populated\">\n\t\t\t\t\t\t\t\t<div class=\"elementor-element elementor-element-3c42f5d elementor-widget elementor-widget-heading\" data-id=\"3c42f5d\" data-element_type=\"widget\" data-widget_type=\"heading.default\">\n\t\t\t\t<div class=\"elementor-widget-container\">\n\t\t\t<h2 class=\"elementor-heading-title elementor-size-default\">EL CAMINO DE LA FIBRA<\/h2>\t\t<\/div>\n\t\t\t\t<\/div>\n\t\t\t\t\t<\/div>\n\t\t<\/div>\n\t\t\t\t\t\t\t<\/div>\n\t\t<\/section>\n\t\t\t\t<section class=\"elementor-section elementor-top-section elementor-element elementor-element-eac5cd1 elementor-section-stretched elementor-section-boxed elementor-section-height-default elementor-section-height-default\" data-id=\"eac5cd1\" data-element_type=\"section\" data-settings=\"{&quot;stretch_section&quot;:&quot;section-stretched&quot;,&quot;background_background&quot;:&quot;classic&quot;}\">\n\t\t\t\t\t\t<div class=\"elementor-container elementor-column-gap-default\">\n\t\t\t\t\t<div class=\"elementor-column elementor-col-100 elementor-top-column elementor-element elementor-element-3b93f03\" data-id=\"3b93f03\" data-element_type=\"column\">\n\t\t\t<div class=\"elementor-widget-wrap elementor-element-populated\">\n\t\t\t\t\t\t\t\t<div class=\"elementor-element elementor-element-45c7d73 elementor-widget elementor-widget-text-editor\" data-id=\"45c7d73\" data-element_type=\"widget\" data-widget_type=\"text-editor.default\">\n\t\t\t\t<div class=\"elementor-widget-container\">\n\t\t\t\t\t\t\t\t<p>En el coraz\u00f3n de la Puna juje\u00f1a, existe una fibra noble y tal vez subestimada: la fibra de <strong>llama<\/strong>. En esta meseta alta, donde el cielo es un azul intenso y las monta\u00f1as superan los 3500 metros sobre el nivel del mar, viven ganaderos cuya subsistencia depende en parte de estos cam\u00e9lidos. Pero la cadena de valor estaba <strong>desacoplada<\/strong>, y Jujuy, a pesar de tener la producci\u00f3n potencial m\u00e1s importante de fibra de llama del pa\u00eds, solo procesaba una peque\u00f1a fracci\u00f3n, con el resto saliendo en bruto a precios bajos o y\u00e9ndose de la Provincia.<\/p>\t\t\t\t\t\t<\/div>\n\t\t\t\t<\/div>\n\t\t\t\t<div class=\"elementor-element elementor-element-8df833a elementor-widget elementor-widget-text-editor\" data-id=\"8df833a\" data-element_type=\"widget\" data-widget_type=\"text-editor.default\">\n\t\t\t\t<div class=\"elementor-widget-container\">\n\t\t\t\t\t\t\t\t<p>Aqu\u00ed es donde comienza nuestra historia de transformaci\u00f3n, impulsada por la visi\u00f3n de generar sinergias y un impacto real en el sector textil. El proyecto se llama \u201c<strong>Desarrollo de la Cadena de Valor de la Fibra de Llama del Departamento Susques<\/strong>\u201d, cuyo objetivo es el de <strong>consolidar la integraci\u00f3n vertical<\/strong> de esta cadena, comenzando en las <strong>nueve localidades del Departamento Susques<\/strong>. el m\u00e1s extenso de la provincia, con una poblaci\u00f3n de 4.098 habitantes de la etnia Atacama, se convierte en el \u00e1rea de influencia directa.<\/p>\t\t\t\t\t\t<\/div>\n\t\t\t\t<\/div>\n\t\t\t\t\t<\/div>\n\t\t<\/div>\n\t\t\t\t\t\t\t<\/div>\n\t\t<\/section>\n\t\t\t\t<section class=\"elementor-section elementor-top-section elementor-element elementor-element-9c2e93d elementor-section-stretched elementor-section-boxed elementor-section-height-default elementor-section-height-default\" data-id=\"9c2e93d\" data-element_type=\"section\" data-settings=\"{&quot;stretch_section&quot;:&quot;section-stretched&quot;,&quot;background_background&quot;:&quot;classic&quot;}\">\n\t\t\t\t\t\t<div class=\"elementor-container elementor-column-gap-default\">\n\t\t\t\t\t<div class=\"elementor-column elementor-col-50 elementor-top-column elementor-element elementor-element-9401e47\" data-id=\"9401e47\" data-element_type=\"column\">\n\t\t\t<div class=\"elementor-widget-wrap elementor-element-populated\">\n\t\t\t\t\t\t\t\t<div class=\"elementor-element elementor-element-ff8efa5 elementor-widget elementor-widget-image\" data-id=\"ff8efa5\" data-element_type=\"widget\" data-widget_type=\"image.default\">\n\t\t\t\t<div class=\"elementor-widget-container\">\n\t\t\t\t\t\t\t\t\t\t\t\t\t\t\t<img width=\"604\" height=\"403\" src=\"http:\/\/www.produccion.jujuy.gob.ar\/wp-content\/uploads\/2025\/10\/IMG_2887-1024x683.jpg\" class=\"attachment-large size-large\" alt=\"\" loading=\"lazy\" srcset=\"http:\/\/www.produccion.jujuy.gob.ar\/wp-content\/uploads\/2025\/10\/IMG_2887-1024x683.jpg 1024w, http:\/\/www.produccion.jujuy.gob.ar\/wp-content\/uploads\/2025\/10\/IMG_2887-300x200.jpg 300w, http:\/\/www.produccion.jujuy.gob.ar\/wp-content\/uploads\/2025\/10\/IMG_2887-768x512.jpg 768w, http:\/\/www.produccion.jujuy.gob.ar\/wp-content\/uploads\/2025\/10\/IMG_2887-1536x1024.jpg 1536w, http:\/\/www.produccion.jujuy.gob.ar\/wp-content\/uploads\/2025\/10\/IMG_2887-2048x1365.jpg 2048w, http:\/\/www.produccion.jujuy.gob.ar\/wp-content\/uploads\/2025\/10\/IMG_2887-272x182.jpg 272w\" sizes=\"(max-width: 604px) 100vw, 604px\" \/>\t\t\t\t\t\t\t\t\t\t\t\t\t\t\t<\/div>\n\t\t\t\t<\/div>\n\t\t\t\t\t<\/div>\n\t\t<\/div>\n\t\t\t\t<div class=\"elementor-column elementor-col-50 elementor-top-column elementor-element elementor-element-8603311\" data-id=\"8603311\" data-element_type=\"column\">\n\t\t\t<div class=\"elementor-widget-wrap elementor-element-populated\">\n\t\t\t\t\t\t\t\t<div class=\"elementor-element elementor-element-c585177 elementor-widget elementor-widget-image\" data-id=\"c585177\" data-element_type=\"widget\" data-widget_type=\"image.default\">\n\t\t\t\t<div class=\"elementor-widget-container\">\n\t\t\t\t\t\t\t\t\t\t\t\t\t\t\t<img width=\"604\" height=\"398\" src=\"http:\/\/www.produccion.jujuy.gob.ar\/wp-content\/uploads\/2025\/10\/llamas22-1024x675.png\" class=\"attachment-large size-large\" alt=\"\" loading=\"lazy\" srcset=\"http:\/\/www.produccion.jujuy.gob.ar\/wp-content\/uploads\/2025\/10\/llamas22-1024x675.png 1024w, http:\/\/www.produccion.jujuy.gob.ar\/wp-content\/uploads\/2025\/10\/llamas22-300x198.png 300w, http:\/\/www.produccion.jujuy.gob.ar\/wp-content\/uploads\/2025\/10\/llamas22-768x506.png 768w, http:\/\/www.produccion.jujuy.gob.ar\/wp-content\/uploads\/2025\/10\/llamas22-1536x1012.png 1536w, http:\/\/www.produccion.jujuy.gob.ar\/wp-content\/uploads\/2025\/10\/llamas22-2048x1349.png 2048w\" sizes=\"(max-width: 604px) 100vw, 604px\" \/>\t\t\t\t\t\t\t\t\t\t\t\t\t\t\t<\/div>\n\t\t\t\t<\/div>\n\t\t\t\t\t<\/div>\n\t\t<\/div>\n\t\t\t\t\t\t\t<\/div>\n\t\t<\/section>\n\t\t\t\t<section class=\"elementor-section elementor-top-section elementor-element elementor-element-c8b9e20 elementor-section-stretched elementor-section-boxed elementor-section-height-default elementor-section-height-default\" data-id=\"c8b9e20\" data-element_type=\"section\" data-settings=\"{&quot;stretch_section&quot;:&quot;section-stretched&quot;,&quot;background_background&quot;:&quot;classic&quot;}\">\n\t\t\t\t\t\t<div class=\"elementor-container elementor-column-gap-default\">\n\t\t\t\t\t<div class=\"elementor-column elementor-col-100 elementor-top-column elementor-element elementor-element-a2953ca\" data-id=\"a2953ca\" data-element_type=\"column\">\n\t\t\t<div class=\"elementor-widget-wrap elementor-element-populated\">\n\t\t\t\t\t\t\t\t<div class=\"elementor-element elementor-element-f147bf3 elementor-widget-divider--view-line elementor-widget elementor-widget-divider\" data-id=\"f147bf3\" data-element_type=\"widget\" data-widget_type=\"divider.default\">\n\t\t\t\t<div class=\"elementor-widget-container\">\n\t\t\t\t\t<div class=\"elementor-divider\">\n\t\t\t<span class=\"elementor-divider-separator\">\n\t\t\t\t\t\t<\/span>\n\t\t<\/div>\n\t\t\t\t<\/div>\n\t\t\t\t<\/div>\n\t\t\t\t\t<\/div>\n\t\t<\/div>\n\t\t\t\t\t\t\t<\/div>\n\t\t<\/section>\n\t\t\t\t<section class=\"elementor-section elementor-top-section elementor-element elementor-element-f277edc elementor-section-stretched elementor-section-boxed elementor-section-height-default elementor-section-height-default\" data-id=\"f277edc\" data-element_type=\"section\" data-settings=\"{&quot;stretch_section&quot;:&quot;section-stretched&quot;,&quot;background_background&quot;:&quot;classic&quot;}\">\n\t\t\t\t\t\t<div class=\"elementor-container elementor-column-gap-default\">\n\t\t\t\t\t<div class=\"elementor-column elementor-col-50 elementor-top-column elementor-element elementor-element-8b0c384\" data-id=\"8b0c384\" data-element_type=\"column\">\n\t\t\t<div class=\"elementor-widget-wrap elementor-element-populated\">\n\t\t\t\t\t\t\t\t<div class=\"elementor-element elementor-element-6198485 elementor-widget elementor-widget-image\" data-id=\"6198485\" data-element_type=\"widget\" data-widget_type=\"image.default\">\n\t\t\t\t<div class=\"elementor-widget-container\">\n\t\t\t\t\t\t\t\t\t\t\t\t\t\t\t<img width=\"200\" height=\"300\" src=\"http:\/\/www.produccion.jujuy.gob.ar\/wp-content\/uploads\/2025\/10\/IMG_2907-200x300.jpg\" class=\"elementor-animation-grow attachment-medium size-medium\" alt=\"\" loading=\"lazy\" srcset=\"http:\/\/www.produccion.jujuy.gob.ar\/wp-content\/uploads\/2025\/10\/IMG_2907-200x300.jpg 200w, http:\/\/www.produccion.jujuy.gob.ar\/wp-content\/uploads\/2025\/10\/IMG_2907-683x1024.jpg 683w, http:\/\/www.produccion.jujuy.gob.ar\/wp-content\/uploads\/2025\/10\/IMG_2907-768x1152.jpg 768w, http:\/\/www.produccion.jujuy.gob.ar\/wp-content\/uploads\/2025\/10\/IMG_2907-1024x1536.jpg 1024w, http:\/\/www.produccion.jujuy.gob.ar\/wp-content\/uploads\/2025\/10\/IMG_2907-1365x2048.jpg 1365w, http:\/\/www.produccion.jujuy.gob.ar\/wp-content\/uploads\/2025\/10\/IMG_2907-scaled.jpg 1707w\" sizes=\"(max-width: 200px) 100vw, 200px\" \/>\t\t\t\t\t\t\t\t\t\t\t\t\t\t\t<\/div>\n\t\t\t\t<\/div>\n\t\t\t\t\t<\/div>\n\t\t<\/div>\n\t\t\t\t<div class=\"elementor-column elementor-col-50 elementor-top-column elementor-element elementor-element-8dc167e\" data-id=\"8dc167e\" data-element_type=\"column\">\n\t\t\t<div class=\"elementor-widget-wrap elementor-element-populated\">\n\t\t\t\t\t\t\t\t<div class=\"elementor-element elementor-element-58753e2 elementor-widget elementor-widget-heading\" data-id=\"58753e2\" data-element_type=\"widget\" data-widget_type=\"heading.default\">\n\t\t\t\t<div class=\"elementor-widget-container\">\n\t\t\t<h2 class=\"elementor-heading-title elementor-size-default\">Los Primeros Hilos del Acuerdo<\/h2>\t\t<\/div>\n\t\t\t\t<\/div>\n\t\t\t\t<div class=\"elementor-element elementor-element-4cbd352 elementor-widget elementor-widget-text-editor\" data-id=\"4cbd352\" data-element_type=\"widget\" data-widget_type=\"text-editor.default\">\n\t\t\t\t<div class=\"elementor-widget-container\">\n\t\t\t\t\t\t\t\t<p>Todo gran sue\u00f1o necesita una base s\u00f3lida. En <strong>agosto de 2024<\/strong>, la Secretar\u00eda de Desarrollo Productivo (<strong>SDP<\/strong>) se reuni\u00f3 con la Fundaci\u00f3n Centro de Derechos Humanos y Ambiente (<strong>CEDHA<\/strong>) para dar forma a la colaboraci\u00f3n. En septiembre, se firm\u00f3 el convenio entre el<strong> Ministerio de Desarrollo Econ\u00f3mico y Producci\u00f3n (MDEyP) y CEDHA<\/strong>. Hab\u00eda nacido un consorcio en potencia, integrado por actores clave: el Ministerio de Desarrollo Econ\u00f3mico y Producci\u00f3n (a trav\u00e9s de la SDP y la Direcci\u00f3n Provincial de Desarrollo Ganadero), la Hilander\u00eda Warmi, los productores de las distintas localidades de Susques, y CEDHA<\/p>\t\t\t\t\t\t<\/div>\n\t\t\t\t<\/div>\n\t\t\t\t\t<\/div>\n\t\t<\/div>\n\t\t\t\t\t\t\t<\/div>\n\t\t<\/section>\n\t\t\t\t<section class=\"elementor-section elementor-top-section elementor-element elementor-element-de06945 elementor-section-stretched elementor-section-boxed elementor-section-height-default elementor-section-height-default\" data-id=\"de06945\" data-element_type=\"section\" data-settings=\"{&quot;stretch_section&quot;:&quot;section-stretched&quot;,&quot;background_background&quot;:&quot;classic&quot;}\">\n\t\t\t\t\t\t<div class=\"elementor-container elementor-column-gap-default\">\n\t\t\t\t\t<div class=\"elementor-column elementor-col-100 elementor-top-column elementor-element elementor-element-98e3ddd\" data-id=\"98e3ddd\" data-element_type=\"column\">\n\t\t\t<div class=\"elementor-widget-wrap elementor-element-populated\">\n\t\t\t\t\t\t\t\t<div class=\"elementor-element elementor-element-b4ff4ad elementor-widget elementor-widget-image-carousel\" data-id=\"b4ff4ad\" data-element_type=\"widget\" data-settings=\"{&quot;navigation&quot;:&quot;none&quot;,&quot;autoplay&quot;:&quot;yes&quot;,&quot;pause_on_hover&quot;:&quot;yes&quot;,&quot;pause_on_interaction&quot;:&quot;yes&quot;,&quot;autoplay_speed&quot;:5000,&quot;infinite&quot;:&quot;yes&quot;,&quot;speed&quot;:500}\" data-widget_type=\"image-carousel.default\">\n\t\t\t\t<div class=\"elementor-widget-container\">\n\t\t\t\t\t<div class=\"elementor-image-carousel-wrapper swiper-container\" dir=\"ltr\">\n\t\t\t<div class=\"elementor-image-carousel swiper-wrapper\">\n\t\t\t\t<div class=\"swiper-slide\"><figure class=\"swiper-slide-inner\"><img class=\"swiper-slide-image\" src=\"http:\/\/www.produccion.jujuy.gob.ar\/wp-content\/uploads\/2025\/10\/carpeta0-3-150x150.jpeg\" alt=\"carpeta0-3\" \/><\/figure><\/div><div class=\"swiper-slide\"><figure class=\"swiper-slide-inner\"><img class=\"swiper-slide-image\" src=\"http:\/\/www.produccion.jujuy.gob.ar\/wp-content\/uploads\/2025\/10\/carpeta0-2-150x150.jpeg\" alt=\"carpeta0-2\" \/><\/figure><\/div><div class=\"swiper-slide\"><figure class=\"swiper-slide-inner\"><img class=\"swiper-slide-image\" src=\"http:\/\/www.produccion.jujuy.gob.ar\/wp-content\/uploads\/2025\/10\/carpeta0-1-150x150.jpeg\" alt=\"carpeta0-1\" \/><\/figure><\/div>\t\t\t<\/div>\n\t\t\t\t\t\t\t\t\t\t\t\t\t\t\t\t<\/div>\n\t\t\t\t<\/div>\n\t\t\t\t<\/div>\n\t\t\t\t<div class=\"elementor-element elementor-element-fbcfbaa elementor-widget elementor-widget-text-editor\" data-id=\"fbcfbaa\" data-element_type=\"widget\" data-widget_type=\"text-editor.default\">\n\t\t\t\t<div class=\"elementor-widget-container\">\n\t\t\t\t\t\t\t\t<p>Apenas un mes despu\u00e9s de la aprobaci\u00f3n, en <strong>octubre de 2024<\/strong>, se realiz\u00f3 el <strong>Primer Taller de Agregado de Valor de la Fibra<\/strong> en Susques. La convocatoria fue un \u00e9xito, con <strong>62 asistentes<\/strong> de las distintas comunidades, incluyendo El Toro, Coranzul\u00ed, Susques, Puesto Sey, Pastos Chicos, Huancar, Catua y Paso de Jama. El compromiso era palpable.<\/p>\t\t\t\t\t\t<\/div>\n\t\t\t\t<\/div>\n\t\t\t\t<div class=\"elementor-element elementor-element-5d81853 elementor-arrows-position-inside elementor-pagination-position-outside elementor-widget elementor-widget-image-carousel\" data-id=\"5d81853\" data-element_type=\"widget\" data-settings=\"{&quot;navigation&quot;:&quot;both&quot;,&quot;autoplay&quot;:&quot;yes&quot;,&quot;pause_on_hover&quot;:&quot;yes&quot;,&quot;pause_on_interaction&quot;:&quot;yes&quot;,&quot;autoplay_speed&quot;:5000,&quot;infinite&quot;:&quot;yes&quot;,&quot;speed&quot;:500}\" data-widget_type=\"image-carousel.default\">\n\t\t\t\t<div class=\"elementor-widget-container\">\n\t\t\t\t\t<div class=\"elementor-image-carousel-wrapper swiper-container\" dir=\"ltr\">\n\t\t\t<div class=\"elementor-image-carousel swiper-wrapper\">\n\t\t\t\t<div class=\"swiper-slide\"><figure class=\"swiper-slide-inner\"><img class=\"swiper-slide-image\" src=\"http:\/\/www.produccion.jujuy.gob.ar\/wp-content\/uploads\/2025\/10\/carpeta1-1-150x150.jpeg\" alt=\"carpeta1-1\" \/><\/figure><\/div><div class=\"swiper-slide\"><figure class=\"swiper-slide-inner\"><img class=\"swiper-slide-image\" src=\"http:\/\/www.produccion.jujuy.gob.ar\/wp-content\/uploads\/2025\/10\/carpeta1-2-150x150.jpeg\" alt=\"carpeta1-2\" \/><\/figure><\/div><div class=\"swiper-slide\"><figure class=\"swiper-slide-inner\"><img class=\"swiper-slide-image\" src=\"http:\/\/www.produccion.jujuy.gob.ar\/wp-content\/uploads\/2025\/10\/carpeta1-3-150x150.jpeg\" alt=\"carpeta1-3\" \/><\/figure><\/div>\t\t\t<\/div>\n\t\t\t\t\t\t\t\t\t\t\t\t<div class=\"swiper-pagination\"><\/div>\n\t\t\t\t\t\t\t\t\t\t\t\t\t<div class=\"elementor-swiper-button elementor-swiper-button-prev\">\n\t\t\t\t\t\t<i class=\"eicon-chevron-left\" aria-hidden=\"true\"><\/i>\n\t\t\t\t\t\t<span class=\"elementor-screen-only\">Anterior<\/span>\n\t\t\t\t\t<\/div>\n\t\t\t\t\t<div class=\"elementor-swiper-button elementor-swiper-button-next\">\n\t\t\t\t\t\t<i class=\"eicon-chevron-right\" aria-hidden=\"true\"><\/i>\n\t\t\t\t\t\t<span class=\"elementor-screen-only\">Siguiente<\/span>\n\t\t\t\t\t<\/div>\n\t\t\t\t\t\t\t\t\t<\/div>\n\t\t\t\t<\/div>\n\t\t\t\t<\/div>\n\t\t\t\t\t<\/div>\n\t\t<\/div>\n\t\t\t\t\t\t\t<\/div>\n\t\t<\/section>\n\t\t\t\t<section class=\"elementor-section elementor-top-section elementor-element elementor-element-dfcd8f0 elementor-section-stretched elementor-section-boxed elementor-section-height-default elementor-section-height-default\" data-id=\"dfcd8f0\" data-element_type=\"section\" data-settings=\"{&quot;stretch_section&quot;:&quot;section-stretched&quot;,&quot;background_background&quot;:&quot;classic&quot;}\">\n\t\t\t\t\t\t<div class=\"elementor-container elementor-column-gap-default\">\n\t\t\t\t\t<div class=\"elementor-column elementor-col-100 elementor-top-column elementor-element elementor-element-78ed251\" data-id=\"78ed251\" data-element_type=\"column\">\n\t\t\t<div class=\"elementor-widget-wrap elementor-element-populated\">\n\t\t\t\t\t\t\t\t<div class=\"elementor-element elementor-element-ce9a74d elementor-widget-divider--view-line elementor-widget elementor-widget-divider\" data-id=\"ce9a74d\" data-element_type=\"widget\" data-widget_type=\"divider.default\">\n\t\t\t\t<div class=\"elementor-widget-container\">\n\t\t\t\t\t<div class=\"elementor-divider\">\n\t\t\t<span class=\"elementor-divider-separator\">\n\t\t\t\t\t\t<\/span>\n\t\t<\/div>\n\t\t\t\t<\/div>\n\t\t\t\t<\/div>\n\t\t\t\t\t<\/div>\n\t\t<\/div>\n\t\t\t\t\t\t\t<\/div>\n\t\t<\/section>\n\t\t\t\t<section class=\"elementor-section elementor-top-section elementor-element elementor-element-68112df elementor-section-stretched elementor-section-boxed elementor-section-height-default elementor-section-height-default\" data-id=\"68112df\" data-element_type=\"section\" data-settings=\"{&quot;stretch_section&quot;:&quot;section-stretched&quot;,&quot;background_background&quot;:&quot;classic&quot;}\">\n\t\t\t\t\t\t<div class=\"elementor-container elementor-column-gap-default\">\n\t\t\t\t\t<div class=\"elementor-column elementor-col-50 elementor-top-column elementor-element elementor-element-472b373\" data-id=\"472b373\" data-element_type=\"column\">\n\t\t\t<div class=\"elementor-widget-wrap elementor-element-populated\">\n\t\t\t\t\t\t\t\t<div class=\"elementor-element elementor-element-da2137e elementor-widget elementor-widget-image\" data-id=\"da2137e\" data-element_type=\"widget\" data-widget_type=\"image.default\">\n\t\t\t\t<div class=\"elementor-widget-container\">\n\t\t\t\t\t\t\t\t\t\t\t\t\t\t\t<img width=\"604\" height=\"805\" src=\"http:\/\/www.produccion.jujuy.gob.ar\/wp-content\/uploads\/2025\/10\/carpeta2-5-768x1024.jpeg\" class=\"elementor-animation-grow attachment-large size-large\" alt=\"\" loading=\"lazy\" srcset=\"http:\/\/www.produccion.jujuy.gob.ar\/wp-content\/uploads\/2025\/10\/carpeta2-5-768x1024.jpeg 768w, http:\/\/www.produccion.jujuy.gob.ar\/wp-content\/uploads\/2025\/10\/carpeta2-5-225x300.jpeg 225w, http:\/\/www.produccion.jujuy.gob.ar\/wp-content\/uploads\/2025\/10\/carpeta2-5.jpeg 780w\" sizes=\"(max-width: 604px) 100vw, 604px\" \/>\t\t\t\t\t\t\t\t\t\t\t\t\t\t\t<\/div>\n\t\t\t\t<\/div>\n\t\t\t\t\t<\/div>\n\t\t<\/div>\n\t\t\t\t<div class=\"elementor-column elementor-col-50 elementor-top-column elementor-element elementor-element-3a54454\" data-id=\"3a54454\" data-element_type=\"column\">\n\t\t\t<div class=\"elementor-widget-wrap elementor-element-populated\">\n\t\t\t\t\t\t\t\t<div class=\"elementor-element elementor-element-6a48fac elementor-widget elementor-widget-heading\" data-id=\"6a48fac\" data-element_type=\"widget\" data-widget_type=\"heading.default\">\n\t\t\t\t<div class=\"elementor-widget-container\">\n\t\t\t<h2 class=\"elementor-heading-title elementor-size-default\">La Esquila y el Tesoro Recolectado<\/h2>\t\t<\/div>\n\t\t\t\t<\/div>\n\t\t\t\t<div class=\"elementor-element elementor-element-70c4bcc elementor-widget elementor-widget-text-editor\" data-id=\"70c4bcc\" data-element_type=\"widget\" data-widget_type=\"text-editor.default\">\n\t\t\t\t<div class=\"elementor-widget-container\">\n\t\t\t\t\t\t\t\t<p>Lleg\u00f3 el momento de la acci\u00f3n en el campo. El 28 de octubre de 2024 se llev\u00f3 a cabo un taller para organizar la esquila en <strong>El Toro<\/strong>. El esfuerzo se materializ\u00f3 entre el <strong>4 y el 7 de noviembre de 2024<\/strong>, con la comparsa Suri realizando la esquila. En total, se esquilaron <strong>432 animales<\/strong>, obteniendo un tesoro de <strong>905,4 kg de fibra<\/strong>. La mayor parte era fibra fina (<strong>780,5 kg<\/strong>), demostrando la calidad del producto.<\/p><p>Este esfuerzo tuvo una recompensa inmediata: el <strong>12 de diciembre de 2024<\/strong>, se realiz\u00f3 el pago a los productores de El Toro, con <strong>valores muy superiores a los de la tradicional &#8220;Manca Fiesta&#8221;<\/strong>. Este pago fue posible gracias al financiamiento de CEDHA. Con la fibra asegurada y pagada, se procedi\u00f3 a su traslado al <strong>Centro de Acopio de la Cooperativa Los Arenales, en Pueblo Viejo<\/strong>.<\/p>\t\t\t\t\t\t<\/div>\n\t\t\t\t<\/div>\n\t\t\t\t\t<\/div>\n\t\t<\/div>\n\t\t\t\t\t\t\t<\/div>\n\t\t<\/section>\n\t\t\t\t<section class=\"elementor-section elementor-top-section elementor-element elementor-element-6609033 elementor-section-stretched elementor-section-boxed elementor-section-height-default elementor-section-height-default\" data-id=\"6609033\" data-element_type=\"section\" data-settings=\"{&quot;stretch_section&quot;:&quot;section-stretched&quot;,&quot;background_background&quot;:&quot;classic&quot;}\">\n\t\t\t\t\t\t<div class=\"elementor-container elementor-column-gap-default\">\n\t\t\t\t\t<div class=\"elementor-column elementor-col-100 elementor-top-column elementor-element elementor-element-3c8c31c\" data-id=\"3c8c31c\" data-element_type=\"column\">\n\t\t\t<div class=\"elementor-widget-wrap elementor-element-populated\">\n\t\t\t\t\t\t\t\t<div class=\"elementor-element elementor-element-5953d80 elementor-arrows-position-inside elementor-pagination-position-outside elementor-widget elementor-widget-image-carousel\" data-id=\"5953d80\" data-element_type=\"widget\" data-settings=\"{&quot;navigation&quot;:&quot;both&quot;,&quot;autoplay&quot;:&quot;yes&quot;,&quot;pause_on_hover&quot;:&quot;yes&quot;,&quot;pause_on_interaction&quot;:&quot;yes&quot;,&quot;autoplay_speed&quot;:5000,&quot;infinite&quot;:&quot;yes&quot;,&quot;speed&quot;:500}\" data-widget_type=\"image-carousel.default\">\n\t\t\t\t<div class=\"elementor-widget-container\">\n\t\t\t\t\t<div class=\"elementor-image-carousel-wrapper swiper-container\" dir=\"ltr\">\n\t\t\t<div class=\"elementor-image-carousel swiper-wrapper\">\n\t\t\t\t<div class=\"swiper-slide\"><figure class=\"swiper-slide-inner\"><img class=\"swiper-slide-image\" src=\"http:\/\/www.produccion.jujuy.gob.ar\/wp-content\/uploads\/2025\/10\/carpeta2-2-150x150.jpeg\" alt=\"carpeta2-2\" \/><\/figure><\/div><div class=\"swiper-slide\"><figure class=\"swiper-slide-inner\"><img class=\"swiper-slide-image\" src=\"http:\/\/www.produccion.jujuy.gob.ar\/wp-content\/uploads\/2025\/10\/carpeta2-1-150x150.jpeg\" alt=\"carpeta2-1\" \/><\/figure><\/div><div class=\"swiper-slide\"><figure class=\"swiper-slide-inner\"><img class=\"swiper-slide-image\" src=\"http:\/\/www.produccion.jujuy.gob.ar\/wp-content\/uploads\/2025\/10\/carpeta2-3-150x150.jpeg\" alt=\"carpeta2-3\" \/><\/figure><\/div><div class=\"swiper-slide\"><figure class=\"swiper-slide-inner\"><img class=\"swiper-slide-image\" src=\"http:\/\/www.produccion.jujuy.gob.ar\/wp-content\/uploads\/2025\/10\/carpeta2-4-150x150.jpeg\" alt=\"carpeta2-4\" \/><\/figure><\/div>\t\t\t<\/div>\n\t\t\t\t\t\t\t\t\t\t\t\t<div class=\"swiper-pagination\"><\/div>\n\t\t\t\t\t\t\t\t\t\t\t\t\t<div class=\"elementor-swiper-button elementor-swiper-button-prev\">\n\t\t\t\t\t\t<i class=\"eicon-chevron-left\" aria-hidden=\"true\"><\/i>\n\t\t\t\t\t\t<span class=\"elementor-screen-only\">Anterior<\/span>\n\t\t\t\t\t<\/div>\n\t\t\t\t\t<div class=\"elementor-swiper-button elementor-swiper-button-next\">\n\t\t\t\t\t\t<i class=\"eicon-chevron-right\" aria-hidden=\"true\"><\/i>\n\t\t\t\t\t\t<span class=\"elementor-screen-only\">Siguiente<\/span>\n\t\t\t\t\t<\/div>\n\t\t\t\t\t\t\t\t\t<\/div>\n\t\t\t\t<\/div>\n\t\t\t\t<\/div>\n\t\t\t\t\t<\/div>\n\t\t<\/div>\n\t\t\t\t\t\t\t<\/div>\n\t\t<\/section>\n\t\t\t\t<section class=\"elementor-section elementor-top-section elementor-element elementor-element-286b3ba elementor-section-stretched elementor-section-boxed elementor-section-height-default elementor-section-height-default\" data-id=\"286b3ba\" data-element_type=\"section\" data-settings=\"{&quot;stretch_section&quot;:&quot;section-stretched&quot;,&quot;background_background&quot;:&quot;classic&quot;}\">\n\t\t\t\t\t\t<div class=\"elementor-container elementor-column-gap-default\">\n\t\t\t\t\t<div class=\"elementor-column elementor-col-100 elementor-top-column elementor-element elementor-element-10e910b\" data-id=\"10e910b\" data-element_type=\"column\">\n\t\t\t<div class=\"elementor-widget-wrap elementor-element-populated\">\n\t\t\t\t\t\t\t\t<div class=\"elementor-element elementor-element-cfa98c8 elementor-widget-divider--view-line elementor-widget elementor-widget-divider\" data-id=\"cfa98c8\" data-element_type=\"widget\" data-widget_type=\"divider.default\">\n\t\t\t\t<div class=\"elementor-widget-container\">\n\t\t\t\t\t<div class=\"elementor-divider\">\n\t\t\t<span class=\"elementor-divider-separator\">\n\t\t\t\t\t\t<\/span>\n\t\t<\/div>\n\t\t\t\t<\/div>\n\t\t\t\t<\/div>\n\t\t\t\t\t<\/div>\n\t\t<\/div>\n\t\t\t\t\t\t\t<\/div>\n\t\t<\/section>\n\t\t\t\t<section class=\"elementor-section elementor-top-section elementor-element elementor-element-5157601 elementor-section-stretched elementor-section-boxed elementor-section-height-default elementor-section-height-default\" data-id=\"5157601\" data-element_type=\"section\" data-settings=\"{&quot;stretch_section&quot;:&quot;section-stretched&quot;,&quot;background_background&quot;:&quot;classic&quot;}\">\n\t\t\t\t\t\t<div class=\"elementor-container elementor-column-gap-default\">\n\t\t\t\t\t<div class=\"elementor-column elementor-col-50 elementor-top-column elementor-element elementor-element-66e9c34\" data-id=\"66e9c34\" data-element_type=\"column\">\n\t\t\t<div class=\"elementor-widget-wrap elementor-element-populated\">\n\t\t\t\t\t\t\t\t<div class=\"elementor-element elementor-element-08fdcc7 elementor-widget elementor-widget-image\" data-id=\"08fdcc7\" data-element_type=\"widget\" data-widget_type=\"image.default\">\n\t\t\t\t<div class=\"elementor-widget-container\">\n\t\t\t\t\t\t\t\t\t\t\t\t\t\t\t<img width=\"604\" height=\"805\" src=\"http:\/\/www.produccion.jujuy.gob.ar\/wp-content\/uploads\/2025\/10\/carpet3-0-768x1024.jpeg\" class=\"elementor-animation-grow attachment-large size-large\" alt=\"\" loading=\"lazy\" srcset=\"http:\/\/www.produccion.jujuy.gob.ar\/wp-content\/uploads\/2025\/10\/carpet3-0-768x1023.jpeg 768w, http:\/\/www.produccion.jujuy.gob.ar\/wp-content\/uploads\/2025\/10\/carpet3-0-225x300.jpeg 225w, http:\/\/www.produccion.jujuy.gob.ar\/wp-content\/uploads\/2025\/10\/carpet3-0-1153x1536.jpeg 1153w, http:\/\/www.produccion.jujuy.gob.ar\/wp-content\/uploads\/2025\/10\/carpet3-0.jpeg 1200w\" sizes=\"(max-width: 604px) 100vw, 604px\" \/>\t\t\t\t\t\t\t\t\t\t\t\t\t\t\t<\/div>\n\t\t\t\t<\/div>\n\t\t\t\t\t<\/div>\n\t\t<\/div>\n\t\t\t\t<div class=\"elementor-column elementor-col-50 elementor-top-column elementor-element elementor-element-e883c90\" data-id=\"e883c90\" data-element_type=\"column\">\n\t\t\t<div class=\"elementor-widget-wrap elementor-element-populated\">\n\t\t\t\t\t\t\t\t<div class=\"elementor-element elementor-element-64fb886 elementor-widget elementor-widget-heading\" data-id=\"64fb886\" data-element_type=\"widget\" data-widget_type=\"heading.default\">\n\t\t\t\t<div class=\"elementor-widget-container\">\n\t\t\t<h2 class=\"elementor-heading-title elementor-size-default\">La Transformaci\u00f3n: De Fibra a Hilo de Calidad<\/h2>\t\t<\/div>\n\t\t\t\t<\/div>\n\t\t\t\t<div class=\"elementor-element elementor-element-748f6ad elementor-widget elementor-widget-text-editor\" data-id=\"748f6ad\" data-element_type=\"widget\" data-widget_type=\"text-editor.default\">\n\t\t\t\t<div class=\"elementor-widget-container\">\n\t\t\t\t\t\t\t\t<p>El camino de la fibra continu\u00f3 en <strong>enero de 2025<\/strong> con la <strong>clasificaci\u00f3n<\/strong> en Pueblo Viejo, a cargo de maestras clasificadoras expertas como son Cirila Ger\u00f3nimo (de Esacaya) y Flavia Maman\u00ed (de Cara Cara). Se clasificaron <strong>426 kg de fibra fina<\/strong>, los cuales se enfardaron y se enviaron muestras al laboratorio de la <strong>Universidad Cat\u00f3lica de C\u00f3rdoba (UCC<\/strong>) a cargo del Dr. Michel Hicks.<\/p>\t\t\t\t\t\t<\/div>\n\t\t\t\t<\/div>\n\t\t\t\t\t<\/div>\n\t\t<\/div>\n\t\t\t\t\t\t\t<\/div>\n\t\t<\/section>\n\t\t\t\t<section class=\"elementor-section elementor-top-section elementor-element elementor-element-8453efa elementor-section-stretched elementor-section-boxed elementor-section-height-default elementor-section-height-default\" data-id=\"8453efa\" data-element_type=\"section\" data-settings=\"{&quot;stretch_section&quot;:&quot;section-stretched&quot;,&quot;background_background&quot;:&quot;classic&quot;}\">\n\t\t\t\t\t\t<div class=\"elementor-container elementor-column-gap-default\">\n\t\t\t\t\t<div class=\"elementor-column elementor-col-100 elementor-top-column elementor-element elementor-element-49a8fff\" data-id=\"49a8fff\" data-element_type=\"column\">\n\t\t\t<div class=\"elementor-widget-wrap elementor-element-populated\">\n\t\t\t\t\t\t\t\t<div class=\"elementor-element elementor-element-f901dc6 elementor-arrows-position-inside elementor-pagination-position-outside elementor-widget elementor-widget-image-carousel\" data-id=\"f901dc6\" data-element_type=\"widget\" data-settings=\"{&quot;navigation&quot;:&quot;both&quot;,&quot;autoplay&quot;:&quot;yes&quot;,&quot;pause_on_hover&quot;:&quot;yes&quot;,&quot;pause_on_interaction&quot;:&quot;yes&quot;,&quot;autoplay_speed&quot;:5000,&quot;infinite&quot;:&quot;yes&quot;,&quot;speed&quot;:500}\" data-widget_type=\"image-carousel.default\">\n\t\t\t\t<div class=\"elementor-widget-container\">\n\t\t\t\t\t<div class=\"elementor-image-carousel-wrapper swiper-container\" dir=\"ltr\">\n\t\t\t<div class=\"elementor-image-carousel swiper-wrapper\">\n\t\t\t\t<div class=\"swiper-slide\"><figure class=\"swiper-slide-inner\"><img class=\"swiper-slide-image\" src=\"http:\/\/www.produccion.jujuy.gob.ar\/wp-content\/uploads\/2025\/10\/carpet3-5-150x150.jpeg\" alt=\"carpet3-5\" \/><\/figure><\/div><div class=\"swiper-slide\"><figure class=\"swiper-slide-inner\"><img class=\"swiper-slide-image\" src=\"http:\/\/www.produccion.jujuy.gob.ar\/wp-content\/uploads\/2025\/10\/carpet3-2-150x150.jpeg\" alt=\"carpet3-2\" \/><\/figure><\/div><div class=\"swiper-slide\"><figure class=\"swiper-slide-inner\"><img class=\"swiper-slide-image\" src=\"http:\/\/www.produccion.jujuy.gob.ar\/wp-content\/uploads\/2025\/10\/carpet3-4-150x150.jpeg\" alt=\"carpet3-4\" \/><\/figure><\/div><div class=\"swiper-slide\"><figure class=\"swiper-slide-inner\"><img class=\"swiper-slide-image\" src=\"http:\/\/www.produccion.jujuy.gob.ar\/wp-content\/uploads\/2025\/10\/carpet3-1-150x150.jpeg\" alt=\"carpet3-1\" \/><\/figure><\/div>\t\t\t<\/div>\n\t\t\t\t\t\t\t\t\t\t\t\t<div class=\"swiper-pagination\"><\/div>\n\t\t\t\t\t\t\t\t\t\t\t\t\t<div class=\"elementor-swiper-button elementor-swiper-button-prev\">\n\t\t\t\t\t\t<i class=\"eicon-chevron-left\" aria-hidden=\"true\"><\/i>\n\t\t\t\t\t\t<span class=\"elementor-screen-only\">Anterior<\/span>\n\t\t\t\t\t<\/div>\n\t\t\t\t\t<div class=\"elementor-swiper-button elementor-swiper-button-next\">\n\t\t\t\t\t\t<i class=\"eicon-chevron-right\" aria-hidden=\"true\"><\/i>\n\t\t\t\t\t\t<span class=\"elementor-screen-only\">Siguiente<\/span>\n\t\t\t\t\t<\/div>\n\t\t\t\t\t\t\t\t\t<\/div>\n\t\t\t\t<\/div>\n\t\t\t\t<\/div>\n\t\t\t\t<div class=\"elementor-element elementor-element-3e2f52a elementor-widget elementor-widget-text-editor\" data-id=\"3e2f52a\" data-element_type=\"widget\" data-widget_type=\"text-editor.default\">\n\t\t\t\t<div class=\"elementor-widget-container\">\n\t\t\t\t\t\t\t\t<p>El <strong>26 de febrero de 2025<\/strong>, la fibra tom\u00f3 el rumbo de la <strong>Hilander\u00eda Warmi<\/strong> en Palpal\u00e1, marcando el inicio del proceso de hilado.<\/p>\t\t\t\t\t\t<\/div>\n\t\t\t\t<\/div>\n\t\t\t\t\t<\/div>\n\t\t<\/div>\n\t\t\t\t\t\t\t<\/div>\n\t\t<\/section>\n\t\t\t\t<section class=\"elementor-section elementor-top-section elementor-element elementor-element-62dee51 elementor-section-stretched elementor-section-boxed elementor-section-height-default elementor-section-height-default\" data-id=\"62dee51\" data-element_type=\"section\" data-settings=\"{&quot;stretch_section&quot;:&quot;section-stretched&quot;,&quot;background_background&quot;:&quot;classic&quot;}\">\n\t\t\t\t\t\t<div class=\"elementor-container elementor-column-gap-default\">\n\t\t\t\t\t<div class=\"elementor-column elementor-col-100 elementor-top-column elementor-element elementor-element-857db6b\" data-id=\"857db6b\" data-element_type=\"column\">\n\t\t\t<div class=\"elementor-widget-wrap elementor-element-populated\">\n\t\t\t\t\t\t\t\t<div class=\"elementor-element elementor-element-94aed0e elementor-arrows-position-inside elementor-pagination-position-outside elementor-widget elementor-widget-image-carousel\" data-id=\"94aed0e\" data-element_type=\"widget\" data-settings=\"{&quot;navigation&quot;:&quot;both&quot;,&quot;autoplay&quot;:&quot;yes&quot;,&quot;pause_on_hover&quot;:&quot;yes&quot;,&quot;pause_on_interaction&quot;:&quot;yes&quot;,&quot;autoplay_speed&quot;:5000,&quot;infinite&quot;:&quot;yes&quot;,&quot;speed&quot;:500}\" data-widget_type=\"image-carousel.default\">\n\t\t\t\t<div class=\"elementor-widget-container\">\n\t\t\t\t\t<div class=\"elementor-image-carousel-wrapper swiper-container\" dir=\"ltr\">\n\t\t\t<div class=\"elementor-image-carousel swiper-wrapper\">\n\t\t\t\t<div class=\"swiper-slide\"><figure class=\"swiper-slide-inner\"><img class=\"swiper-slide-image\" src=\"http:\/\/www.produccion.jujuy.gob.ar\/wp-content\/uploads\/2025\/10\/carpeta5-4-150x150.jpeg\" alt=\"carpeta5-4\" \/><\/figure><\/div><div class=\"swiper-slide\"><figure class=\"swiper-slide-inner\"><img class=\"swiper-slide-image\" src=\"http:\/\/www.produccion.jujuy.gob.ar\/wp-content\/uploads\/2025\/10\/carpeta5-1-150x150.jpeg\" alt=\"carpeta5-1\" \/><\/figure><\/div><div class=\"swiper-slide\"><figure class=\"swiper-slide-inner\"><img class=\"swiper-slide-image\" src=\"http:\/\/www.produccion.jujuy.gob.ar\/wp-content\/uploads\/2025\/10\/carpeta5-3-150x150.jpeg\" alt=\"carpeta5-3\" \/><\/figure><\/div><div class=\"swiper-slide\"><figure class=\"swiper-slide-inner\"><img class=\"swiper-slide-image\" src=\"http:\/\/www.produccion.jujuy.gob.ar\/wp-content\/uploads\/2025\/10\/carpeta5-2-150x150.jpeg\" alt=\"carpeta5-2\" \/><\/figure><\/div>\t\t\t<\/div>\n\t\t\t\t\t\t\t\t\t\t\t\t<div class=\"swiper-pagination\"><\/div>\n\t\t\t\t\t\t\t\t\t\t\t\t\t<div class=\"elementor-swiper-button elementor-swiper-button-prev\">\n\t\t\t\t\t\t<i class=\"eicon-chevron-left\" aria-hidden=\"true\"><\/i>\n\t\t\t\t\t\t<span class=\"elementor-screen-only\">Anterior<\/span>\n\t\t\t\t\t<\/div>\n\t\t\t\t\t<div class=\"elementor-swiper-button elementor-swiper-button-next\">\n\t\t\t\t\t\t<i class=\"eicon-chevron-right\" aria-hidden=\"true\"><\/i>\n\t\t\t\t\t\t<span class=\"elementor-screen-only\">Siguiente<\/span>\n\t\t\t\t\t<\/div>\n\t\t\t\t\t\t\t\t\t<\/div>\n\t\t\t\t<\/div>\n\t\t\t\t<\/div>\n\t\t\t\t<div class=\"elementor-element elementor-element-731f20c elementor-widget elementor-widget-text-editor\" data-id=\"731f20c\" data-element_type=\"widget\" data-widget_type=\"text-editor.default\">\n\t\t\t\t<div class=\"elementor-widget-container\">\n\t\t\t\t\t\t\t\t<p>Este servicio de hilatura tambi\u00e9n fue financiado por CEDHA. El proceso fue meticuloso:<\/p>\t\t\t\t\t\t<\/div>\n\t\t\t\t<\/div>\n\t\t\t\t<div class=\"elementor-element elementor-element-8d18658 elementor-widget elementor-widget-heading\" data-id=\"8d18658\" data-element_type=\"widget\" data-widget_type=\"heading.default\">\n\t\t\t\t<div class=\"elementor-widget-container\">\n\t\t\t<h2 class=\"elementor-heading-title elementor-size-default\"><i class=\"fas fa-map-pin\"><\/i> Limpieza y lavado en Palpal\u00e1.<\/h2>\t\t<\/div>\n\t\t\t\t<\/div>\n\t\t\t\t\t<\/div>\n\t\t<\/div>\n\t\t\t\t\t\t\t<\/div>\n\t\t<\/section>\n\t\t\t\t<section class=\"elementor-section elementor-top-section elementor-element elementor-element-6023e76 elementor-section-stretched elementor-section-boxed elementor-section-height-default elementor-section-height-default\" data-id=\"6023e76\" data-element_type=\"section\" data-settings=\"{&quot;stretch_section&quot;:&quot;section-stretched&quot;,&quot;background_background&quot;:&quot;classic&quot;}\">\n\t\t\t\t\t\t<div class=\"elementor-container elementor-column-gap-default\">\n\t\t\t\t\t<div class=\"elementor-column elementor-col-100 elementor-top-column elementor-element elementor-element-40f060a\" data-id=\"40f060a\" data-element_type=\"column\">\n\t\t\t<div class=\"elementor-widget-wrap elementor-element-populated\">\n\t\t\t\t\t\t\t\t<div class=\"elementor-element elementor-element-f0186fa elementor-widget elementor-widget-image-gallery\" data-id=\"f0186fa\" data-element_type=\"widget\" data-widget_type=\"image-gallery.default\">\n\t\t\t\t<div class=\"elementor-widget-container\">\n\t\t\t\t\t<div class=\"elementor-image-gallery\">\n\t\t\t<div id='gallery-1' class='gallery galleryid-10317 gallery-columns-3 gallery-size-thumbnail'><dl class='gallery-item'>\n\t\t\t<dt class='gallery-icon portrait'>\n\t\t\t\t<a data-elementor-open-lightbox=\"yes\" data-elementor-lightbox-slideshow=\"f0186fa\" data-elementor-lightbox-title=\"carpeta6-0\" href='http:\/\/www.produccion.jujuy.gob.ar\/wp-content\/uploads\/2025\/10\/carpeta6-0.jpeg'><img width=\"150\" height=\"150\" src=\"http:\/\/www.produccion.jujuy.gob.ar\/wp-content\/uploads\/2025\/10\/carpeta6-0-150x150.jpeg\" class=\"attachment-thumbnail size-thumbnail\" alt=\"\" loading=\"lazy\" srcset=\"http:\/\/www.produccion.jujuy.gob.ar\/wp-content\/uploads\/2025\/10\/carpeta6-0-150x150.jpeg 150w, http:\/\/www.produccion.jujuy.gob.ar\/wp-content\/uploads\/2025\/10\/carpeta6-0-901x900.jpeg 901w\" sizes=\"(max-width: 150px) 100vw, 150px\" \/><\/a>\n\t\t\t<\/dt><\/dl><dl class='gallery-item'>\n\t\t\t<dt class='gallery-icon portrait'>\n\t\t\t\t<a data-elementor-open-lightbox=\"yes\" data-elementor-lightbox-slideshow=\"f0186fa\" data-elementor-lightbox-title=\"carpeta6-10\" href='http:\/\/www.produccion.jujuy.gob.ar\/wp-content\/uploads\/2025\/10\/carpeta6-10.jpeg'><img width=\"150\" height=\"150\" src=\"http:\/\/www.produccion.jujuy.gob.ar\/wp-content\/uploads\/2025\/10\/carpeta6-10-150x150.jpeg\" class=\"attachment-thumbnail size-thumbnail\" alt=\"\" loading=\"lazy\" srcset=\"http:\/\/www.produccion.jujuy.gob.ar\/wp-content\/uploads\/2025\/10\/carpeta6-10-150x150.jpeg 150w, http:\/\/www.produccion.jujuy.gob.ar\/wp-content\/uploads\/2025\/10\/carpeta6-10-901x900.jpeg 901w\" sizes=\"(max-width: 150px) 100vw, 150px\" \/><\/a>\n\t\t\t<\/dt><\/dl><dl class='gallery-item'>\n\t\t\t<dt class='gallery-icon landscape'>\n\t\t\t\t<a data-elementor-open-lightbox=\"yes\" data-elementor-lightbox-slideshow=\"f0186fa\" data-elementor-lightbox-title=\"carpeta6-2\" href='http:\/\/www.produccion.jujuy.gob.ar\/wp-content\/uploads\/2025\/10\/carpeta6-2.jpeg'><img width=\"150\" height=\"150\" src=\"http:\/\/www.produccion.jujuy.gob.ar\/wp-content\/uploads\/2025\/10\/carpeta6-2-150x150.jpeg\" class=\"attachment-thumbnail size-thumbnail\" alt=\"\" loading=\"lazy\" \/><\/a>\n\t\t\t<\/dt><\/dl><br style=\"clear: both\" \/><dl class='gallery-item'>\n\t\t\t<dt class='gallery-icon portrait'>\n\t\t\t\t<a data-elementor-open-lightbox=\"yes\" data-elementor-lightbox-slideshow=\"f0186fa\" data-elementor-lightbox-title=\"carpeta6-6\" href='http:\/\/www.produccion.jujuy.gob.ar\/wp-content\/uploads\/2025\/10\/carpeta6-6.jpeg'><img width=\"150\" height=\"150\" src=\"http:\/\/www.produccion.jujuy.gob.ar\/wp-content\/uploads\/2025\/10\/carpeta6-6-150x150.jpeg\" class=\"attachment-thumbnail size-thumbnail\" alt=\"\" loading=\"lazy\" srcset=\"http:\/\/www.produccion.jujuy.gob.ar\/wp-content\/uploads\/2025\/10\/carpeta6-6-150x150.jpeg 150w, http:\/\/www.produccion.jujuy.gob.ar\/wp-content\/uploads\/2025\/10\/carpeta6-6-901x900.jpeg 901w\" sizes=\"(max-width: 150px) 100vw, 150px\" \/><\/a>\n\t\t\t<\/dt><\/dl><dl class='gallery-item'>\n\t\t\t<dt class='gallery-icon portrait'>\n\t\t\t\t<a data-elementor-open-lightbox=\"yes\" data-elementor-lightbox-slideshow=\"f0186fa\" data-elementor-lightbox-title=\"carpeta6-8\" href='http:\/\/www.produccion.jujuy.gob.ar\/wp-content\/uploads\/2025\/10\/carpeta6-8.jpeg'><img width=\"150\" height=\"150\" src=\"http:\/\/www.produccion.jujuy.gob.ar\/wp-content\/uploads\/2025\/10\/carpeta6-8-150x150.jpeg\" class=\"attachment-thumbnail size-thumbnail\" alt=\"\" loading=\"lazy\" srcset=\"http:\/\/www.produccion.jujuy.gob.ar\/wp-content\/uploads\/2025\/10\/carpeta6-8-150x150.jpeg 150w, http:\/\/www.produccion.jujuy.gob.ar\/wp-content\/uploads\/2025\/10\/carpeta6-8-901x900.jpeg 901w\" sizes=\"(max-width: 150px) 100vw, 150px\" \/><\/a>\n\t\t\t<\/dt><\/dl><dl class='gallery-item'>\n\t\t\t<dt class='gallery-icon portrait'>\n\t\t\t\t<a data-elementor-open-lightbox=\"yes\" data-elementor-lightbox-slideshow=\"f0186fa\" data-elementor-lightbox-title=\"carpeta6-7\" href='http:\/\/www.produccion.jujuy.gob.ar\/wp-content\/uploads\/2025\/10\/carpeta6-7.jpeg'><img width=\"150\" height=\"150\" src=\"http:\/\/www.produccion.jujuy.gob.ar\/wp-content\/uploads\/2025\/10\/carpeta6-7-150x150.jpeg\" class=\"attachment-thumbnail size-thumbnail\" alt=\"\" loading=\"lazy\" srcset=\"http:\/\/www.produccion.jujuy.gob.ar\/wp-content\/uploads\/2025\/10\/carpeta6-7-150x150.jpeg 150w, http:\/\/www.produccion.jujuy.gob.ar\/wp-content\/uploads\/2025\/10\/carpeta6-7-901x900.jpeg 901w\" sizes=\"(max-width: 150px) 100vw, 150px\" \/><\/a>\n\t\t\t<\/dt><\/dl><br style=\"clear: both\" \/>\n\t\t<\/div>\n\t\t<\/div>\n\t\t\t\t<\/div>\n\t\t\t\t<\/div>\n\t\t\t\t<div class=\"elementor-element elementor-element-79a51ef elementor-widget elementor-widget-heading\" data-id=\"79a51ef\" data-element_type=\"widget\" data-widget_type=\"heading.default\">\n\t\t\t\t<div class=\"elementor-widget-container\">\n\t\t\t<h2 class=\"elementor-heading-title elementor-size-default\"><i class=\"fas fa-map-pin\"><\/i> Cardado y obtenci\u00f3n del Top en la sede de Warmi en Abra Pampa.<\/h2>\t\t<\/div>\n\t\t\t\t<\/div>\n\t\t\t\t<div class=\"elementor-element elementor-element-3837500 elementor-widget elementor-widget-image-gallery\" data-id=\"3837500\" data-element_type=\"widget\" data-widget_type=\"image-gallery.default\">\n\t\t\t\t<div class=\"elementor-widget-container\">\n\t\t\t\t\t<div class=\"elementor-image-gallery\">\n\t\t\t<div id='gallery-2' class='gallery galleryid-10317 gallery-columns-3 gallery-size-thumbnail'><dl class='gallery-item'>\n\t\t\t<dt class='gallery-icon landscape'>\n\t\t\t\t<a data-elementor-open-lightbox=\"yes\" data-elementor-lightbox-slideshow=\"3837500\" data-elementor-lightbox-title=\"carpeta7-1\" href='http:\/\/www.produccion.jujuy.gob.ar\/wp-content\/uploads\/2025\/10\/carpeta7-1-scaled.jpg'><img width=\"150\" height=\"150\" src=\"http:\/\/www.produccion.jujuy.gob.ar\/wp-content\/uploads\/2025\/10\/carpeta7-1-150x150.jpg\" class=\"attachment-thumbnail size-thumbnail\" alt=\"\" loading=\"lazy\" \/><\/a>\n\t\t\t<\/dt><\/dl><dl class='gallery-item'>\n\t\t\t<dt class='gallery-icon landscape'>\n\t\t\t\t<a data-elementor-open-lightbox=\"yes\" data-elementor-lightbox-slideshow=\"3837500\" data-elementor-lightbox-title=\"carpeta7-2\" href='http:\/\/www.produccion.jujuy.gob.ar\/wp-content\/uploads\/2025\/10\/carpeta7-2-scaled.jpg'><img width=\"150\" height=\"150\" src=\"http:\/\/www.produccion.jujuy.gob.ar\/wp-content\/uploads\/2025\/10\/carpeta7-2-150x150.jpg\" class=\"attachment-thumbnail size-thumbnail\" alt=\"\" loading=\"lazy\" \/><\/a>\n\t\t\t<\/dt><\/dl><dl class='gallery-item'>\n\t\t\t<dt class='gallery-icon landscape'>\n\t\t\t\t<a data-elementor-open-lightbox=\"yes\" data-elementor-lightbox-slideshow=\"3837500\" data-elementor-lightbox-title=\"carpeta7-3\" href='http:\/\/www.produccion.jujuy.gob.ar\/wp-content\/uploads\/2025\/10\/carpeta7-3-scaled.jpg'><img width=\"150\" height=\"150\" src=\"http:\/\/www.produccion.jujuy.gob.ar\/wp-content\/uploads\/2025\/10\/carpeta7-3-150x150.jpg\" class=\"attachment-thumbnail size-thumbnail\" alt=\"\" loading=\"lazy\" \/><\/a>\n\t\t\t<\/dt><\/dl><br style=\"clear: both\" \/><dl class='gallery-item'>\n\t\t\t<dt class='gallery-icon landscape'>\n\t\t\t\t<a data-elementor-open-lightbox=\"yes\" data-elementor-lightbox-slideshow=\"3837500\" data-elementor-lightbox-title=\"carpeta7-4\" href='http:\/\/www.produccion.jujuy.gob.ar\/wp-content\/uploads\/2025\/10\/carpeta7-4-scaled.jpg'><img width=\"150\" height=\"150\" src=\"http:\/\/www.produccion.jujuy.gob.ar\/wp-content\/uploads\/2025\/10\/carpeta7-4-150x150.jpg\" class=\"attachment-thumbnail size-thumbnail\" alt=\"\" loading=\"lazy\" \/><\/a>\n\t\t\t<\/dt><\/dl><dl class='gallery-item'>\n\t\t\t<dt class='gallery-icon landscape'>\n\t\t\t\t<a data-elementor-open-lightbox=\"yes\" data-elementor-lightbox-slideshow=\"3837500\" data-elementor-lightbox-title=\"carpeta7-5\" href='http:\/\/www.produccion.jujuy.gob.ar\/wp-content\/uploads\/2025\/10\/carpeta7-5-scaled.jpg'><img width=\"150\" height=\"150\" src=\"http:\/\/www.produccion.jujuy.gob.ar\/wp-content\/uploads\/2025\/10\/carpeta7-5-150x150.jpg\" class=\"attachment-thumbnail size-thumbnail\" alt=\"\" loading=\"lazy\" \/><\/a>\n\t\t\t<\/dt><\/dl><dl class='gallery-item'>\n\t\t\t<dt class='gallery-icon portrait'>\n\t\t\t\t<a data-elementor-open-lightbox=\"yes\" data-elementor-lightbox-slideshow=\"3837500\" data-elementor-lightbox-title=\"carpeta7-6\" href='http:\/\/www.produccion.jujuy.gob.ar\/wp-content\/uploads\/2025\/10\/carpeta7-6-scaled.jpg'><img width=\"150\" height=\"150\" src=\"http:\/\/www.produccion.jujuy.gob.ar\/wp-content\/uploads\/2025\/10\/carpeta7-6-150x150.jpg\" class=\"attachment-thumbnail size-thumbnail\" alt=\"\" loading=\"lazy\" \/><\/a>\n\t\t\t<\/dt><\/dl><br style=\"clear: both\" \/>\n\t\t<\/div>\n\t\t<\/div>\n\t\t\t\t<\/div>\n\t\t\t\t<\/div>\n\t\t\t\t<div class=\"elementor-element elementor-element-97dc7c9 elementor-widget elementor-widget-heading\" data-id=\"97dc7c9\" data-element_type=\"widget\" data-widget_type=\"heading.default\">\n\t\t\t\t<div class=\"elementor-widget-container\">\n\t\t\t<h2 class=\"elementor-heading-title elementor-size-default\"><i class=\"fas fa-map-pin\"><\/i> Peinado, tambi\u00e9n en Abra Pampa.<\/h2>\t\t<\/div>\n\t\t\t\t<\/div>\n\t\t\t\t<div class=\"elementor-element elementor-element-f065478 elementor-widget elementor-widget-image-gallery\" data-id=\"f065478\" data-element_type=\"widget\" data-widget_type=\"image-gallery.default\">\n\t\t\t\t<div class=\"elementor-widget-container\">\n\t\t\t\t\t<div class=\"elementor-image-gallery\">\n\t\t\t<div id='gallery-3' class='gallery galleryid-10317 gallery-columns-2 gallery-size-thumbnail'><dl class='gallery-item'>\n\t\t\t<dt class='gallery-icon landscape'>\n\t\t\t\t<a data-elementor-open-lightbox=\"yes\" data-elementor-lightbox-slideshow=\"f065478\" data-elementor-lightbox-title=\"carpeta8-1\" href='http:\/\/www.produccion.jujuy.gob.ar\/wp-content\/uploads\/2025\/10\/carpeta8-1.jpeg'><img width=\"150\" height=\"150\" src=\"http:\/\/www.produccion.jujuy.gob.ar\/wp-content\/uploads\/2025\/10\/carpeta8-1-150x150.jpeg\" class=\"attachment-thumbnail size-thumbnail\" alt=\"\" loading=\"lazy\" \/><\/a>\n\t\t\t<\/dt><\/dl><dl class='gallery-item'>\n\t\t\t<dt class='gallery-icon portrait'>\n\t\t\t\t<a data-elementor-open-lightbox=\"yes\" data-elementor-lightbox-slideshow=\"f065478\" data-elementor-lightbox-title=\"carpeta8-2\" href='http:\/\/www.produccion.jujuy.gob.ar\/wp-content\/uploads\/2025\/10\/carpeta8-2.jpeg'><img width=\"150\" height=\"150\" src=\"http:\/\/www.produccion.jujuy.gob.ar\/wp-content\/uploads\/2025\/10\/carpeta8-2-150x150.jpeg\" class=\"attachment-thumbnail size-thumbnail\" alt=\"\" loading=\"lazy\" srcset=\"http:\/\/www.produccion.jujuy.gob.ar\/wp-content\/uploads\/2025\/10\/carpeta8-2-150x150.jpeg 150w, http:\/\/www.produccion.jujuy.gob.ar\/wp-content\/uploads\/2025\/10\/carpeta8-2-899x900.jpeg 899w\" sizes=\"(max-width: 150px) 100vw, 150px\" \/><\/a>\n\t\t\t<\/dt><\/dl><br style=\"clear: both\" \/><dl class='gallery-item'>\n\t\t\t<dt class='gallery-icon landscape'>\n\t\t\t\t<a data-elementor-open-lightbox=\"yes\" data-elementor-lightbox-slideshow=\"f065478\" data-elementor-lightbox-title=\"carpeta8-3\" href='http:\/\/www.produccion.jujuy.gob.ar\/wp-content\/uploads\/2025\/10\/carpeta8-3.jpeg'><img width=\"150\" height=\"150\" src=\"http:\/\/www.produccion.jujuy.gob.ar\/wp-content\/uploads\/2025\/10\/carpeta8-3-150x150.jpeg\" class=\"attachment-thumbnail size-thumbnail\" alt=\"\" loading=\"lazy\" \/><\/a>\n\t\t\t<\/dt><\/dl><dl class='gallery-item'>\n\t\t\t<dt class='gallery-icon landscape'>\n\t\t\t\t<a data-elementor-open-lightbox=\"yes\" data-elementor-lightbox-slideshow=\"f065478\" data-elementor-lightbox-title=\"carpeta8-4\" href='http:\/\/www.produccion.jujuy.gob.ar\/wp-content\/uploads\/2025\/10\/carpeta8-4.jpeg'><img width=\"150\" height=\"150\" src=\"http:\/\/www.produccion.jujuy.gob.ar\/wp-content\/uploads\/2025\/10\/carpeta8-4-150x150.jpeg\" class=\"attachment-thumbnail size-thumbnail\" alt=\"\" loading=\"lazy\" \/><\/a>\n\t\t\t<\/dt><\/dl><br style=\"clear: both\" \/>\n\t\t<\/div>\n\t\t<\/div>\n\t\t\t\t<\/div>\n\t\t\t\t<\/div>\n\t\t\t\t<div class=\"elementor-element elementor-element-091a54e elementor-widget elementor-widget-heading\" data-id=\"091a54e\" data-element_type=\"widget\" data-widget_type=\"heading.default\">\n\t\t\t\t<div class=\"elementor-widget-container\">\n\t\t\t<h2 class=\"elementor-heading-title elementor-size-default\"><i class=\"fas fa-map-pin\"><\/i> Finalmente, en Palpal\u00e1, se complet\u00f3 el enconado, retorcido y madejado. <\/h2>\t\t<\/div>\n\t\t\t\t<\/div>\n\t\t\t\t<div class=\"elementor-element elementor-element-b6522a8 elementor-widget elementor-widget-image-gallery\" data-id=\"b6522a8\" data-element_type=\"widget\" data-widget_type=\"image-gallery.default\">\n\t\t\t\t<div class=\"elementor-widget-container\">\n\t\t\t\t\t<div class=\"elementor-image-gallery\">\n\t\t\t<div id='gallery-4' class='gallery galleryid-10317 gallery-columns-4 gallery-size-thumbnail'><dl class='gallery-item'>\n\t\t\t<dt class='gallery-icon portrait'>\n\t\t\t\t<a data-elementor-open-lightbox=\"yes\" data-elementor-lightbox-slideshow=\"b6522a8\" data-elementor-lightbox-title=\"carpeta9-1\" href='http:\/\/www.produccion.jujuy.gob.ar\/wp-content\/uploads\/2025\/10\/carpeta9-1-scaled.jpg'><img width=\"150\" height=\"150\" src=\"http:\/\/www.produccion.jujuy.gob.ar\/wp-content\/uploads\/2025\/10\/carpeta9-1-150x150.jpg\" class=\"attachment-thumbnail size-thumbnail\" alt=\"\" loading=\"lazy\" \/><\/a>\n\t\t\t<\/dt><\/dl><dl class='gallery-item'>\n\t\t\t<dt class='gallery-icon portrait'>\n\t\t\t\t<a data-elementor-open-lightbox=\"yes\" data-elementor-lightbox-slideshow=\"b6522a8\" data-elementor-lightbox-title=\"carpeta9-2\" href='http:\/\/www.produccion.jujuy.gob.ar\/wp-content\/uploads\/2025\/10\/carpeta9-2-scaled.jpg'><img width=\"150\" height=\"150\" src=\"http:\/\/www.produccion.jujuy.gob.ar\/wp-content\/uploads\/2025\/10\/carpeta9-2-150x150.jpg\" class=\"attachment-thumbnail size-thumbnail\" alt=\"\" loading=\"lazy\" \/><\/a>\n\t\t\t<\/dt><\/dl><dl class='gallery-item'>\n\t\t\t<dt class='gallery-icon portrait'>\n\t\t\t\t<a data-elementor-open-lightbox=\"yes\" data-elementor-lightbox-slideshow=\"b6522a8\" data-elementor-lightbox-title=\"carpeta9-3\" href='http:\/\/www.produccion.jujuy.gob.ar\/wp-content\/uploads\/2025\/10\/carpeta9-3-scaled.jpg'><img width=\"150\" height=\"150\" src=\"http:\/\/www.produccion.jujuy.gob.ar\/wp-content\/uploads\/2025\/10\/carpeta9-3-150x150.jpg\" class=\"attachment-thumbnail size-thumbnail\" alt=\"\" loading=\"lazy\" \/><\/a>\n\t\t\t<\/dt><\/dl><dl class='gallery-item'>\n\t\t\t<dt class='gallery-icon landscape'>\n\t\t\t\t<a data-elementor-open-lightbox=\"yes\" data-elementor-lightbox-slideshow=\"b6522a8\" data-elementor-lightbox-title=\"carpeta10-0\" href='http:\/\/www.produccion.jujuy.gob.ar\/wp-content\/uploads\/2025\/10\/carpeta10-0-scaled.jpg'><img width=\"150\" height=\"150\" src=\"http:\/\/www.produccion.jujuy.gob.ar\/wp-content\/uploads\/2025\/10\/carpeta10-0-150x150.jpg\" class=\"attachment-thumbnail size-thumbnail\" alt=\"\" loading=\"lazy\" \/><\/a>\n\t\t\t<\/dt><\/dl><br style=\"clear: both\" \/><dl class='gallery-item'>\n\t\t\t<dt class='gallery-icon portrait'>\n\t\t\t\t<a data-elementor-open-lightbox=\"yes\" data-elementor-lightbox-slideshow=\"b6522a8\" data-elementor-lightbox-title=\"carpeta10-5\" href='http:\/\/www.produccion.jujuy.gob.ar\/wp-content\/uploads\/2025\/10\/carpeta10-5-scaled.jpg'><img width=\"150\" height=\"150\" src=\"http:\/\/www.produccion.jujuy.gob.ar\/wp-content\/uploads\/2025\/10\/carpeta10-5-150x150.jpg\" class=\"attachment-thumbnail size-thumbnail\" alt=\"\" loading=\"lazy\" \/><\/a>\n\t\t\t<\/dt><\/dl><dl class='gallery-item'>\n\t\t\t<dt class='gallery-icon portrait'>\n\t\t\t\t<a data-elementor-open-lightbox=\"yes\" data-elementor-lightbox-slideshow=\"b6522a8\" data-elementor-lightbox-title=\"carpeta10-3\" href='http:\/\/www.produccion.jujuy.gob.ar\/wp-content\/uploads\/2025\/10\/carpeta10-3.jpeg'><img width=\"150\" height=\"150\" src=\"http:\/\/www.produccion.jujuy.gob.ar\/wp-content\/uploads\/2025\/10\/carpeta10-3-150x150.jpeg\" class=\"attachment-thumbnail size-thumbnail\" alt=\"\" loading=\"lazy\" \/><\/a>\n\t\t\t<\/dt><\/dl><dl class='gallery-item'>\n\t\t\t<dt class='gallery-icon portrait'>\n\t\t\t\t<a data-elementor-open-lightbox=\"yes\" data-elementor-lightbox-slideshow=\"b6522a8\" data-elementor-lightbox-title=\"carpeta10-2\" href='http:\/\/www.produccion.jujuy.gob.ar\/wp-content\/uploads\/2025\/10\/carpeta10-2.jpeg'><img width=\"150\" height=\"150\" src=\"http:\/\/www.produccion.jujuy.gob.ar\/wp-content\/uploads\/2025\/10\/carpeta10-2-150x150.jpeg\" class=\"attachment-thumbnail size-thumbnail\" alt=\"\" loading=\"lazy\" \/><\/a>\n\t\t\t<\/dt><\/dl><dl class='gallery-item'>\n\t\t\t<dt class='gallery-icon portrait'>\n\t\t\t\t<a data-elementor-open-lightbox=\"yes\" data-elementor-lightbox-slideshow=\"b6522a8\" data-elementor-lightbox-title=\"carpeta10-1\" href='http:\/\/www.produccion.jujuy.gob.ar\/wp-content\/uploads\/2025\/10\/carpeta10-1-scaled.jpg'><img width=\"150\" height=\"150\" src=\"http:\/\/www.produccion.jujuy.gob.ar\/wp-content\/uploads\/2025\/10\/carpeta10-1-150x150.jpg\" class=\"attachment-thumbnail size-thumbnail\" alt=\"\" loading=\"lazy\" \/><\/a>\n\t\t\t<\/dt><\/dl><br style=\"clear: both\" \/>\n\t\t<\/div>\n\t\t<\/div>\n\t\t\t\t<\/div>\n\t\t\t\t<\/div>\n\t\t\t\t<div class=\"elementor-element elementor-element-45955d0 elementor-widget elementor-widget-text-editor\" data-id=\"45955d0\" data-element_type=\"widget\" data-widget_type=\"text-editor.default\">\n\t\t\t\t<div class=\"elementor-widget-container\">\n\t\t\t\t\t\t\t\t<p>El resultado fue espectacular: se obtuvieron <strong>314 kg de hilo<\/strong> de t\u00edtulo 4500, con un <strong>excelente rendimiento del 74%<\/strong>.<\/p><p>El an\u00e1lisis del laboratorio de la UCC, cuyos resultados llegaron el <strong>28 de abril de 2025<\/strong>, confirm\u00f3 la calidad del sue\u00f1o hilado: <strong>fibra superfina y fina 100% llama<\/strong>. Este logro no solo demostr\u00f3 que se puede obtener un <strong>hilado de calidad en Jujuy<\/strong> con materia prima clasificada, sino que tambi\u00e9n gener\u00f3 material para futuros trabajos cient\u00edficos.<\/p>\t\t\t\t\t\t<\/div>\n\t\t\t\t<\/div>\n\t\t\t\t\t<\/div>\n\t\t<\/div>\n\t\t\t\t\t\t\t<\/div>\n\t\t<\/section>\n\t\t\t\t<section class=\"elementor-section elementor-top-section elementor-element elementor-element-686d2e6 elementor-section-stretched elementor-section-boxed elementor-section-height-default elementor-section-height-default\" data-id=\"686d2e6\" data-element_type=\"section\" data-settings=\"{&quot;stretch_section&quot;:&quot;section-stretched&quot;,&quot;background_background&quot;:&quot;classic&quot;}\">\n\t\t\t\t\t\t<div class=\"elementor-container elementor-column-gap-default\">\n\t\t\t\t\t<div class=\"elementor-column elementor-col-100 elementor-top-column elementor-element elementor-element-e98aa07\" data-id=\"e98aa07\" data-element_type=\"column\">\n\t\t\t<div class=\"elementor-widget-wrap elementor-element-populated\">\n\t\t\t\t\t\t\t\t<div class=\"elementor-element elementor-element-df7e0cb elementor-widget-divider--view-line elementor-widget elementor-widget-divider\" data-id=\"df7e0cb\" data-element_type=\"widget\" data-widget_type=\"divider.default\">\n\t\t\t\t<div class=\"elementor-widget-container\">\n\t\t\t\t\t<div class=\"elementor-divider\">\n\t\t\t<span class=\"elementor-divider-separator\">\n\t\t\t\t\t\t<\/span>\n\t\t<\/div>\n\t\t\t\t<\/div>\n\t\t\t\t<\/div>\n\t\t\t\t\t<\/div>\n\t\t<\/div>\n\t\t\t\t\t\t\t<\/div>\n\t\t<\/section>\n\t\t\t\t<section class=\"elementor-section elementor-top-section elementor-element elementor-element-d53a998 elementor-section-stretched elementor-section-boxed elementor-section-height-default elementor-section-height-default\" data-id=\"d53a998\" data-element_type=\"section\" data-settings=\"{&quot;stretch_section&quot;:&quot;section-stretched&quot;,&quot;background_background&quot;:&quot;classic&quot;}\">\n\t\t\t\t\t\t<div class=\"elementor-container elementor-column-gap-default\">\n\t\t\t\t\t<div class=\"elementor-column elementor-col-50 elementor-top-column elementor-element elementor-element-b76ced4\" data-id=\"b76ced4\" data-element_type=\"column\">\n\t\t\t<div class=\"elementor-widget-wrap elementor-element-populated\">\n\t\t\t\t\t\t\t\t<div class=\"elementor-element elementor-element-8c49b5d elementor-widget elementor-widget-image\" data-id=\"8c49b5d\" data-element_type=\"widget\" data-widget_type=\"image.default\">\n\t\t\t\t<div class=\"elementor-widget-container\">\n\t\t\t\t\t\t\t\t\t\t\t\t\t\t\t<img width=\"1280\" height=\"960\" src=\"http:\/\/www.produccion.jujuy.gob.ar\/wp-content\/uploads\/2025\/10\/carpeta12.4.jpeg\" class=\"elementor-animation-grow attachment-1536x1536 size-1536x1536\" alt=\"\" loading=\"lazy\" srcset=\"http:\/\/www.produccion.jujuy.gob.ar\/wp-content\/uploads\/2025\/10\/carpeta12.4.jpeg 1280w, http:\/\/www.produccion.jujuy.gob.ar\/wp-content\/uploads\/2025\/10\/carpeta12.4-300x225.jpeg 300w, http:\/\/www.produccion.jujuy.gob.ar\/wp-content\/uploads\/2025\/10\/carpeta12.4-1024x768.jpeg 1024w, http:\/\/www.produccion.jujuy.gob.ar\/wp-content\/uploads\/2025\/10\/carpeta12.4-768x576.jpeg 768w\" sizes=\"(max-width: 1280px) 100vw, 1280px\" \/>\t\t\t\t\t\t\t\t\t\t\t\t\t\t\t<\/div>\n\t\t\t\t<\/div>\n\t\t\t\t\t<\/div>\n\t\t<\/div>\n\t\t\t\t<div class=\"elementor-column elementor-col-50 elementor-top-column elementor-element elementor-element-640610b\" data-id=\"640610b\" data-element_type=\"column\">\n\t\t\t<div class=\"elementor-widget-wrap elementor-element-populated\">\n\t\t\t\t\t\t\t\t<div class=\"elementor-element elementor-element-7ade286 elementor-widget elementor-widget-heading\" data-id=\"7ade286\" data-element_type=\"widget\" data-widget_type=\"heading.default\">\n\t\t\t\t<div class=\"elementor-widget-container\">\n\t\t\t<h2 class=\"elementor-heading-title elementor-size-default\">Validando el Sue\u00f1o y Mirando al Futuro<\/h2>\t\t<\/div>\n\t\t\t\t<\/div>\n\t\t\t\t<div class=\"elementor-element elementor-element-b927f78 elementor-widget elementor-widget-text-editor\" data-id=\"b927f78\" data-element_type=\"widget\" data-widget_type=\"text-editor.default\">\n\t\t\t\t<div class=\"elementor-widget-container\">\n\t\t\t\t\t\t\t\t<p>El hilo ya era una realidad, pero faltaba lo m\u00e1s importante: la validaci\u00f3n con las protagonistas. En <strong>junio y julio de 2025<\/strong>, se realizaron tres talleres de validaci\u00f3n del hilo con <strong>artesanas<\/strong> de distintas regiones: Susques (Huancar, Puesto Sey, Pastos Chicos, Jama y El Toro), Rinconadillas, Barrancas, y Tilcara. Adem\u00e1s, se convoc\u00f3 a <strong>dise\u00f1adoras juje\u00f1as<\/strong> para la validaci\u00f3n. La cadena de valor estaba cerrando su ciclo con \u00e9xito, conectando al productor primario con el producto final.<\/p>\t\t\t\t\t\t<\/div>\n\t\t\t\t<\/div>\n\t\t\t\t\t<\/div>\n\t\t<\/div>\n\t\t\t\t\t\t\t<\/div>\n\t\t<\/section>\n\t\t\t\t<section class=\"elementor-section elementor-top-section elementor-element elementor-element-a3f9840 elementor-section-stretched elementor-section-boxed elementor-section-height-default elementor-section-height-default\" data-id=\"a3f9840\" data-element_type=\"section\" data-settings=\"{&quot;stretch_section&quot;:&quot;section-stretched&quot;,&quot;background_background&quot;:&quot;classic&quot;}\">\n\t\t\t\t\t\t<div class=\"elementor-container elementor-column-gap-default\">\n\t\t\t\t\t<div class=\"elementor-column elementor-col-100 elementor-top-column elementor-element elementor-element-f56f85c\" data-id=\"f56f85c\" data-element_type=\"column\">\n\t\t\t<div class=\"elementor-widget-wrap elementor-element-populated\">\n\t\t\t\t\t\t\t\t<div class=\"elementor-element elementor-element-36d74cd elementor-arrows-position-inside elementor-pagination-position-outside elementor-widget elementor-widget-image-carousel\" data-id=\"36d74cd\" data-element_type=\"widget\" data-settings=\"{&quot;navigation&quot;:&quot;both&quot;,&quot;autoplay&quot;:&quot;yes&quot;,&quot;pause_on_hover&quot;:&quot;yes&quot;,&quot;pause_on_interaction&quot;:&quot;yes&quot;,&quot;autoplay_speed&quot;:5000,&quot;infinite&quot;:&quot;yes&quot;,&quot;speed&quot;:500}\" data-widget_type=\"image-carousel.default\">\n\t\t\t\t<div class=\"elementor-widget-container\">\n\t\t\t\t\t<div class=\"elementor-image-carousel-wrapper swiper-container\" dir=\"ltr\">\n\t\t\t<div class=\"elementor-image-carousel swiper-wrapper\">\n\t\t\t\t<div class=\"swiper-slide\"><figure class=\"swiper-slide-inner\"><img class=\"swiper-slide-image\" src=\"http:\/\/www.produccion.jujuy.gob.ar\/wp-content\/uploads\/2025\/10\/carpeta11-2-150x150.jpeg\" alt=\"carpeta11-2\" \/><\/figure><\/div><div class=\"swiper-slide\"><figure class=\"swiper-slide-inner\"><img class=\"swiper-slide-image\" src=\"http:\/\/www.produccion.jujuy.gob.ar\/wp-content\/uploads\/2025\/10\/carpeta11-1-150x150.jpeg\" alt=\"carpeta11-1\" \/><\/figure><\/div><div class=\"swiper-slide\"><figure class=\"swiper-slide-inner\"><img class=\"swiper-slide-image\" src=\"http:\/\/www.produccion.jujuy.gob.ar\/wp-content\/uploads\/2025\/10\/carpeta12-1-150x150.jpeg\" alt=\"carpeta12-1\" \/><\/figure><\/div><div class=\"swiper-slide\"><figure class=\"swiper-slide-inner\"><img class=\"swiper-slide-image\" src=\"http:\/\/www.produccion.jujuy.gob.ar\/wp-content\/uploads\/2025\/10\/carpeta12-2-150x150.jpeg\" alt=\"carpeta12-2\" \/><\/figure><\/div><div class=\"swiper-slide\"><figure class=\"swiper-slide-inner\"><img class=\"swiper-slide-image\" src=\"http:\/\/www.produccion.jujuy.gob.ar\/wp-content\/uploads\/2025\/10\/carpeta13-2-150x150.jpg\" alt=\"carpeta13-2\" \/><\/figure><\/div><div class=\"swiper-slide\"><figure class=\"swiper-slide-inner\"><img class=\"swiper-slide-image\" src=\"http:\/\/www.produccion.jujuy.gob.ar\/wp-content\/uploads\/2025\/10\/carpeta13-1-150x150.jpg\" alt=\"carpeta13-1\" \/><\/figure><\/div>\t\t\t<\/div>\n\t\t\t\t\t\t\t\t\t\t\t\t<div class=\"swiper-pagination\"><\/div>\n\t\t\t\t\t\t\t\t\t\t\t\t\t<div class=\"elementor-swiper-button elementor-swiper-button-prev\">\n\t\t\t\t\t\t<i class=\"eicon-chevron-left\" aria-hidden=\"true\"><\/i>\n\t\t\t\t\t\t<span class=\"elementor-screen-only\">Anterior<\/span>\n\t\t\t\t\t<\/div>\n\t\t\t\t\t<div class=\"elementor-swiper-button elementor-swiper-button-next\">\n\t\t\t\t\t\t<i class=\"eicon-chevron-right\" aria-hidden=\"true\"><\/i>\n\t\t\t\t\t\t<span class=\"elementor-screen-only\">Siguiente<\/span>\n\t\t\t\t\t<\/div>\n\t\t\t\t\t\t\t\t\t<\/div>\n\t\t\t\t<\/div>\n\t\t\t\t<\/div>\n\t\t\t\t<div class=\"elementor-element elementor-element-ad32f3f elementor-widget elementor-widget-text-editor\" data-id=\"ad32f3f\" data-element_type=\"widget\" data-widget_type=\"text-editor.default\">\n\t\t\t\t<div class=\"elementor-widget-container\">\n\t\t\t\t\t\t\t\t<p>El impacto del proyecto fue claro: se demostr\u00f3 la posibilidad de realizar TODA la cadena de valor del hilo en nuestra provincia, que se puede desarrollar un polo textil en la Puna y la capacidad de la Hilander\u00eda Warmi para ofrecer el servicio de fas\u00f3n.<\/p><p>El camino de la fibra de llama de Susques es una historia de c\u00f3mo la <strong>cooperaci\u00f3n p\u00fablico-privada<\/strong>, la <strong>innovaci\u00f3n tecnol\u00f3gica<\/strong> y el <strong>enfoque organizativo<\/strong> pueden transformar la realidad de una comunidad. Alentados por los resultados, la <strong>Segunda Etapa<\/strong> del proyecto espera abordar temas como la reactivaci\u00f3n de acopios, capacitaciones a campo, la creaci\u00f3n de sellos de origen, y la investigaci\u00f3n aplicada para el uso de fibra gruesa. As\u00ed, el hilo de la llama de la Puna juje\u00f1a se teje no solo en madejas, sino tambi\u00e9n en un futuro de mayor desarrollo y autonom\u00eda para sus productores.<\/p>\t\t\t\t\t\t<\/div>\n\t\t\t\t<\/div>\n\t\t\t\t<div class=\"elementor-element elementor-element-c725326 elementor-widget elementor-widget-image\" data-id=\"c725326\" data-element_type=\"widget\" data-widget_type=\"image.default\">\n\t\t\t\t<div class=\"elementor-widget-container\">\n\t\t\t\t\t\t\t\t\t\t\t\t\t\t\t<img width=\"604\" height=\"403\" src=\"http:\/\/www.produccion.jujuy.gob.ar\/wp-content\/uploads\/2025\/10\/IMG_3098-1024x683.jpg\" class=\"attachment-large size-large\" alt=\"\" loading=\"lazy\" srcset=\"http:\/\/www.produccion.jujuy.gob.ar\/wp-content\/uploads\/2025\/10\/IMG_3098-1024x683.jpg 1024w, http:\/\/www.produccion.jujuy.gob.ar\/wp-content\/uploads\/2025\/10\/IMG_3098-300x200.jpg 300w, http:\/\/www.produccion.jujuy.gob.ar\/wp-content\/uploads\/2025\/10\/IMG_3098-768x512.jpg 768w, http:\/\/www.produccion.jujuy.gob.ar\/wp-content\/uploads\/2025\/10\/IMG_3098-1536x1024.jpg 1536w, http:\/\/www.produccion.jujuy.gob.ar\/wp-content\/uploads\/2025\/10\/IMG_3098-2048x1365.jpg 2048w, http:\/\/www.produccion.jujuy.gob.ar\/wp-content\/uploads\/2025\/10\/IMG_3098-272x182.jpg 272w\" sizes=\"(max-width: 604px) 100vw, 604px\" \/>\t\t\t\t\t\t\t\t\t\t\t\t\t\t\t<\/div>\n\t\t\t\t<\/div>\n\t\t\t\t\t<\/div>\n\t\t<\/div>\n\t\t\t\t\t\t\t<\/div>\n\t\t<\/section>\n\t\t\t\t<section class=\"elementor-section elementor-top-section elementor-element elementor-element-bddbce7 elementor-section-stretched elementor-section-boxed elementor-section-height-default elementor-section-height-default\" data-id=\"bddbce7\" data-element_type=\"section\" data-settings=\"{&quot;stretch_section&quot;:&quot;section-stretched&quot;,&quot;background_background&quot;:&quot;classic&quot;}\">\n\t\t\t\t\t\t<div class=\"elementor-container elementor-column-gap-default\">\n\t\t\t\t\t<div class=\"elementor-column elementor-col-100 elementor-top-column elementor-element elementor-element-6755830\" data-id=\"6755830\" data-element_type=\"column\">\n\t\t\t<div class=\"elementor-widget-wrap elementor-element-populated\">\n\t\t\t\t\t\t\t\t<div class=\"elementor-element elementor-element-b3e9a20 elementor-widget elementor-widget-heading\" data-id=\"b3e9a20\" data-element_type=\"widget\" data-widget_type=\"heading.default\">\n\t\t\t\t<div class=\"elementor-widget-container\">\n\t\t\t<h2 class=\"elementor-heading-title elementor-size-default\">El cierre de este gran Proyecto ...<\/h2>\t\t<\/div>\n\t\t\t\t<\/div>\n\t\t\t\t<div class=\"elementor-element elementor-element-12ff59b elementor-widget elementor-widget-testimonial\" data-id=\"12ff59b\" data-element_type=\"widget\" data-widget_type=\"testimonial.default\">\n\t\t\t\t<div class=\"elementor-widget-container\">\n\t\t\t\t\t<div class=\"elementor-testimonial-wrapper elementor-testimonial-text-align-center\">\n\t\t\t\t\t\t\t<div class=\"elementor-testimonial-content\">Fue un espacio de encuentro \u00fanico. Tejedoras de distintas comunidades se reunieron para compartir saberes, colores y t\u00e9cnicas que atraviesan generaciones.<br> \nCada prenda, cada hebra, guarda una historia que merece ser contada.<br>\nLas im\u00e1genes y los videos capturan ese momento: el trabajo paciente, la creatividad en movimiento y el orgullo de producir con ra\u00edces profundas en nuestra cultura.<br>\nSi quer\u00e9s descubrir c\u00f3mo la fibra de llama cobra vida en manos expertas y conocer todo lo que sucedi\u00f3 en este evento, te invitamos a sumergirte en la experiencia completa.<\/div>\n\t\t\t\n\t\t\t\t\t\t<div class=\"elementor-testimonial-meta elementor-has-image elementor-testimonial-image-position-aside\">\n\t\t\t\t<div class=\"elementor-testimonial-meta-inner\">\n\t\t\t\t\t\t\t\t\t\t\t<div class=\"elementor-testimonial-image\">\n\t\t\t\t\t\t\t<a href=\"http:\/\/www.produccion.jujuy.gob.ar\/?page_id=10940\"><img width=\"499\" height=\"499\" src=\"http:\/\/www.produccion.jujuy.gob.ar\/wp-content\/uploads\/2026\/04\/play1.png\" class=\"attachment-full size-full\" alt=\"\" loading=\"lazy\" srcset=\"http:\/\/www.produccion.jujuy.gob.ar\/wp-content\/uploads\/2026\/04\/play1.png 499w, http:\/\/www.produccion.jujuy.gob.ar\/wp-content\/uploads\/2026\/04\/play1-300x300.png 300w, http:\/\/www.produccion.jujuy.gob.ar\/wp-content\/uploads\/2026\/04\/play1-150x150.png 150w\" sizes=\"(max-width: 499px) 100vw, 499px\" \/><\/a>\t\t\t\t\t\t<\/div>\n\t\t\t\t\t\n\t\t\t\t\t\t\t\t\t\t<div class=\"elementor-testimonial-details\">\n\t\t\t\t\t\t\t\t\t\t\t\t\t\t<a class=\"elementor-testimonial-name\" href=\"http:\/\/www.produccion.jujuy.gob.ar\/?page_id=10940\">\ud83d\udc49 Hac\u00e9 clic y viv\u00ed el encuentro desde adentro.<\/a>\n\t\t\t\t\t\t\t\t\t\t\t\t\t\t\t\t\t\t\t<\/div>\n\t\t\t\t\t\t\t\t\t<\/div>\n\t\t\t<\/div>\n\t\t\t\t\t<\/div>\n\t\t\t\t<\/div>\n\t\t\t\t<\/div>\n\t\t\t\t<div class=\"elementor-element elementor-element-f505cac elementor-widget elementor-widget-spacer\" data-id=\"f505cac\" data-element_type=\"widget\" data-widget_type=\"spacer.default\">\n\t\t\t\t<div class=\"elementor-widget-container\">\n\t\t\t\t\t<div class=\"elementor-spacer\">\n\t\t\t<div class=\"elementor-spacer-inner\"><\/div>\n\t\t<\/div>\n\t\t\t\t<\/div>\n\t\t\t\t<\/div>\n\t\t\t\t\t<\/div>\n\t\t<\/div>\n\t\t\t\t\t\t\t<\/div>\n\t\t<\/section>\n\t\t\t\t<section class=\"elementor-section elementor-top-section elementor-element elementor-element-2e27a17 elementor-section-stretched elementor-section-boxed elementor-section-height-default elementor-section-height-default\" data-id=\"2e27a17\" data-element_type=\"section\" data-settings=\"{&quot;stretch_section&quot;:&quot;section-stretched&quot;,&quot;background_background&quot;:&quot;classic&quot;}\">\n\t\t\t\t\t\t<div class=\"elementor-container elementor-column-gap-default\">\n\t\t\t\t\t<div class=\"elementor-column elementor-col-100 elementor-top-column elementor-element elementor-element-49f87aa\" data-id=\"49f87aa\" data-element_type=\"column\">\n\t\t\t<div class=\"elementor-widget-wrap elementor-element-populated\">\n\t\t\t\t\t\t\t\t<div class=\"elementor-element elementor-element-aa6c78f elementor-widget elementor-widget-heading\" data-id=\"aa6c78f\" data-element_type=\"widget\" data-widget_type=\"heading.default\">\n\t\t\t\t<div class=\"elementor-widget-container\">\n\t\t\t<h2 class=\"elementor-heading-title elementor-size-default\"><i class=\"fas fa-female\"><\/i> NUESTRAS ARTESANAS\n<\/h2>\t\t<\/div>\n\t\t\t\t<\/div>\n\t\t\t\t<div class=\"elementor-element elementor-element-110f7b3 elementor-widget elementor-widget-heading\" data-id=\"110f7b3\" data-element_type=\"widget\" data-widget_type=\"heading.default\">\n\t\t\t\t<div class=\"elementor-widget-container\">\n\t\t\t<h2 class=\"elementor-heading-title elementor-size-default\">TILCARA\n<\/h2>\t\t<\/div>\n\t\t\t\t<\/div>\n\t\t\t\t\t<\/div>\n\t\t<\/div>\n\t\t\t\t\t\t\t<\/div>\n\t\t<\/section>\n\t\t\t\t<section class=\"elementor-section elementor-top-section elementor-element elementor-element-ed425e5 elementor-section-stretched elementor-section-boxed elementor-section-height-default elementor-section-height-default\" data-id=\"ed425e5\" data-element_type=\"section\" data-settings=\"{&quot;stretch_section&quot;:&quot;section-stretched&quot;,&quot;background_background&quot;:&quot;classic&quot;}\">\n\t\t\t\t\t\t<div class=\"elementor-container elementor-column-gap-default\">\n\t\t\t\t\t<div class=\"elementor-column elementor-col-25 elementor-top-column elementor-element elementor-element-19b2c6b\" data-id=\"19b2c6b\" data-element_type=\"column\">\n\t\t\t<div class=\"elementor-widget-wrap elementor-element-populated\">\n\t\t\t\t\t\t\t\t<div class=\"elementor-element elementor-element-1d868a6 elementor-position-top elementor-vertical-align-top elementor-widget elementor-widget-image-box\" data-id=\"1d868a6\" data-element_type=\"widget\" data-widget_type=\"image-box.default\">\n\t\t\t\t<div class=\"elementor-widget-container\">\n\t\t\t<div class=\"elementor-image-box-wrapper\"><figure class=\"elementor-image-box-img\"><img width=\"300\" height=\"300\" src=\"http:\/\/www.produccion.jujuy.gob.ar\/wp-content\/uploads\/2025\/10\/Raquel-Segovia-cropped-300x300.png\" class=\"elementor-animation-bounce-in attachment-medium size-medium\" alt=\"\" loading=\"lazy\" srcset=\"http:\/\/www.produccion.jujuy.gob.ar\/wp-content\/uploads\/2025\/10\/Raquel-Segovia-cropped-300x300.png 300w, http:\/\/www.produccion.jujuy.gob.ar\/wp-content\/uploads\/2025\/10\/Raquel-Segovia-cropped-1024x1024.png 1024w, http:\/\/www.produccion.jujuy.gob.ar\/wp-content\/uploads\/2025\/10\/Raquel-Segovia-cropped-150x150.png 150w, http:\/\/www.produccion.jujuy.gob.ar\/wp-content\/uploads\/2025\/10\/Raquel-Segovia-cropped-768x768.png 768w, http:\/\/www.produccion.jujuy.gob.ar\/wp-content\/uploads\/2025\/10\/Raquel-Segovia-cropped-1536x1536.png 1536w, http:\/\/www.produccion.jujuy.gob.ar\/wp-content\/uploads\/2025\/10\/Raquel-Segovia-cropped.png 1843w\" sizes=\"(max-width: 300px) 100vw, 300px\" \/><\/figure><div class=\"elementor-image-box-content\"><h3 class=\"elementor-image-box-title\">Raquel Segovia<\/h3><\/div><\/div>\t\t<\/div>\n\t\t\t\t<\/div>\n\t\t\t\t\t<\/div>\n\t\t<\/div>\n\t\t\t\t<div class=\"elementor-column elementor-col-25 elementor-top-column elementor-element elementor-element-8c41309\" data-id=\"8c41309\" data-element_type=\"column\">\n\t\t\t<div class=\"elementor-widget-wrap elementor-element-populated\">\n\t\t\t\t\t\t\t\t<div class=\"elementor-element elementor-element-d653a0d elementor-position-top elementor-vertical-align-top elementor-widget elementor-widget-image-box\" data-id=\"d653a0d\" data-element_type=\"widget\" data-widget_type=\"image-box.default\">\n\t\t\t\t<div class=\"elementor-widget-container\">\n\t\t\t<div class=\"elementor-image-box-wrapper\"><figure class=\"elementor-image-box-img\"><img width=\"300\" height=\"300\" src=\"http:\/\/www.produccion.jujuy.gob.ar\/wp-content\/uploads\/2025\/10\/Gloria-Abalos-cropped-300x300.png\" class=\"elementor-animation-bounce-in attachment-medium size-medium\" alt=\"\" loading=\"lazy\" srcset=\"http:\/\/www.produccion.jujuy.gob.ar\/wp-content\/uploads\/2025\/10\/Gloria-Abalos-cropped-300x300.png 300w, http:\/\/www.produccion.jujuy.gob.ar\/wp-content\/uploads\/2025\/10\/Gloria-Abalos-cropped-1024x1024.png 1024w, http:\/\/www.produccion.jujuy.gob.ar\/wp-content\/uploads\/2025\/10\/Gloria-Abalos-cropped-150x150.png 150w, http:\/\/www.produccion.jujuy.gob.ar\/wp-content\/uploads\/2025\/10\/Gloria-Abalos-cropped-768x768.png 768w, http:\/\/www.produccion.jujuy.gob.ar\/wp-content\/uploads\/2025\/10\/Gloria-Abalos-cropped-1536x1536.png 1536w, http:\/\/www.produccion.jujuy.gob.ar\/wp-content\/uploads\/2025\/10\/Gloria-Abalos-cropped.png 1843w\" sizes=\"(max-width: 300px) 100vw, 300px\" \/><\/figure><div class=\"elementor-image-box-content\"><h3 class=\"elementor-image-box-title\">Gloria \u00c1balos<\/h3><\/div><\/div>\t\t<\/div>\n\t\t\t\t<\/div>\n\t\t\t\t\t<\/div>\n\t\t<\/div>\n\t\t\t\t<div class=\"elementor-column elementor-col-25 elementor-top-column elementor-element elementor-element-0532f4c\" data-id=\"0532f4c\" data-element_type=\"column\">\n\t\t\t<div class=\"elementor-widget-wrap elementor-element-populated\">\n\t\t\t\t\t\t\t\t<div class=\"elementor-element elementor-element-75e62b8 elementor-position-top elementor-vertical-align-top elementor-widget elementor-widget-image-box\" data-id=\"75e62b8\" data-element_type=\"widget\" data-widget_type=\"image-box.default\">\n\t\t\t\t<div class=\"elementor-widget-container\">\n\t\t\t<div class=\"elementor-image-box-wrapper\"><figure class=\"elementor-image-box-img\"><img width=\"300\" height=\"300\" src=\"http:\/\/www.produccion.jujuy.gob.ar\/wp-content\/uploads\/2025\/10\/Marcela-Perez-cropped-300x300.png\" class=\"elementor-animation-bounce-in attachment-medium size-medium\" alt=\"\" loading=\"lazy\" srcset=\"http:\/\/www.produccion.jujuy.gob.ar\/wp-content\/uploads\/2025\/10\/Marcela-Perez-cropped-300x300.png 300w, http:\/\/www.produccion.jujuy.gob.ar\/wp-content\/uploads\/2025\/10\/Marcela-Perez-cropped-1024x1024.png 1024w, http:\/\/www.produccion.jujuy.gob.ar\/wp-content\/uploads\/2025\/10\/Marcela-Perez-cropped-150x150.png 150w, http:\/\/www.produccion.jujuy.gob.ar\/wp-content\/uploads\/2025\/10\/Marcela-Perez-cropped-768x768.png 768w, http:\/\/www.produccion.jujuy.gob.ar\/wp-content\/uploads\/2025\/10\/Marcela-Perez-cropped-1536x1536.png 1536w, http:\/\/www.produccion.jujuy.gob.ar\/wp-content\/uploads\/2025\/10\/Marcela-Perez-cropped.png 1843w\" sizes=\"(max-width: 300px) 100vw, 300px\" \/><\/figure><div class=\"elementor-image-box-content\"><h3 class=\"elementor-image-box-title\">Marcela Per\u00e9z<\/h3><\/div><\/div>\t\t<\/div>\n\t\t\t\t<\/div>\n\t\t\t\t\t<\/div>\n\t\t<\/div>\n\t\t\t\t<div class=\"elementor-column elementor-col-25 elementor-top-column elementor-element elementor-element-bf7b403\" data-id=\"bf7b403\" data-element_type=\"column\">\n\t\t\t<div class=\"elementor-widget-wrap elementor-element-populated\">\n\t\t\t\t\t\t\t\t<div class=\"elementor-element elementor-element-b2d5e0c elementor-position-top elementor-vertical-align-top elementor-widget elementor-widget-image-box\" data-id=\"b2d5e0c\" data-element_type=\"widget\" data-widget_type=\"image-box.default\">\n\t\t\t\t<div class=\"elementor-widget-container\">\n\t\t\t<div class=\"elementor-image-box-wrapper\"><figure class=\"elementor-image-box-img\"><img width=\"300\" height=\"300\" src=\"http:\/\/www.produccion.jujuy.gob.ar\/wp-content\/uploads\/2025\/10\/Cristina-Mamani-cropped-300x300.png\" class=\"elementor-animation-bounce-in attachment-medium size-medium\" alt=\"\" loading=\"lazy\" srcset=\"http:\/\/www.produccion.jujuy.gob.ar\/wp-content\/uploads\/2025\/10\/Cristina-Mamani-cropped-300x300.png 300w, http:\/\/www.produccion.jujuy.gob.ar\/wp-content\/uploads\/2025\/10\/Cristina-Mamani-cropped-1024x1024.png 1024w, http:\/\/www.produccion.jujuy.gob.ar\/wp-content\/uploads\/2025\/10\/Cristina-Mamani-cropped-150x150.png 150w, http:\/\/www.produccion.jujuy.gob.ar\/wp-content\/uploads\/2025\/10\/Cristina-Mamani-cropped-768x768.png 768w, http:\/\/www.produccion.jujuy.gob.ar\/wp-content\/uploads\/2025\/10\/Cristina-Mamani-cropped-1536x1536.png 1536w, http:\/\/www.produccion.jujuy.gob.ar\/wp-content\/uploads\/2025\/10\/Cristina-Mamani-cropped.png 1843w\" sizes=\"(max-width: 300px) 100vw, 300px\" \/><\/figure><div class=\"elementor-image-box-content\"><h3 class=\"elementor-image-box-title\">Cristina Maman\u00ed<\/h3><\/div><\/div>\t\t<\/div>\n\t\t\t\t<\/div>\n\t\t\t\t\t<\/div>\n\t\t<\/div>\n\t\t\t\t\t\t\t<\/div>\n\t\t<\/section>\n\t\t\t\t<section class=\"elementor-section elementor-top-section elementor-element elementor-element-d5c0ebd elementor-section-stretched elementor-section-boxed elementor-section-height-default elementor-section-height-default\" data-id=\"d5c0ebd\" data-element_type=\"section\" data-settings=\"{&quot;stretch_section&quot;:&quot;section-stretched&quot;,&quot;background_background&quot;:&quot;classic&quot;}\">\n\t\t\t\t\t\t<div class=\"elementor-container elementor-column-gap-default\">\n\t\t\t\t\t<div class=\"elementor-column elementor-col-100 elementor-top-column elementor-element elementor-element-edb7f0d\" data-id=\"edb7f0d\" data-element_type=\"column\">\n\t\t\t<div class=\"elementor-widget-wrap elementor-element-populated\">\n\t\t\t\t\t\t\t\t<div class=\"elementor-element elementor-element-b024ffb elementor-widget elementor-widget-image\" data-id=\"b024ffb\" data-element_type=\"widget\" data-widget_type=\"image.default\">\n\t\t\t\t<div class=\"elementor-widget-container\">\n\t\t\t\t\t\t\t\t\t\t\t\t\t\t\t<img width=\"604\" height=\"340\" src=\"http:\/\/www.produccion.jujuy.gob.ar\/wp-content\/uploads\/2025\/10\/artesanas-Tilcara-2-1024x576.jpg\" class=\"attachment-large size-large\" alt=\"\" loading=\"lazy\" srcset=\"http:\/\/www.produccion.jujuy.gob.ar\/wp-content\/uploads\/2025\/10\/artesanas-Tilcara-2-1024x576.jpg 1024w, http:\/\/www.produccion.jujuy.gob.ar\/wp-content\/uploads\/2025\/10\/artesanas-Tilcara-2-300x169.jpg 300w, http:\/\/www.produccion.jujuy.gob.ar\/wp-content\/uploads\/2025\/10\/artesanas-Tilcara-2-768x432.jpg 768w, http:\/\/www.produccion.jujuy.gob.ar\/wp-content\/uploads\/2025\/10\/artesanas-Tilcara-2-1536x864.jpg 1536w, http:\/\/www.produccion.jujuy.gob.ar\/wp-content\/uploads\/2025\/10\/artesanas-Tilcara-2-2048x1152.jpg 2048w, http:\/\/www.produccion.jujuy.gob.ar\/wp-content\/uploads\/2025\/10\/artesanas-Tilcara-2-1600x900.jpg 1600w\" sizes=\"(max-width: 604px) 100vw, 604px\" \/>\t\t\t\t\t\t\t\t\t\t\t\t\t\t\t<\/div>\n\t\t\t\t<\/div>\n\t\t\t\t\t<\/div>\n\t\t<\/div>\n\t\t\t\t\t\t\t<\/div>\n\t\t<\/section>\n\t\t\t\t<section class=\"elementor-section elementor-top-section elementor-element elementor-element-9359638 elementor-section-stretched elementor-section-boxed elementor-section-height-default elementor-section-height-default\" data-id=\"9359638\" data-element_type=\"section\" data-settings=\"{&quot;stretch_section&quot;:&quot;section-stretched&quot;,&quot;background_background&quot;:&quot;classic&quot;}\">\n\t\t\t\t\t\t<div class=\"elementor-container elementor-column-gap-default\">\n\t\t\t\t\t<div class=\"elementor-column elementor-col-100 elementor-top-column elementor-element elementor-element-803ef93\" data-id=\"803ef93\" data-element_type=\"column\">\n\t\t\t<div class=\"elementor-widget-wrap elementor-element-populated\">\n\t\t\t\t\t\t\t\t<div class=\"elementor-element elementor-element-4ced4f1 elementor-widget elementor-widget-spacer\" data-id=\"4ced4f1\" data-element_type=\"widget\" data-widget_type=\"spacer.default\">\n\t\t\t\t<div class=\"elementor-widget-container\">\n\t\t\t\t\t<div class=\"elementor-spacer\">\n\t\t\t<div class=\"elementor-spacer-inner\"><\/div>\n\t\t<\/div>\n\t\t\t\t<\/div>\n\t\t\t\t<\/div>\n\t\t\t\t<div class=\"elementor-element elementor-element-a133935 elementor-widget elementor-widget-heading\" data-id=\"a133935\" data-element_type=\"widget\" data-widget_type=\"heading.default\">\n\t\t\t\t<div class=\"elementor-widget-container\">\n\t\t\t<h2 class=\"elementor-heading-title elementor-size-default\">SUSQUES\n<\/h2>\t\t<\/div>\n\t\t\t\t<\/div>\n\t\t\t\t\t<\/div>\n\t\t<\/div>\n\t\t\t\t\t\t\t<\/div>\n\t\t<\/section>\n\t\t\t\t<section class=\"elementor-section elementor-top-section elementor-element elementor-element-cc2d3a7 elementor-section-stretched elementor-section-boxed elementor-section-height-default elementor-section-height-default\" data-id=\"cc2d3a7\" data-element_type=\"section\" data-settings=\"{&quot;stretch_section&quot;:&quot;section-stretched&quot;,&quot;background_background&quot;:&quot;classic&quot;}\">\n\t\t\t\t\t\t<div class=\"elementor-container elementor-column-gap-default\">\n\t\t\t\t\t<div class=\"elementor-column elementor-col-20 elementor-top-column elementor-element elementor-element-1b56bb5\" data-id=\"1b56bb5\" data-element_type=\"column\">\n\t\t\t<div class=\"elementor-widget-wrap elementor-element-populated\">\n\t\t\t\t\t\t\t\t<div class=\"elementor-element elementor-element-f7548a4 elementor-position-top elementor-vertical-align-top elementor-widget elementor-widget-image-box\" data-id=\"f7548a4\" data-element_type=\"widget\" data-widget_type=\"image-box.default\">\n\t\t\t\t<div class=\"elementor-widget-container\">\n\t\t\t<div class=\"elementor-image-box-wrapper\"><figure class=\"elementor-image-box-img\"><img width=\"300\" height=\"300\" src=\"http:\/\/www.produccion.jujuy.gob.ar\/wp-content\/uploads\/2025\/10\/Benita-Flores-SQS-cropped-300x300.png\" class=\"elementor-animation-bounce-in attachment-medium size-medium\" alt=\"\" loading=\"lazy\" srcset=\"http:\/\/www.produccion.jujuy.gob.ar\/wp-content\/uploads\/2025\/10\/Benita-Flores-SQS-cropped-300x300.png 300w, http:\/\/www.produccion.jujuy.gob.ar\/wp-content\/uploads\/2025\/10\/Benita-Flores-SQS-cropped-150x150.png 150w, http:\/\/www.produccion.jujuy.gob.ar\/wp-content\/uploads\/2025\/10\/Benita-Flores-SQS-cropped-768x768.png 768w, http:\/\/www.produccion.jujuy.gob.ar\/wp-content\/uploads\/2025\/10\/Benita-Flores-SQS-cropped.png 864w\" sizes=\"(max-width: 300px) 100vw, 300px\" \/><\/figure><div class=\"elementor-image-box-content\"><h3 class=\"elementor-image-box-title\">Benita Flores<\/h3><\/div><\/div>\t\t<\/div>\n\t\t\t\t<\/div>\n\t\t\t\t\t<\/div>\n\t\t<\/div>\n\t\t\t\t<div class=\"elementor-column elementor-col-20 elementor-top-column elementor-element elementor-element-a2c7189\" data-id=\"a2c7189\" data-element_type=\"column\">\n\t\t\t<div class=\"elementor-widget-wrap elementor-element-populated\">\n\t\t\t\t\t\t\t\t<div class=\"elementor-element elementor-element-e155ab6 elementor-position-top elementor-vertical-align-top elementor-widget elementor-widget-image-box\" data-id=\"e155ab6\" data-element_type=\"widget\" data-widget_type=\"image-box.default\">\n\t\t\t\t<div class=\"elementor-widget-container\">\n\t\t\t<div class=\"elementor-image-box-wrapper\"><figure class=\"elementor-image-box-img\"><img width=\"300\" height=\"300\" src=\"http:\/\/www.produccion.jujuy.gob.ar\/wp-content\/uploads\/2025\/10\/Carmen-Mamani-Jama-cropped-300x300.png\" class=\"elementor-animation-bounce-in attachment-medium size-medium\" alt=\"\" loading=\"lazy\" srcset=\"http:\/\/www.produccion.jujuy.gob.ar\/wp-content\/uploads\/2025\/10\/Carmen-Mamani-Jama-cropped-300x300.png 300w, http:\/\/www.produccion.jujuy.gob.ar\/wp-content\/uploads\/2025\/10\/Carmen-Mamani-Jama-cropped-150x150.png 150w, http:\/\/www.produccion.jujuy.gob.ar\/wp-content\/uploads\/2025\/10\/Carmen-Mamani-Jama-cropped.png 704w\" sizes=\"(max-width: 300px) 100vw, 300px\" \/><\/figure><div class=\"elementor-image-box-content\"><h3 class=\"elementor-image-box-title\">Carmen Maman\u00ed<\/h3><p class=\"elementor-image-box-description\">.<\/p><\/div><\/div>\t\t<\/div>\n\t\t\t\t<\/div>\n\t\t\t\t\t<\/div>\n\t\t<\/div>\n\t\t\t\t<div class=\"elementor-column elementor-col-20 elementor-top-column elementor-element elementor-element-260e6ac\" data-id=\"260e6ac\" data-element_type=\"column\">\n\t\t\t<div class=\"elementor-widget-wrap elementor-element-populated\">\n\t\t\t\t\t\t\t\t<div class=\"elementor-element elementor-element-79f9057 elementor-position-top elementor-vertical-align-top elementor-widget elementor-widget-image-box\" data-id=\"79f9057\" data-element_type=\"widget\" data-widget_type=\"image-box.default\">\n\t\t\t\t<div class=\"elementor-widget-container\">\n\t\t\t<div class=\"elementor-image-box-wrapper\"><figure class=\"elementor-image-box-img\"><img width=\"300\" height=\"300\" src=\"http:\/\/www.produccion.jujuy.gob.ar\/wp-content\/uploads\/2025\/10\/Clotilde-Urbano-SQS-cropped-300x300.png\" class=\"elementor-animation-bounce-in attachment-medium size-medium\" alt=\"\" loading=\"lazy\" srcset=\"http:\/\/www.produccion.jujuy.gob.ar\/wp-content\/uploads\/2025\/10\/Clotilde-Urbano-SQS-cropped-300x300.png 300w, http:\/\/www.produccion.jujuy.gob.ar\/wp-content\/uploads\/2025\/10\/Clotilde-Urbano-SQS-cropped-150x150.png 150w, http:\/\/www.produccion.jujuy.gob.ar\/wp-content\/uploads\/2025\/10\/Clotilde-Urbano-SQS-cropped.png 652w\" sizes=\"(max-width: 300px) 100vw, 300px\" \/><\/figure><div class=\"elementor-image-box-content\"><h3 class=\"elementor-image-box-title\">Clotilde Urbano<\/h3><\/div><\/div>\t\t<\/div>\n\t\t\t\t<\/div>\n\t\t\t\t\t<\/div>\n\t\t<\/div>\n\t\t\t\t<div class=\"elementor-column elementor-col-20 elementor-top-column elementor-element elementor-element-8f682ba\" data-id=\"8f682ba\" data-element_type=\"column\">\n\t\t\t<div class=\"elementor-widget-wrap elementor-element-populated\">\n\t\t\t\t\t\t\t\t<div class=\"elementor-element elementor-element-32f1318 elementor-position-top elementor-vertical-align-top elementor-widget elementor-widget-image-box\" data-id=\"32f1318\" data-element_type=\"widget\" data-widget_type=\"image-box.default\">\n\t\t\t\t<div class=\"elementor-widget-container\">\n\t\t\t<div class=\"elementor-image-box-wrapper\"><figure class=\"elementor-image-box-img\"><img width=\"300\" height=\"300\" src=\"http:\/\/www.produccion.jujuy.gob.ar\/wp-content\/uploads\/2025\/10\/Delia-Vazquez-SQS-cropped-300x300.png\" class=\"elementor-animation-bounce-in attachment-medium size-medium\" alt=\"\" loading=\"lazy\" srcset=\"http:\/\/www.produccion.jujuy.gob.ar\/wp-content\/uploads\/2025\/10\/Delia-Vazquez-SQS-cropped-300x300.png 300w, http:\/\/www.produccion.jujuy.gob.ar\/wp-content\/uploads\/2025\/10\/Delia-Vazquez-SQS-cropped-150x150.png 150w, http:\/\/www.produccion.jujuy.gob.ar\/wp-content\/uploads\/2025\/10\/Delia-Vazquez-SQS-cropped.png 637w\" sizes=\"(max-width: 300px) 100vw, 300px\" \/><\/figure><div class=\"elementor-image-box-content\"><h3 class=\"elementor-image-box-title\">Delia V\u00e1zquez<\/h3><\/div><\/div>\t\t<\/div>\n\t\t\t\t<\/div>\n\t\t\t\t\t<\/div>\n\t\t<\/div>\n\t\t\t\t<div class=\"elementor-column elementor-col-20 elementor-top-column elementor-element elementor-element-0b4a576\" data-id=\"0b4a576\" data-element_type=\"column\">\n\t\t\t<div class=\"elementor-widget-wrap elementor-element-populated\">\n\t\t\t\t\t\t\t\t<div class=\"elementor-element elementor-element-9677b34 elementor-position-top elementor-vertical-align-top elementor-widget elementor-widget-image-box\" data-id=\"9677b34\" data-element_type=\"widget\" data-widget_type=\"image-box.default\">\n\t\t\t\t<div class=\"elementor-widget-container\">\n\t\t\t<div class=\"elementor-image-box-wrapper\"><figure class=\"elementor-image-box-img\"><img width=\"300\" height=\"300\" src=\"http:\/\/www.produccion.jujuy.gob.ar\/wp-content\/uploads\/2025\/10\/Ema-Quispe-Huancar-cropped-300x300.png\" class=\"elementor-animation-bounce-in attachment-medium size-medium\" alt=\"\" loading=\"lazy\" srcset=\"http:\/\/www.produccion.jujuy.gob.ar\/wp-content\/uploads\/2025\/10\/Ema-Quispe-Huancar-cropped-300x300.png 300w, http:\/\/www.produccion.jujuy.gob.ar\/wp-content\/uploads\/2025\/10\/Ema-Quispe-Huancar-cropped-150x150.png 150w, http:\/\/www.produccion.jujuy.gob.ar\/wp-content\/uploads\/2025\/10\/Ema-Quispe-Huancar-cropped-768x768.png 768w, http:\/\/www.produccion.jujuy.gob.ar\/wp-content\/uploads\/2025\/10\/Ema-Quispe-Huancar-cropped.png 852w\" sizes=\"(max-width: 300px) 100vw, 300px\" \/><\/figure><div class=\"elementor-image-box-content\"><h3 class=\"elementor-image-box-title\">Ema Quispe<\/h3><\/div><\/div>\t\t<\/div>\n\t\t\t\t<\/div>\n\t\t\t\t\t<\/div>\n\t\t<\/div>\n\t\t\t\t\t\t\t<\/div>\n\t\t<\/section>\n\t\t\t\t<section class=\"elementor-section elementor-top-section elementor-element elementor-element-398e571 elementor-section-stretched elementor-section-boxed elementor-section-height-default elementor-section-height-default\" data-id=\"398e571\" data-element_type=\"section\" data-settings=\"{&quot;stretch_section&quot;:&quot;section-stretched&quot;,&quot;background_background&quot;:&quot;classic&quot;}\">\n\t\t\t\t\t\t<div class=\"elementor-container elementor-column-gap-default\">\n\t\t\t\t\t<div class=\"elementor-column elementor-col-20 elementor-top-column elementor-element elementor-element-6925da6\" data-id=\"6925da6\" data-element_type=\"column\">\n\t\t\t<div class=\"elementor-widget-wrap elementor-element-populated\">\n\t\t\t\t\t\t\t\t<div class=\"elementor-element elementor-element-67cdb26 elementor-position-top elementor-vertical-align-top elementor-widget elementor-widget-image-box\" data-id=\"67cdb26\" data-element_type=\"widget\" data-widget_type=\"image-box.default\">\n\t\t\t\t<div class=\"elementor-widget-container\">\n\t\t\t<div class=\"elementor-image-box-wrapper\"><figure class=\"elementor-image-box-img\"><img width=\"296\" height=\"296\" src=\"http:\/\/www.produccion.jujuy.gob.ar\/wp-content\/uploads\/2025\/10\/Epifania-Tinte-El-Toro-cropped.png\" class=\"elementor-animation-bounce-in attachment-medium size-medium\" alt=\"\" loading=\"lazy\" srcset=\"http:\/\/www.produccion.jujuy.gob.ar\/wp-content\/uploads\/2025\/10\/Epifania-Tinte-El-Toro-cropped.png 296w, http:\/\/www.produccion.jujuy.gob.ar\/wp-content\/uploads\/2025\/10\/Epifania-Tinte-El-Toro-cropped-150x150.png 150w\" sizes=\"(max-width: 296px) 100vw, 296px\" \/><\/figure><div class=\"elementor-image-box-content\"><h3 class=\"elementor-image-box-title\">Epifania Tinte<\/h3><\/div><\/div>\t\t<\/div>\n\t\t\t\t<\/div>\n\t\t\t\t\t<\/div>\n\t\t<\/div>\n\t\t\t\t<div class=\"elementor-column elementor-col-20 elementor-top-column elementor-element elementor-element-8aae990\" data-id=\"8aae990\" data-element_type=\"column\">\n\t\t\t<div class=\"elementor-widget-wrap elementor-element-populated\">\n\t\t\t\t\t\t\t\t<div class=\"elementor-element elementor-element-b6f112b elementor-position-top elementor-vertical-align-top elementor-widget elementor-widget-image-box\" data-id=\"b6f112b\" data-element_type=\"widget\" data-widget_type=\"image-box.default\">\n\t\t\t\t<div class=\"elementor-widget-container\">\n\t\t\t<div class=\"elementor-image-box-wrapper\"><figure class=\"elementor-image-box-img\"><img width=\"300\" height=\"300\" src=\"http:\/\/www.produccion.jujuy.gob.ar\/wp-content\/uploads\/2025\/10\/Ester-Vazquez-El-Toro1-300x300.png\" class=\"elementor-animation-bounce-in attachment-medium size-medium\" alt=\"\" loading=\"lazy\" srcset=\"http:\/\/www.produccion.jujuy.gob.ar\/wp-content\/uploads\/2025\/10\/Ester-Vazquez-El-Toro1-300x300.png 300w, http:\/\/www.produccion.jujuy.gob.ar\/wp-content\/uploads\/2025\/10\/Ester-Vazquez-El-Toro1-150x150.png 150w, http:\/\/www.produccion.jujuy.gob.ar\/wp-content\/uploads\/2025\/10\/Ester-Vazquez-El-Toro1.png 460w\" sizes=\"(max-width: 300px) 100vw, 300px\" \/><\/figure><div class=\"elementor-image-box-content\"><h3 class=\"elementor-image-box-title\">Ester V\u00e1zquez<\/h3><\/div><\/div>\t\t<\/div>\n\t\t\t\t<\/div>\n\t\t\t\t\t<\/div>\n\t\t<\/div>\n\t\t\t\t<div class=\"elementor-column elementor-col-20 elementor-top-column elementor-element elementor-element-e4ce21b\" data-id=\"e4ce21b\" data-element_type=\"column\">\n\t\t\t<div class=\"elementor-widget-wrap elementor-element-populated\">\n\t\t\t\t\t\t\t\t<div class=\"elementor-element elementor-element-e9122d7 elementor-position-top elementor-vertical-align-top elementor-widget elementor-widget-image-box\" data-id=\"e9122d7\" data-element_type=\"widget\" data-widget_type=\"image-box.default\">\n\t\t\t\t<div class=\"elementor-widget-container\">\n\t\t\t<div class=\"elementor-image-box-wrapper\"><figure class=\"elementor-image-box-img\"><img width=\"300\" height=\"300\" src=\"http:\/\/www.produccion.jujuy.gob.ar\/wp-content\/uploads\/2025\/10\/Eulalia-Mamani-Jama-cropped-300x300.png\" class=\"elementor-animation-bounce-in attachment-medium size-medium\" alt=\"\" loading=\"lazy\" srcset=\"http:\/\/www.produccion.jujuy.gob.ar\/wp-content\/uploads\/2025\/10\/Eulalia-Mamani-Jama-cropped-300x300.png 300w, http:\/\/www.produccion.jujuy.gob.ar\/wp-content\/uploads\/2025\/10\/Eulalia-Mamani-Jama-cropped-1024x1024.png 1024w, http:\/\/www.produccion.jujuy.gob.ar\/wp-content\/uploads\/2025\/10\/Eulalia-Mamani-Jama-cropped-150x150.png 150w, http:\/\/www.produccion.jujuy.gob.ar\/wp-content\/uploads\/2025\/10\/Eulalia-Mamani-Jama-cropped-768x768.png 768w, http:\/\/www.produccion.jujuy.gob.ar\/wp-content\/uploads\/2025\/10\/Eulalia-Mamani-Jama-cropped-1536x1536.png 1536w, http:\/\/www.produccion.jujuy.gob.ar\/wp-content\/uploads\/2025\/10\/Eulalia-Mamani-Jama-cropped-2048x2048.png 2048w\" sizes=\"(max-width: 300px) 100vw, 300px\" \/><\/figure><div class=\"elementor-image-box-content\"><h3 class=\"elementor-image-box-title\">Eulalia Mamani<\/h3><\/div><\/div>\t\t<\/div>\n\t\t\t\t<\/div>\n\t\t\t\t\t<\/div>\n\t\t<\/div>\n\t\t\t\t<div class=\"elementor-column elementor-col-20 elementor-top-column elementor-element elementor-element-193a882\" data-id=\"193a882\" data-element_type=\"column\">\n\t\t\t<div class=\"elementor-widget-wrap elementor-element-populated\">\n\t\t\t\t\t\t\t\t<div class=\"elementor-element elementor-element-d4892a4 elementor-position-top elementor-vertical-align-top elementor-widget elementor-widget-image-box\" data-id=\"d4892a4\" data-element_type=\"widget\" data-widget_type=\"image-box.default\">\n\t\t\t\t<div class=\"elementor-widget-container\">\n\t\t\t<div class=\"elementor-image-box-wrapper\"><figure class=\"elementor-image-box-img\"><img width=\"300\" height=\"300\" src=\"http:\/\/www.produccion.jujuy.gob.ar\/wp-content\/uploads\/2025\/10\/Felisa-Calpanchay-Huancar-cropped-300x300.png\" class=\"elementor-animation-bounce-in attachment-medium size-medium\" alt=\"\" loading=\"lazy\" srcset=\"http:\/\/www.produccion.jujuy.gob.ar\/wp-content\/uploads\/2025\/10\/Felisa-Calpanchay-Huancar-cropped-300x300.png 300w, http:\/\/www.produccion.jujuy.gob.ar\/wp-content\/uploads\/2025\/10\/Felisa-Calpanchay-Huancar-cropped-1024x1024.png 1024w, http:\/\/www.produccion.jujuy.gob.ar\/wp-content\/uploads\/2025\/10\/Felisa-Calpanchay-Huancar-cropped-150x150.png 150w, http:\/\/www.produccion.jujuy.gob.ar\/wp-content\/uploads\/2025\/10\/Felisa-Calpanchay-Huancar-cropped-768x768.png 768w, http:\/\/www.produccion.jujuy.gob.ar\/wp-content\/uploads\/2025\/10\/Felisa-Calpanchay-Huancar-cropped-1536x1536.png 1536w, http:\/\/www.produccion.jujuy.gob.ar\/wp-content\/uploads\/2025\/10\/Felisa-Calpanchay-Huancar-cropped-2048x2048.png 2048w\" sizes=\"(max-width: 300px) 100vw, 300px\" \/><\/figure><div class=\"elementor-image-box-content\"><h3 class=\"elementor-image-box-title\">Felisa Calpanchay<\/h3><\/div><\/div>\t\t<\/div>\n\t\t\t\t<\/div>\n\t\t\t\t\t<\/div>\n\t\t<\/div>\n\t\t\t\t<div class=\"elementor-column elementor-col-20 elementor-top-column elementor-element elementor-element-39dcf7e\" data-id=\"39dcf7e\" data-element_type=\"column\">\n\t\t\t<div class=\"elementor-widget-wrap elementor-element-populated\">\n\t\t\t\t\t\t\t\t<div class=\"elementor-element elementor-element-869330d elementor-position-top elementor-vertical-align-top elementor-widget elementor-widget-image-box\" data-id=\"869330d\" data-element_type=\"widget\" data-widget_type=\"image-box.default\">\n\t\t\t\t<div class=\"elementor-widget-container\">\n\t\t\t<div class=\"elementor-image-box-wrapper\"><figure class=\"elementor-image-box-img\"><img width=\"300\" height=\"300\" src=\"http:\/\/www.produccion.jujuy.gob.ar\/wp-content\/uploads\/2025\/10\/Felisa-Luzco-Pastos-Chicos-cropped-300x300.png\" class=\"elementor-animation-bounce-in attachment-medium size-medium\" alt=\"\" loading=\"lazy\" srcset=\"http:\/\/www.produccion.jujuy.gob.ar\/wp-content\/uploads\/2025\/10\/Felisa-Luzco-Pastos-Chicos-cropped-300x300.png 300w, http:\/\/www.produccion.jujuy.gob.ar\/wp-content\/uploads\/2025\/10\/Felisa-Luzco-Pastos-Chicos-cropped-1024x1024.png 1024w, http:\/\/www.produccion.jujuy.gob.ar\/wp-content\/uploads\/2025\/10\/Felisa-Luzco-Pastos-Chicos-cropped-150x150.png 150w, http:\/\/www.produccion.jujuy.gob.ar\/wp-content\/uploads\/2025\/10\/Felisa-Luzco-Pastos-Chicos-cropped-768x768.png 768w, http:\/\/www.produccion.jujuy.gob.ar\/wp-content\/uploads\/2025\/10\/Felisa-Luzco-Pastos-Chicos-cropped-1536x1536.png 1536w, http:\/\/www.produccion.jujuy.gob.ar\/wp-content\/uploads\/2025\/10\/Felisa-Luzco-Pastos-Chicos-cropped-2048x2048.png 2048w\" sizes=\"(max-width: 300px) 100vw, 300px\" \/><\/figure><div class=\"elementor-image-box-content\"><h3 class=\"elementor-image-box-title\">Felisa Luzco<\/h3><\/div><\/div>\t\t<\/div>\n\t\t\t\t<\/div>\n\t\t\t\t\t<\/div>\n\t\t<\/div>\n\t\t\t\t\t\t\t<\/div>\n\t\t<\/section>\n\t\t\t\t<section class=\"elementor-section elementor-top-section elementor-element elementor-element-faa8e9e elementor-section-stretched elementor-section-boxed elementor-section-height-default elementor-section-height-default\" data-id=\"faa8e9e\" data-element_type=\"section\" data-settings=\"{&quot;stretch_section&quot;:&quot;section-stretched&quot;,&quot;background_background&quot;:&quot;classic&quot;}\">\n\t\t\t\t\t\t<div class=\"elementor-container elementor-column-gap-default\">\n\t\t\t\t\t<div class=\"elementor-column elementor-col-20 elementor-top-column elementor-element elementor-element-0ca939f\" data-id=\"0ca939f\" data-element_type=\"column\">\n\t\t\t<div class=\"elementor-widget-wrap elementor-element-populated\">\n\t\t\t\t\t\t\t\t<div class=\"elementor-element elementor-element-06a931e elementor-position-top elementor-vertical-align-top elementor-widget elementor-widget-image-box\" data-id=\"06a931e\" data-element_type=\"widget\" data-widget_type=\"image-box.default\">\n\t\t\t\t<div class=\"elementor-widget-container\">\n\t\t\t<div class=\"elementor-image-box-wrapper\"><figure class=\"elementor-image-box-img\"><img width=\"300\" height=\"300\" src=\"http:\/\/www.produccion.jujuy.gob.ar\/wp-content\/uploads\/2025\/10\/Rosa-Puca-El-Toro-cropped-300x300.png\" class=\"elementor-animation-bounce-in attachment-medium size-medium\" alt=\"\" loading=\"lazy\" srcset=\"http:\/\/www.produccion.jujuy.gob.ar\/wp-content\/uploads\/2025\/10\/Rosa-Puca-El-Toro-cropped-300x300.png 300w, http:\/\/www.produccion.jujuy.gob.ar\/wp-content\/uploads\/2025\/10\/Rosa-Puca-El-Toro-cropped-150x150.png 150w, http:\/\/www.produccion.jujuy.gob.ar\/wp-content\/uploads\/2025\/10\/Rosa-Puca-El-Toro-cropped-768x768.png 768w, http:\/\/www.produccion.jujuy.gob.ar\/wp-content\/uploads\/2025\/10\/Rosa-Puca-El-Toro-cropped.png 782w\" sizes=\"(max-width: 300px) 100vw, 300px\" \/><\/figure><div class=\"elementor-image-box-content\"><h3 class=\"elementor-image-box-title\">Rosa Puca<\/h3><\/div><\/div>\t\t<\/div>\n\t\t\t\t<\/div>\n\t\t\t\t\t<\/div>\n\t\t<\/div>\n\t\t\t\t<div class=\"elementor-column elementor-col-20 elementor-top-column elementor-element elementor-element-ab64274\" data-id=\"ab64274\" data-element_type=\"column\">\n\t\t\t<div class=\"elementor-widget-wrap elementor-element-populated\">\n\t\t\t\t\t\t\t\t<div class=\"elementor-element elementor-element-401e2fd elementor-position-top elementor-vertical-align-top elementor-widget elementor-widget-image-box\" data-id=\"401e2fd\" data-element_type=\"widget\" data-widget_type=\"image-box.default\">\n\t\t\t\t<div class=\"elementor-widget-container\">\n\t\t\t<div class=\"elementor-image-box-wrapper\"><figure class=\"elementor-image-box-img\"><img width=\"300\" height=\"300\" src=\"http:\/\/www.produccion.jujuy.gob.ar\/wp-content\/uploads\/2025\/10\/Susana-Vazquez-cropped-300x300.png\" class=\"elementor-animation-bounce-in attachment-medium size-medium\" alt=\"\" loading=\"lazy\" srcset=\"http:\/\/www.produccion.jujuy.gob.ar\/wp-content\/uploads\/2025\/10\/Susana-Vazquez-cropped-300x300.png 300w, http:\/\/www.produccion.jujuy.gob.ar\/wp-content\/uploads\/2025\/10\/Susana-Vazquez-cropped-150x150.png 150w, http:\/\/www.produccion.jujuy.gob.ar\/wp-content\/uploads\/2025\/10\/Susana-Vazquez-cropped-768x768.png 768w, http:\/\/www.produccion.jujuy.gob.ar\/wp-content\/uploads\/2025\/10\/Susana-Vazquez-cropped.png 770w\" sizes=\"(max-width: 300px) 100vw, 300px\" \/><\/figure><div class=\"elementor-image-box-content\"><h3 class=\"elementor-image-box-title\">Susana V\u00e1zquez<\/h3><\/div><\/div>\t\t<\/div>\n\t\t\t\t<\/div>\n\t\t\t\t\t<\/div>\n\t\t<\/div>\n\t\t\t\t<div class=\"elementor-column elementor-col-20 elementor-top-column elementor-element elementor-element-f19f303\" data-id=\"f19f303\" data-element_type=\"column\">\n\t\t\t<div class=\"elementor-widget-wrap elementor-element-populated\">\n\t\t\t\t\t\t\t\t<div class=\"elementor-element elementor-element-3464070 elementor-position-top elementor-vertical-align-top elementor-widget elementor-widget-image-box\" data-id=\"3464070\" data-element_type=\"widget\" data-widget_type=\"image-box.default\">\n\t\t\t\t<div class=\"elementor-widget-container\">\n\t\t\t<div class=\"elementor-image-box-wrapper\"><figure class=\"elementor-image-box-img\"><img width=\"300\" height=\"300\" src=\"http:\/\/www.produccion.jujuy.gob.ar\/wp-content\/uploads\/2025\/10\/Ubaldo-Casimiro-Puesto-Sey-cropped-1-300x300.png\" class=\"elementor-animation-bounce-in attachment-medium size-medium\" alt=\"\" loading=\"lazy\" srcset=\"http:\/\/www.produccion.jujuy.gob.ar\/wp-content\/uploads\/2025\/10\/Ubaldo-Casimiro-Puesto-Sey-cropped-1-300x300.png 300w, http:\/\/www.produccion.jujuy.gob.ar\/wp-content\/uploads\/2025\/10\/Ubaldo-Casimiro-Puesto-Sey-cropped-1-150x150.png 150w, http:\/\/www.produccion.jujuy.gob.ar\/wp-content\/uploads\/2025\/10\/Ubaldo-Casimiro-Puesto-Sey-cropped-1.png 697w\" sizes=\"(max-width: 300px) 100vw, 300px\" \/><\/figure><div class=\"elementor-image-box-content\"><h3 class=\"elementor-image-box-title\">Ubaldo Casimiro<\/h3><\/div><\/div>\t\t<\/div>\n\t\t\t\t<\/div>\n\t\t\t\t\t<\/div>\n\t\t<\/div>\n\t\t\t\t<div class=\"elementor-column elementor-col-20 elementor-top-column elementor-element elementor-element-081e6b9\" data-id=\"081e6b9\" data-element_type=\"column\">\n\t\t\t<div class=\"elementor-widget-wrap elementor-element-populated\">\n\t\t\t\t\t\t\t\t<div class=\"elementor-element elementor-element-13926a5 elementor-position-top elementor-vertical-align-top elementor-widget elementor-widget-image-box\" data-id=\"13926a5\" data-element_type=\"widget\" data-widget_type=\"image-box.default\">\n\t\t\t\t<div class=\"elementor-widget-container\">\n\t\t\t<div class=\"elementor-image-box-wrapper\"><figure class=\"elementor-image-box-img\"><img width=\"300\" height=\"300\" src=\"http:\/\/www.produccion.jujuy.gob.ar\/wp-content\/uploads\/2025\/10\/Vicenta-Soriano-SQS-cropped-300x300.png\" class=\"elementor-animation-bounce-in attachment-medium size-medium\" alt=\"\" loading=\"lazy\" srcset=\"http:\/\/www.produccion.jujuy.gob.ar\/wp-content\/uploads\/2025\/10\/Vicenta-Soriano-SQS-cropped-300x300.png 300w, http:\/\/www.produccion.jujuy.gob.ar\/wp-content\/uploads\/2025\/10\/Vicenta-Soriano-SQS-cropped-150x150.png 150w, http:\/\/www.produccion.jujuy.gob.ar\/wp-content\/uploads\/2025\/10\/Vicenta-Soriano-SQS-cropped.png 484w\" sizes=\"(max-width: 300px) 100vw, 300px\" \/><\/figure><div class=\"elementor-image-box-content\"><h3 class=\"elementor-image-box-title\">Vicenta Soriano<\/h3><\/div><\/div>\t\t<\/div>\n\t\t\t\t<\/div>\n\t\t\t\t\t<\/div>\n\t\t<\/div>\n\t\t\t\t<div class=\"elementor-column elementor-col-20 elementor-top-column elementor-element elementor-element-30dc265\" data-id=\"30dc265\" data-element_type=\"column\">\n\t\t\t<div class=\"elementor-widget-wrap elementor-element-populated\">\n\t\t\t\t\t\t\t\t<div class=\"elementor-element elementor-element-8a7c435 elementor-position-top elementor-vertical-align-top elementor-widget elementor-widget-image-box\" data-id=\"8a7c435\" data-element_type=\"widget\" data-widget_type=\"image-box.default\">\n\t\t\t\t<div class=\"elementor-widget-container\">\n\t\t\t<div class=\"elementor-image-box-wrapper\"><figure class=\"elementor-image-box-img\"><img width=\"232\" height=\"232\" src=\"http:\/\/www.produccion.jujuy.gob.ar\/wp-content\/uploads\/2025\/10\/Zara-Soriano-cropped.png\" class=\"elementor-animation-bounce-in attachment-medium size-medium\" alt=\"\" loading=\"lazy\" srcset=\"http:\/\/www.produccion.jujuy.gob.ar\/wp-content\/uploads\/2025\/10\/Zara-Soriano-cropped.png 232w, http:\/\/www.produccion.jujuy.gob.ar\/wp-content\/uploads\/2025\/10\/Zara-Soriano-cropped-150x150.png 150w\" sizes=\"(max-width: 232px) 100vw, 232px\" \/><\/figure><div class=\"elementor-image-box-content\"><h3 class=\"elementor-image-box-title\">Zara Soriano<\/h3><\/div><\/div>\t\t<\/div>\n\t\t\t\t<\/div>\n\t\t\t\t\t<\/div>\n\t\t<\/div>\n\t\t\t\t\t\t\t<\/div>\n\t\t<\/section>\n\t\t\t\t<section class=\"elementor-section elementor-top-section elementor-element elementor-element-2bc8757 elementor-section-stretched elementor-section-boxed elementor-section-height-default elementor-section-height-default\" data-id=\"2bc8757\" data-element_type=\"section\" data-settings=\"{&quot;stretch_section&quot;:&quot;section-stretched&quot;,&quot;background_background&quot;:&quot;classic&quot;}\">\n\t\t\t\t\t\t<div class=\"elementor-container elementor-column-gap-default\">\n\t\t\t\t\t<div class=\"elementor-column elementor-col-100 elementor-top-column elementor-element elementor-element-85ac650\" data-id=\"85ac650\" data-element_type=\"column\">\n\t\t\t<div class=\"elementor-widget-wrap elementor-element-populated\">\n\t\t\t\t\t\t\t\t<div class=\"elementor-element elementor-element-6dc4ad8 elementor-widget elementor-widget-spacer\" data-id=\"6dc4ad8\" data-element_type=\"widget\" data-widget_type=\"spacer.default\">\n\t\t\t\t<div class=\"elementor-widget-container\">\n\t\t\t\t\t<div class=\"elementor-spacer\">\n\t\t\t<div class=\"elementor-spacer-inner\"><\/div>\n\t\t<\/div>\n\t\t\t\t<\/div>\n\t\t\t\t<\/div>\n\t\t\t\t<div class=\"elementor-element elementor-element-98fe54e elementor-widget elementor-widget-heading\" data-id=\"98fe54e\" data-element_type=\"widget\" data-widget_type=\"heading.default\">\n\t\t\t\t<div class=\"elementor-widget-container\">\n\t\t\t<h2 class=\"elementor-heading-title elementor-size-default\">KISMA\n<\/h2>\t\t<\/div>\n\t\t\t\t<\/div>\n\t\t\t\t\t<\/div>\n\t\t<\/div>\n\t\t\t\t\t\t\t<\/div>\n\t\t<\/section>\n\t\t\t\t<section class=\"elementor-section elementor-top-section elementor-element elementor-element-3df4959 elementor-section-stretched elementor-section-boxed elementor-section-height-default elementor-section-height-default\" data-id=\"3df4959\" data-element_type=\"section\" data-settings=\"{&quot;stretch_section&quot;:&quot;section-stretched&quot;,&quot;background_background&quot;:&quot;classic&quot;}\">\n\t\t\t\t\t\t<div class=\"elementor-container elementor-column-gap-default\">\n\t\t\t\t\t<div class=\"elementor-column elementor-col-25 elementor-top-column elementor-element elementor-element-3f8dd5b\" data-id=\"3f8dd5b\" data-element_type=\"column\">\n\t\t\t<div class=\"elementor-widget-wrap elementor-element-populated\">\n\t\t\t\t\t\t\t\t<div class=\"elementor-element elementor-element-3f4a987 elementor-position-top elementor-vertical-align-top elementor-widget elementor-widget-image-box\" data-id=\"3f4a987\" data-element_type=\"widget\" data-widget_type=\"image-box.default\">\n\t\t\t\t<div class=\"elementor-widget-container\">\n\t\t\t<div class=\"elementor-image-box-wrapper\"><figure class=\"elementor-image-box-img\"><img width=\"300\" height=\"300\" src=\"http:\/\/www.produccion.jujuy.gob.ar\/wp-content\/uploads\/2025\/10\/Ana-Alancay-cropped-300x300.png\" class=\"elementor-animation-bounce-in attachment-medium size-medium\" alt=\"\" loading=\"lazy\" srcset=\"http:\/\/www.produccion.jujuy.gob.ar\/wp-content\/uploads\/2025\/10\/Ana-Alancay-cropped-300x300.png 300w, http:\/\/www.produccion.jujuy.gob.ar\/wp-content\/uploads\/2025\/10\/Ana-Alancay-cropped-150x150.png 150w, http:\/\/www.produccion.jujuy.gob.ar\/wp-content\/uploads\/2025\/10\/Ana-Alancay-cropped.png 474w\" sizes=\"(max-width: 300px) 100vw, 300px\" \/><\/figure><div class=\"elementor-image-box-content\"><h3 class=\"elementor-image-box-title\">Ana Alancay<\/h3><\/div><\/div>\t\t<\/div>\n\t\t\t\t<\/div>\n\t\t\t\t\t<\/div>\n\t\t<\/div>\n\t\t\t\t<div class=\"elementor-column elementor-col-25 elementor-top-column elementor-element elementor-element-5cfaa2b\" data-id=\"5cfaa2b\" data-element_type=\"column\">\n\t\t\t<div class=\"elementor-widget-wrap elementor-element-populated\">\n\t\t\t\t\t\t\t\t<div class=\"elementor-element elementor-element-55beaa6 elementor-position-top elementor-vertical-align-top elementor-widget elementor-widget-image-box\" data-id=\"55beaa6\" data-element_type=\"widget\" data-widget_type=\"image-box.default\">\n\t\t\t\t<div class=\"elementor-widget-container\">\n\t\t\t<div class=\"elementor-image-box-wrapper\"><figure class=\"elementor-image-box-img\"><img width=\"300\" height=\"300\" src=\"http:\/\/www.produccion.jujuy.gob.ar\/wp-content\/uploads\/2025\/10\/Andrea-Morales-cropped-300x300.png\" class=\"elementor-animation-bounce-in attachment-medium size-medium\" alt=\"\" loading=\"lazy\" srcset=\"http:\/\/www.produccion.jujuy.gob.ar\/wp-content\/uploads\/2025\/10\/Andrea-Morales-cropped-300x300.png 300w, http:\/\/www.produccion.jujuy.gob.ar\/wp-content\/uploads\/2025\/10\/Andrea-Morales-cropped-150x150.png 150w, http:\/\/www.produccion.jujuy.gob.ar\/wp-content\/uploads\/2025\/10\/Andrea-Morales-cropped.png 460w\" sizes=\"(max-width: 300px) 100vw, 300px\" \/><\/figure><div class=\"elementor-image-box-content\"><h3 class=\"elementor-image-box-title\">Andrea Morales<\/h3><\/div><\/div>\t\t<\/div>\n\t\t\t\t<\/div>\n\t\t\t\t\t<\/div>\n\t\t<\/div>\n\t\t\t\t<div class=\"elementor-column elementor-col-25 elementor-top-column elementor-element elementor-element-c2a40f9\" data-id=\"c2a40f9\" data-element_type=\"column\">\n\t\t\t<div class=\"elementor-widget-wrap elementor-element-populated\">\n\t\t\t\t\t\t\t\t<div class=\"elementor-element elementor-element-c7f15ca elementor-position-top elementor-vertical-align-top elementor-widget elementor-widget-image-box\" data-id=\"c7f15ca\" data-element_type=\"widget\" data-widget_type=\"image-box.default\">\n\t\t\t\t<div class=\"elementor-widget-container\">\n\t\t\t<div class=\"elementor-image-box-wrapper\"><figure class=\"elementor-image-box-img\"><img width=\"300\" height=\"300\" src=\"http:\/\/www.produccion.jujuy.gob.ar\/wp-content\/uploads\/2025\/10\/Emilia-Lamas-cropped-300x300.png\" class=\"elementor-animation-bounce-in attachment-medium size-medium\" alt=\"\" loading=\"lazy\" srcset=\"http:\/\/www.produccion.jujuy.gob.ar\/wp-content\/uploads\/2025\/10\/Emilia-Lamas-cropped-300x300.png 300w, http:\/\/www.produccion.jujuy.gob.ar\/wp-content\/uploads\/2025\/10\/Emilia-Lamas-cropped-150x150.png 150w, http:\/\/www.produccion.jujuy.gob.ar\/wp-content\/uploads\/2025\/10\/Emilia-Lamas-cropped.png 515w\" sizes=\"(max-width: 300px) 100vw, 300px\" \/><\/figure><div class=\"elementor-image-box-content\"><h3 class=\"elementor-image-box-title\">Emilia Lamas<\/h3><\/div><\/div>\t\t<\/div>\n\t\t\t\t<\/div>\n\t\t\t\t\t<\/div>\n\t\t<\/div>\n\t\t\t\t<div class=\"elementor-column elementor-col-25 elementor-top-column elementor-element elementor-element-3818207\" data-id=\"3818207\" data-element_type=\"column\">\n\t\t\t<div class=\"elementor-widget-wrap elementor-element-populated\">\n\t\t\t\t\t\t\t\t<div class=\"elementor-element elementor-element-c9e0cc6 elementor-position-top elementor-vertical-align-top elementor-widget elementor-widget-image-box\" data-id=\"c9e0cc6\" data-element_type=\"widget\" data-widget_type=\"image-box.default\">\n\t\t\t\t<div class=\"elementor-widget-container\">\n\t\t\t<div class=\"elementor-image-box-wrapper\"><figure class=\"elementor-image-box-img\"><img width=\"300\" height=\"300\" src=\"http:\/\/www.produccion.jujuy.gob.ar\/wp-content\/uploads\/2025\/10\/Fatima-Alancay-cropped-300x300.png\" class=\"elementor-animation-bounce-in attachment-medium size-medium\" alt=\"\" loading=\"lazy\" srcset=\"http:\/\/www.produccion.jujuy.gob.ar\/wp-content\/uploads\/2025\/10\/Fatima-Alancay-cropped-300x300.png 300w, http:\/\/www.produccion.jujuy.gob.ar\/wp-content\/uploads\/2025\/10\/Fatima-Alancay-cropped-150x150.png 150w, http:\/\/www.produccion.jujuy.gob.ar\/wp-content\/uploads\/2025\/10\/Fatima-Alancay-cropped.png 438w\" sizes=\"(max-width: 300px) 100vw, 300px\" \/><\/figure><div class=\"elementor-image-box-content\"><h3 class=\"elementor-image-box-title\">F\u00e1tima Alancay<\/h3><\/div><\/div>\t\t<\/div>\n\t\t\t\t<\/div>\n\t\t\t\t\t<\/div>\n\t\t<\/div>\n\t\t\t\t\t\t\t<\/div>\n\t\t<\/section>\n\t\t\t\t<section class=\"elementor-section elementor-top-section elementor-element elementor-element-4e00d86 elementor-section-stretched elementor-section-boxed elementor-section-height-default elementor-section-height-default\" data-id=\"4e00d86\" data-element_type=\"section\" data-settings=\"{&quot;stretch_section&quot;:&quot;section-stretched&quot;,&quot;background_background&quot;:&quot;classic&quot;}\">\n\t\t\t\t\t\t<div class=\"elementor-container elementor-column-gap-default\">\n\t\t\t\t\t<div class=\"elementor-column elementor-col-25 elementor-top-column elementor-element elementor-element-a398a4c\" data-id=\"a398a4c\" data-element_type=\"column\">\n\t\t\t<div class=\"elementor-widget-wrap elementor-element-populated\">\n\t\t\t\t\t\t\t\t<div class=\"elementor-element elementor-element-ebf63e8 elementor-position-top elementor-vertical-align-top elementor-widget elementor-widget-image-box\" data-id=\"ebf63e8\" data-element_type=\"widget\" data-widget_type=\"image-box.default\">\n\t\t\t\t<div class=\"elementor-widget-container\">\n\t\t\t<div class=\"elementor-image-box-wrapper\"><figure class=\"elementor-image-box-img\"><img width=\"300\" height=\"300\" src=\"http:\/\/www.produccion.jujuy.gob.ar\/wp-content\/uploads\/2025\/10\/Josefina-Morales-2-cropped-300x300.png\" class=\"elementor-animation-bounce-in attachment-medium size-medium\" alt=\"\" loading=\"lazy\" srcset=\"http:\/\/www.produccion.jujuy.gob.ar\/wp-content\/uploads\/2025\/10\/Josefina-Morales-2-cropped-300x300.png 300w, http:\/\/www.produccion.jujuy.gob.ar\/wp-content\/uploads\/2025\/10\/Josefina-Morales-2-cropped-150x150.png 150w, http:\/\/www.produccion.jujuy.gob.ar\/wp-content\/uploads\/2025\/10\/Josefina-Morales-2-cropped.png 418w\" sizes=\"(max-width: 300px) 100vw, 300px\" \/><\/figure><div class=\"elementor-image-box-content\"><h3 class=\"elementor-image-box-title\">Josefina Morales<\/h3><\/div><\/div>\t\t<\/div>\n\t\t\t\t<\/div>\n\t\t\t\t\t<\/div>\n\t\t<\/div>\n\t\t\t\t<div class=\"elementor-column elementor-col-25 elementor-top-column elementor-element elementor-element-9481cf8\" data-id=\"9481cf8\" data-element_type=\"column\">\n\t\t\t<div class=\"elementor-widget-wrap elementor-element-populated\">\n\t\t\t\t\t\t\t\t<div class=\"elementor-element elementor-element-f5660e3 elementor-position-top elementor-vertical-align-top elementor-widget elementor-widget-image-box\" data-id=\"f5660e3\" data-element_type=\"widget\" data-widget_type=\"image-box.default\">\n\t\t\t\t<div class=\"elementor-widget-container\">\n\t\t\t<div class=\"elementor-image-box-wrapper\"><figure class=\"elementor-image-box-img\"><img width=\"300\" height=\"300\" src=\"http:\/\/www.produccion.jujuy.gob.ar\/wp-content\/uploads\/2025\/10\/Matilde-Alancay-cropped-300x300.png\" class=\"elementor-animation-bounce-in attachment-medium size-medium\" alt=\"\" loading=\"lazy\" srcset=\"http:\/\/www.produccion.jujuy.gob.ar\/wp-content\/uploads\/2025\/10\/Matilde-Alancay-cropped-300x300.png 300w, http:\/\/www.produccion.jujuy.gob.ar\/wp-content\/uploads\/2025\/10\/Matilde-Alancay-cropped-150x150.png 150w, http:\/\/www.produccion.jujuy.gob.ar\/wp-content\/uploads\/2025\/10\/Matilde-Alancay-cropped.png 593w\" sizes=\"(max-width: 300px) 100vw, 300px\" \/><\/figure><div class=\"elementor-image-box-content\"><h3 class=\"elementor-image-box-title\">Matilde Alancay<\/h3><\/div><\/div>\t\t<\/div>\n\t\t\t\t<\/div>\n\t\t\t\t\t<\/div>\n\t\t<\/div>\n\t\t\t\t<div class=\"elementor-column elementor-col-25 elementor-top-column elementor-element elementor-element-1669a9e\" data-id=\"1669a9e\" data-element_type=\"column\">\n\t\t\t<div class=\"elementor-widget-wrap\">\n\t\t\t\t\t\t\t\t\t<\/div>\n\t\t<\/div>\n\t\t\t\t<div class=\"elementor-column elementor-col-25 elementor-top-column elementor-element elementor-element-a21c023\" data-id=\"a21c023\" data-element_type=\"column\">\n\t\t\t<div class=\"elementor-widget-wrap\">\n\t\t\t\t\t\t\t\t\t<\/div>\n\t\t<\/div>\n\t\t\t\t\t\t\t<\/div>\n\t\t<\/section>\n\t\t\t\t<section class=\"elementor-section elementor-top-section elementor-element elementor-element-d129f8d elementor-section-stretched elementor-section-boxed elementor-section-height-default elementor-section-height-default\" data-id=\"d129f8d\" data-element_type=\"section\" data-settings=\"{&quot;stretch_section&quot;:&quot;section-stretched&quot;,&quot;background_background&quot;:&quot;classic&quot;}\">\n\t\t\t\t\t\t<div class=\"elementor-container elementor-column-gap-default\">\n\t\t\t\t\t<div class=\"elementor-column elementor-col-100 elementor-top-column elementor-element elementor-element-cd40814\" data-id=\"cd40814\" data-element_type=\"column\">\n\t\t\t<div class=\"elementor-widget-wrap elementor-element-populated\">\n\t\t\t\t\t\t\t\t<div class=\"elementor-element elementor-element-2d5c4a6 elementor-widget elementor-widget-spacer\" data-id=\"2d5c4a6\" data-element_type=\"widget\" data-widget_type=\"spacer.default\">\n\t\t\t\t<div class=\"elementor-widget-container\">\n\t\t\t\t\t<div class=\"elementor-spacer\">\n\t\t\t<div class=\"elementor-spacer-inner\"><\/div>\n\t\t<\/div>\n\t\t\t\t<\/div>\n\t\t\t\t<\/div>\n\t\t\t\t<div class=\"elementor-element elementor-element-a3b5ba8 elementor-widget elementor-widget-heading\" data-id=\"a3b5ba8\" data-element_type=\"widget\" data-widget_type=\"heading.default\">\n\t\t\t\t<div class=\"elementor-widget-container\">\n\t\t\t<h2 class=\"elementor-heading-title elementor-size-default\">LLOQUE\n<\/h2>\t\t<\/div>\n\t\t\t\t<\/div>\n\t\t\t\t\t<\/div>\n\t\t<\/div>\n\t\t\t\t\t\t\t<\/div>\n\t\t<\/section>\n\t\t\t\t<section class=\"elementor-section elementor-top-section elementor-element elementor-element-599184e elementor-section-stretched elementor-section-boxed elementor-section-height-default elementor-section-height-default\" data-id=\"599184e\" data-element_type=\"section\" data-settings=\"{&quot;stretch_section&quot;:&quot;section-stretched&quot;,&quot;background_background&quot;:&quot;classic&quot;}\">\n\t\t\t\t\t\t<div class=\"elementor-container elementor-column-gap-default\">\n\t\t\t\t\t<div class=\"elementor-column elementor-col-25 elementor-top-column elementor-element elementor-element-1371191\" data-id=\"1371191\" data-element_type=\"column\">\n\t\t\t<div class=\"elementor-widget-wrap elementor-element-populated\">\n\t\t\t\t\t\t\t\t<div class=\"elementor-element elementor-element-9ff6cfa elementor-position-top elementor-vertical-align-top elementor-widget elementor-widget-image-box\" data-id=\"9ff6cfa\" data-element_type=\"widget\" data-widget_type=\"image-box.default\">\n\t\t\t\t<div class=\"elementor-widget-container\">\n\t\t\t<div class=\"elementor-image-box-wrapper\"><figure class=\"elementor-image-box-img\"><img width=\"300\" height=\"300\" src=\"http:\/\/www.produccion.jujuy.gob.ar\/wp-content\/uploads\/2025\/10\/Andrea-Morales-Lloque-cropped-300x300.png\" class=\"elementor-animation-bounce-in attachment-medium size-medium\" alt=\"\" loading=\"lazy\" srcset=\"http:\/\/www.produccion.jujuy.gob.ar\/wp-content\/uploads\/2025\/10\/Andrea-Morales-Lloque-cropped-300x300.png 300w, http:\/\/www.produccion.jujuy.gob.ar\/wp-content\/uploads\/2025\/10\/Andrea-Morales-Lloque-cropped-150x150.png 150w, http:\/\/www.produccion.jujuy.gob.ar\/wp-content\/uploads\/2025\/10\/Andrea-Morales-Lloque-cropped.png 577w\" sizes=\"(max-width: 300px) 100vw, 300px\" \/><\/figure><div class=\"elementor-image-box-content\"><h3 class=\"elementor-image-box-title\">Andrea Morales<\/h3><\/div><\/div>\t\t<\/div>\n\t\t\t\t<\/div>\n\t\t\t\t\t<\/div>\n\t\t<\/div>\n\t\t\t\t<div class=\"elementor-column elementor-col-25 elementor-top-column elementor-element elementor-element-597ae38\" data-id=\"597ae38\" data-element_type=\"column\">\n\t\t\t<div class=\"elementor-widget-wrap elementor-element-populated\">\n\t\t\t\t\t\t\t\t<div class=\"elementor-element elementor-element-c87ba76 elementor-position-top elementor-vertical-align-top elementor-widget elementor-widget-image-box\" data-id=\"c87ba76\" data-element_type=\"widget\" data-widget_type=\"image-box.default\">\n\t\t\t\t<div class=\"elementor-widget-container\">\n\t\t\t<div class=\"elementor-image-box-wrapper\"><figure class=\"elementor-image-box-img\"><img width=\"300\" height=\"300\" src=\"http:\/\/www.produccion.jujuy.gob.ar\/wp-content\/uploads\/2025\/10\/Antonia-Barconte-cropped-300x300.png\" class=\"elementor-animation-bounce-in attachment-medium size-medium\" alt=\"\" loading=\"lazy\" srcset=\"http:\/\/www.produccion.jujuy.gob.ar\/wp-content\/uploads\/2025\/10\/Antonia-Barconte-cropped-300x300.png 300w, http:\/\/www.produccion.jujuy.gob.ar\/wp-content\/uploads\/2025\/10\/Antonia-Barconte-cropped-150x150.png 150w, http:\/\/www.produccion.jujuy.gob.ar\/wp-content\/uploads\/2025\/10\/Antonia-Barconte-cropped.png 634w\" sizes=\"(max-width: 300px) 100vw, 300px\" \/><\/figure><div class=\"elementor-image-box-content\"><h3 class=\"elementor-image-box-title\">Antonia Barconte<\/h3><\/div><\/div>\t\t<\/div>\n\t\t\t\t<\/div>\n\t\t\t\t\t<\/div>\n\t\t<\/div>\n\t\t\t\t<div class=\"elementor-column elementor-col-25 elementor-top-column elementor-element elementor-element-1c7f891\" data-id=\"1c7f891\" data-element_type=\"column\">\n\t\t\t<div class=\"elementor-widget-wrap elementor-element-populated\">\n\t\t\t\t\t\t\t\t<div class=\"elementor-element elementor-element-b48474c elementor-position-top elementor-vertical-align-top elementor-widget elementor-widget-image-box\" data-id=\"b48474c\" data-element_type=\"widget\" data-widget_type=\"image-box.default\">\n\t\t\t\t<div class=\"elementor-widget-container\">\n\t\t\t<div class=\"elementor-image-box-wrapper\"><figure class=\"elementor-image-box-img\"><img width=\"300\" height=\"300\" src=\"http:\/\/www.produccion.jujuy.gob.ar\/wp-content\/uploads\/2025\/10\/Celia-Barconte-cropped-300x300.png\" class=\"elementor-animation-bounce-in attachment-medium size-medium\" alt=\"\" loading=\"lazy\" srcset=\"http:\/\/www.produccion.jujuy.gob.ar\/wp-content\/uploads\/2025\/10\/Celia-Barconte-cropped-300x300.png 300w, http:\/\/www.produccion.jujuy.gob.ar\/wp-content\/uploads\/2025\/10\/Celia-Barconte-cropped-150x150.png 150w, http:\/\/www.produccion.jujuy.gob.ar\/wp-content\/uploads\/2025\/10\/Celia-Barconte-cropped.png 634w\" sizes=\"(max-width: 300px) 100vw, 300px\" \/><\/figure><div class=\"elementor-image-box-content\"><h3 class=\"elementor-image-box-title\">Celia Barconte<\/h3><\/div><\/div>\t\t<\/div>\n\t\t\t\t<\/div>\n\t\t\t\t\t<\/div>\n\t\t<\/div>\n\t\t\t\t<div class=\"elementor-column elementor-col-25 elementor-top-column elementor-element elementor-element-bc12702\" data-id=\"bc12702\" data-element_type=\"column\">\n\t\t\t<div class=\"elementor-widget-wrap elementor-element-populated\">\n\t\t\t\t\t\t\t\t<div class=\"elementor-element elementor-element-5a5b84a elementor-position-top elementor-vertical-align-top elementor-widget elementor-widget-image-box\" data-id=\"5a5b84a\" data-element_type=\"widget\" data-widget_type=\"image-box.default\">\n\t\t\t\t<div class=\"elementor-widget-container\">\n\t\t\t<div class=\"elementor-image-box-wrapper\"><figure class=\"elementor-image-box-img\"><img width=\"300\" height=\"300\" src=\"http:\/\/www.produccion.jujuy.gob.ar\/wp-content\/uploads\/2025\/10\/Victorina-Alancay-cropped-300x300.png\" class=\"elementor-animation-bounce-in attachment-medium size-medium\" alt=\"\" loading=\"lazy\" srcset=\"http:\/\/www.produccion.jujuy.gob.ar\/wp-content\/uploads\/2025\/10\/Victorina-Alancay-cropped-300x300.png 300w, http:\/\/www.produccion.jujuy.gob.ar\/wp-content\/uploads\/2025\/10\/Victorina-Alancay-cropped-150x150.png 150w, http:\/\/www.produccion.jujuy.gob.ar\/wp-content\/uploads\/2025\/10\/Victorina-Alancay-cropped.png 698w\" sizes=\"(max-width: 300px) 100vw, 300px\" \/><\/figure><div class=\"elementor-image-box-content\"><h3 class=\"elementor-image-box-title\">Victorina Alancay<\/h3><\/div><\/div>\t\t<\/div>\n\t\t\t\t<\/div>\n\t\t\t\t\t<\/div>\n\t\t<\/div>\n\t\t\t\t\t\t\t<\/div>\n\t\t<\/section>\n\t\t\t\t<section class=\"elementor-section elementor-top-section elementor-element elementor-element-b3c5ff6 elementor-section-stretched elementor-section-boxed elementor-section-height-default elementor-section-height-default\" data-id=\"b3c5ff6\" data-element_type=\"section\" data-settings=\"{&quot;stretch_section&quot;:&quot;section-stretched&quot;,&quot;background_background&quot;:&quot;classic&quot;}\">\n\t\t\t\t\t\t<div class=\"elementor-container elementor-column-gap-default\">\n\t\t\t\t\t<div class=\"elementor-column elementor-col-25 elementor-top-column elementor-element elementor-element-ba7238c\" data-id=\"ba7238c\" data-element_type=\"column\">\n\t\t\t<div class=\"elementor-widget-wrap elementor-element-populated\">\n\t\t\t\t\t\t\t\t<div class=\"elementor-element elementor-element-f19725f elementor-position-top elementor-vertical-align-top elementor-widget elementor-widget-image-box\" data-id=\"f19725f\" data-element_type=\"widget\" data-widget_type=\"image-box.default\">\n\t\t\t\t<div class=\"elementor-widget-container\">\n\t\t\t<div class=\"elementor-image-box-wrapper\"><figure class=\"elementor-image-box-img\"><img width=\"300\" height=\"300\" src=\"http:\/\/www.produccion.jujuy.gob.ar\/wp-content\/uploads\/2025\/10\/Mirta-Sarapura-y-Cintia-Barconte-cropped-300x300.png\" class=\"elementor-animation-bounce-in attachment-medium size-medium\" alt=\"\" loading=\"lazy\" srcset=\"http:\/\/www.produccion.jujuy.gob.ar\/wp-content\/uploads\/2025\/10\/Mirta-Sarapura-y-Cintia-Barconte-cropped-300x300.png 300w, http:\/\/www.produccion.jujuy.gob.ar\/wp-content\/uploads\/2025\/10\/Mirta-Sarapura-y-Cintia-Barconte-cropped-150x150.png 150w, http:\/\/www.produccion.jujuy.gob.ar\/wp-content\/uploads\/2025\/10\/Mirta-Sarapura-y-Cintia-Barconte-cropped.png 768w\" sizes=\"(max-width: 300px) 100vw, 300px\" \/><\/figure><div class=\"elementor-image-box-content\"><h3 class=\"elementor-image-box-title\">Mirta Sarapura y Cintia Baraconte<\/h3><\/div><\/div>\t\t<\/div>\n\t\t\t\t<\/div>\n\t\t\t\t\t<\/div>\n\t\t<\/div>\n\t\t\t\t<div class=\"elementor-column elementor-col-25 elementor-top-column elementor-element elementor-element-c21cbd1\" data-id=\"c21cbd1\" data-element_type=\"column\">\n\t\t\t<div class=\"elementor-widget-wrap\">\n\t\t\t\t\t\t\t\t\t<\/div>\n\t\t<\/div>\n\t\t\t\t<div class=\"elementor-column elementor-col-25 elementor-top-column elementor-element elementor-element-59846f1\" data-id=\"59846f1\" data-element_type=\"column\">\n\t\t\t<div class=\"elementor-widget-wrap\">\n\t\t\t\t\t\t\t\t\t<\/div>\n\t\t<\/div>\n\t\t\t\t<div class=\"elementor-column elementor-col-25 elementor-top-column elementor-element elementor-element-58fac58\" data-id=\"58fac58\" data-element_type=\"column\">\n\t\t\t<div class=\"elementor-widget-wrap\">\n\t\t\t\t\t\t\t\t\t<\/div>\n\t\t<\/div>\n\t\t\t\t\t\t\t<\/div>\n\t\t<\/section>\n\t\t\t\t<section class=\"elementor-section elementor-top-section elementor-element elementor-element-75da6a1 elementor-section-stretched elementor-section-boxed elementor-section-height-default elementor-section-height-default\" data-id=\"75da6a1\" data-element_type=\"section\" data-settings=\"{&quot;stretch_section&quot;:&quot;section-stretched&quot;,&quot;background_background&quot;:&quot;classic&quot;}\">\n\t\t\t\t\t\t<div class=\"elementor-container elementor-column-gap-default\">\n\t\t\t\t\t<div class=\"elementor-column elementor-col-100 elementor-top-column elementor-element elementor-element-0e59ef4\" data-id=\"0e59ef4\" data-element_type=\"column\">\n\t\t\t<div class=\"elementor-widget-wrap elementor-element-populated\">\n\t\t\t\t\t\t\t\t<div class=\"elementor-element elementor-element-cc4a256 elementor-widget elementor-widget-spacer\" data-id=\"cc4a256\" data-element_type=\"widget\" data-widget_type=\"spacer.default\">\n\t\t\t\t<div class=\"elementor-widget-container\">\n\t\t\t\t\t<div class=\"elementor-spacer\">\n\t\t\t<div class=\"elementor-spacer-inner\"><\/div>\n\t\t<\/div>\n\t\t\t\t<\/div>\n\t\t\t\t<\/div>\n\t\t\t\t<div class=\"elementor-element elementor-element-59a5c33 elementor-widget elementor-widget-heading\" data-id=\"59a5c33\" data-element_type=\"widget\" data-widget_type=\"heading.default\">\n\t\t\t\t<div class=\"elementor-widget-container\">\n\t\t\t<h2 class=\"elementor-heading-title elementor-size-default\"><i class=\"fas fa-paperclip\"><\/i> NUESTROS DISE\u00d1ADORES\n\n<\/h2>\t\t<\/div>\n\t\t\t\t<\/div>\n\t\t\t\t<div class=\"elementor-element elementor-element-41c1d19 elementor-widget elementor-widget-spacer\" data-id=\"41c1d19\" data-element_type=\"widget\" data-widget_type=\"spacer.default\">\n\t\t\t\t<div class=\"elementor-widget-container\">\n\t\t\t\t\t<div class=\"elementor-spacer\">\n\t\t\t<div class=\"elementor-spacer-inner\"><\/div>\n\t\t<\/div>\n\t\t\t\t<\/div>\n\t\t\t\t<\/div>\n\t\t\t\t\t<\/div>\n\t\t<\/div>\n\t\t\t\t\t\t\t<\/div>\n\t\t<\/section>\n\t\t\t\t<section class=\"elementor-section elementor-top-section elementor-element elementor-element-a7b3763 elementor-section-stretched elementor-section-boxed elementor-section-height-default elementor-section-height-default\" data-id=\"a7b3763\" data-element_type=\"section\" data-settings=\"{&quot;stretch_section&quot;:&quot;section-stretched&quot;,&quot;background_background&quot;:&quot;classic&quot;}\">\n\t\t\t\t\t\t<div class=\"elementor-container elementor-column-gap-default\">\n\t\t\t\t\t<div class=\"elementor-column elementor-col-33 elementor-top-column elementor-element elementor-element-283fed0\" data-id=\"283fed0\" data-element_type=\"column\">\n\t\t\t<div class=\"elementor-widget-wrap elementor-element-populated\">\n\t\t\t\t\t\t\t\t<div class=\"elementor-element elementor-element-fde5afe elementor-widget elementor-widget-image\" data-id=\"fde5afe\" data-element_type=\"widget\" data-widget_type=\"image.default\">\n\t\t\t\t<div class=\"elementor-widget-container\">\n\t\t\t\t\t\t\t\t\t\t\t\t\t\t\t<img width=\"300\" height=\"150\" src=\"http:\/\/www.produccion.jujuy.gob.ar\/wp-content\/uploads\/2025\/10\/Logo-CarolinaHansen-300x150.jpg\" class=\"attachment-medium size-medium\" alt=\"\" loading=\"lazy\" srcset=\"http:\/\/www.produccion.jujuy.gob.ar\/wp-content\/uploads\/2025\/10\/Logo-CarolinaHansen-300x150.jpg 300w, http:\/\/www.produccion.jujuy.gob.ar\/wp-content\/uploads\/2025\/10\/Logo-CarolinaHansen-1024x512.jpg 1024w, http:\/\/www.produccion.jujuy.gob.ar\/wp-content\/uploads\/2025\/10\/Logo-CarolinaHansen-768x384.jpg 768w, http:\/\/www.produccion.jujuy.gob.ar\/wp-content\/uploads\/2025\/10\/Logo-CarolinaHansen.jpg 1182w\" sizes=\"(max-width: 300px) 100vw, 300px\" \/>\t\t\t\t\t\t\t\t\t\t\t\t\t\t\t<\/div>\n\t\t\t\t<\/div>\n\t\t\t\t\t<\/div>\n\t\t<\/div>\n\t\t\t\t<div class=\"elementor-column elementor-col-66 elementor-top-column elementor-element elementor-element-e4d5d0d\" data-id=\"e4d5d0d\" data-element_type=\"column\">\n\t\t\t<div class=\"elementor-widget-wrap elementor-element-populated\">\n\t\t\t\t\t\t\t\t<div class=\"elementor-element elementor-element-3b0fdb1 elementor-widget elementor-widget-heading\" data-id=\"3b0fdb1\" data-element_type=\"widget\" data-widget_type=\"heading.default\">\n\t\t\t\t<div class=\"elementor-widget-container\">\n\t\t\t<h2 class=\"elementor-heading-title elementor-size-default\">CAROLINA HANSEN<\/h2>\t\t<\/div>\n\t\t\t\t<\/div>\n\t\t\t\t<div class=\"elementor-element elementor-element-60ad0ca elementor-widget elementor-widget-heading\" data-id=\"60ad0ca\" data-element_type=\"widget\" data-widget_type=\"heading.default\">\n\t\t\t\t<div class=\"elementor-widget-container\">\n\t\t\t<h6 class=\"elementor-heading-title elementor-size-default\">Carolina Hansen Tejidos nace en el a\u00f1o 2006, en la localidad de Lozano con la inquietud de dise\u00f1ar piezas \u00fanicas de singular estilo, dejando en cada creaci\u00f3n impresa la inmensidad de paisajes que nos regala Jujuy.<br>\nCada obra es \u00fanica y se elabora con fibras genuinas, nobles y cuidadosamente seleccionadas, donde el cuero y la alpaca se combinan para dar forma a una est\u00e9tica distinguida, reconocida por su elegancia y autenticidad.<br>\nGuiada por una mirada creativa y contempor\u00e1nea, la dise\u00f1adora transforma las t\u00e9cnicas manuales tradicionales en un lenguaje propio, logrando que cada prenda sea un testimonio vivo de paciencia, innovaci\u00f3n y sensibilidad art\u00edstica.<br>\nEn cada prenda se busca revalorizar las t\u00e9cnicas manuales, no solo transmitiendo historia, sino tambi\u00e9n el reflejo del alma de las tejedoras dejando en  cada creaci\u00f3n en un testimonio vivo de dedicaci\u00f3n y paciencia.<\/h6>\t\t<\/div>\n\t\t\t\t<\/div>\n\t\t\t\t\t<\/div>\n\t\t<\/div>\n\t\t\t\t\t\t\t<\/div>\n\t\t<\/section>\n\t\t\t\t<section class=\"elementor-section elementor-top-section elementor-element elementor-element-ef701d4 elementor-section-stretched elementor-section-boxed elementor-section-height-default elementor-section-height-default\" data-id=\"ef701d4\" data-element_type=\"section\" data-settings=\"{&quot;stretch_section&quot;:&quot;section-stretched&quot;,&quot;background_background&quot;:&quot;classic&quot;}\">\n\t\t\t\t\t\t<div class=\"elementor-container elementor-column-gap-default\">\n\t\t\t\t\t<div class=\"elementor-column elementor-col-33 elementor-top-column elementor-element elementor-element-e026a59\" data-id=\"e026a59\" data-element_type=\"column\">\n\t\t\t<div class=\"elementor-widget-wrap elementor-element-populated\">\n\t\t\t\t\t\t\t\t<div class=\"elementor-element elementor-element-b17de57 elementor-widget elementor-widget-image\" data-id=\"b17de57\" data-element_type=\"widget\" data-widget_type=\"image.default\">\n\t\t\t\t<div class=\"elementor-widget-container\">\n\t\t\t\t\t\t\t\t\t\t\t\t\t\t\t<img width=\"300\" height=\"252\" src=\"http:\/\/www.produccion.jujuy.gob.ar\/wp-content\/uploads\/2025\/10\/marca-challa-huasi-300x252.jpg\" class=\"attachment-medium size-medium\" alt=\"\" loading=\"lazy\" srcset=\"http:\/\/www.produccion.jujuy.gob.ar\/wp-content\/uploads\/2025\/10\/marca-challa-huasi-300x252.jpg 300w, http:\/\/www.produccion.jujuy.gob.ar\/wp-content\/uploads\/2025\/10\/marca-challa-huasi.jpg 324w\" sizes=\"(max-width: 300px) 100vw, 300px\" \/>\t\t\t\t\t\t\t\t\t\t\t\t\t\t\t<\/div>\n\t\t\t\t<\/div>\n\t\t\t\t\t<\/div>\n\t\t<\/div>\n\t\t\t\t<div class=\"elementor-column elementor-col-66 elementor-top-column elementor-element elementor-element-eef6bb7\" data-id=\"eef6bb7\" data-element_type=\"column\">\n\t\t\t<div class=\"elementor-widget-wrap elementor-element-populated\">\n\t\t\t\t\t\t\t\t<div class=\"elementor-element elementor-element-269150f elementor-widget elementor-widget-heading\" data-id=\"269150f\" data-element_type=\"widget\" data-widget_type=\"heading.default\">\n\t\t\t\t<div class=\"elementor-widget-container\">\n\t\t\t<h2 class=\"elementor-heading-title elementor-size-default\">CHALLA HUASI<\/h2>\t\t<\/div>\n\t\t\t\t<\/div>\n\t\t\t\t<div class=\"elementor-element elementor-element-f127fa7 elementor-widget elementor-widget-heading\" data-id=\"f127fa7\" data-element_type=\"widget\" data-widget_type=\"heading.default\">\n\t\t\t\t<div class=\"elementor-widget-container\">\n\t\t\t<h6 class=\"elementor-heading-title elementor-size-default\">Empresa Familiar, Dise\u00f1a en base a las Diferentes Culturas Andinas de la Provincia de Jujuy, en productos como Cuberter\u00eda, Regalos Empresariales y Joyer\u00eda.\n\n<\/h6>\t\t<\/div>\n\t\t\t\t<\/div>\n\t\t\t\t\t<\/div>\n\t\t<\/div>\n\t\t\t\t\t\t\t<\/div>\n\t\t<\/section>\n\t\t\t\t<section class=\"elementor-section elementor-top-section elementor-element elementor-element-b55e27c elementor-section-stretched elementor-section-boxed elementor-section-height-default elementor-section-height-default\" data-id=\"b55e27c\" data-element_type=\"section\" data-settings=\"{&quot;stretch_section&quot;:&quot;section-stretched&quot;,&quot;background_background&quot;:&quot;classic&quot;}\">\n\t\t\t\t\t\t<div class=\"elementor-container elementor-column-gap-default\">\n\t\t\t\t\t<div class=\"elementor-column elementor-col-33 elementor-top-column elementor-element elementor-element-b934fcb\" data-id=\"b934fcb\" data-element_type=\"column\">\n\t\t\t<div class=\"elementor-widget-wrap elementor-element-populated\">\n\t\t\t\t\t\t\t\t<div class=\"elementor-element elementor-element-a9fce74 elementor-widget elementor-widget-image\" data-id=\"a9fce74\" data-element_type=\"widget\" data-widget_type=\"image.default\">\n\t\t\t\t<div class=\"elementor-widget-container\">\n\t\t\t\t\t\t\t\t\t\t\t\t\t\t\t<img width=\"300\" height=\"162\" src=\"http:\/\/www.produccion.jujuy.gob.ar\/wp-content\/uploads\/2025\/10\/logo-llama-negra-300x162.jpg\" class=\"attachment-medium size-medium\" alt=\"\" loading=\"lazy\" srcset=\"http:\/\/www.produccion.jujuy.gob.ar\/wp-content\/uploads\/2025\/10\/logo-llama-negra-300x162.jpg 300w, http:\/\/www.produccion.jujuy.gob.ar\/wp-content\/uploads\/2025\/10\/logo-llama-negra-1024x551.jpg 1024w, http:\/\/www.produccion.jujuy.gob.ar\/wp-content\/uploads\/2025\/10\/logo-llama-negra-768x413.jpg 768w, http:\/\/www.produccion.jujuy.gob.ar\/wp-content\/uploads\/2025\/10\/logo-llama-negra-1536x827.jpg 1536w, http:\/\/www.produccion.jujuy.gob.ar\/wp-content\/uploads\/2025\/10\/logo-llama-negra-2048x1103.jpg 2048w\" sizes=\"(max-width: 300px) 100vw, 300px\" \/>\t\t\t\t\t\t\t\t\t\t\t\t\t\t\t<\/div>\n\t\t\t\t<\/div>\n\t\t\t\t\t<\/div>\n\t\t<\/div>\n\t\t\t\t<div class=\"elementor-column elementor-col-66 elementor-top-column elementor-element elementor-element-46886ca\" data-id=\"46886ca\" data-element_type=\"column\">\n\t\t\t<div class=\"elementor-widget-wrap elementor-element-populated\">\n\t\t\t\t\t\t\t\t<div class=\"elementor-element elementor-element-1570e7f elementor-widget elementor-widget-heading\" data-id=\"1570e7f\" data-element_type=\"widget\" data-widget_type=\"heading.default\">\n\t\t\t\t<div class=\"elementor-widget-container\">\n\t\t\t<h2 class=\"elementor-heading-title elementor-size-default\">LLAMA NEGRA<\/h2>\t\t<\/div>\n\t\t\t\t<\/div>\n\t\t\t\t<div class=\"elementor-element elementor-element-1af9329 elementor-widget elementor-widget-heading\" data-id=\"1af9329\" data-element_type=\"widget\" data-widget_type=\"heading.default\">\n\t\t\t\t<div class=\"elementor-widget-container\">\n\t\t\t<h6 class=\"elementor-heading-title elementor-size-default\">Nos consideramos representantes y nexo entre tejedores y el consumidor final del dise\u00f1o en fibras de llama y el valor que tienen sus fibras para nosotros y para el resto del mundo. <BR>\nVenimos de la tierra Virgen \u201cPurmamarca\u201d en donde la late la cultura viva, de paisajes que enamoran y el arte del tejido est\u00e1 latente todo el a\u00f1o. <br>\nUna prenda de llama negra es llevarte lo que nos abrig\u00f3 desde la ancestralidad, es parte de nuestras ra\u00edces, e identidad cultural.<br>\n<br>\n\n\n<\/h6>\t\t<\/div>\n\t\t\t\t<\/div>\n\t\t\t\t\t<\/div>\n\t\t<\/div>\n\t\t\t\t\t\t\t<\/div>\n\t\t<\/section>\n\t\t\t\t<section class=\"elementor-section elementor-top-section elementor-element elementor-element-f0fab17 elementor-section-stretched elementor-section-boxed elementor-section-height-default elementor-section-height-default\" data-id=\"f0fab17\" data-element_type=\"section\" data-settings=\"{&quot;stretch_section&quot;:&quot;section-stretched&quot;,&quot;background_background&quot;:&quot;classic&quot;}\">\n\t\t\t\t\t\t<div class=\"elementor-container elementor-column-gap-default\">\n\t\t\t\t\t<div class=\"elementor-column elementor-col-33 elementor-top-column elementor-element elementor-element-9cfc4a8\" data-id=\"9cfc4a8\" data-element_type=\"column\">\n\t\t\t<div class=\"elementor-widget-wrap elementor-element-populated\">\n\t\t\t\t\t\t\t\t<div class=\"elementor-element elementor-element-2f511fb elementor-widget elementor-widget-image\" data-id=\"2f511fb\" data-element_type=\"widget\" data-widget_type=\"image.default\">\n\t\t\t\t<div class=\"elementor-widget-container\">\n\t\t\t\t\t\t\t\t\t\t\t\t\t\t\t<img width=\"300\" height=\"300\" src=\"http:\/\/www.produccion.jujuy.gob.ar\/wp-content\/uploads\/2025\/10\/Marca_page-0004-300x300.jpg\" class=\"attachment-medium size-medium\" alt=\"\" loading=\"lazy\" srcset=\"http:\/\/www.produccion.jujuy.gob.ar\/wp-content\/uploads\/2025\/10\/Marca_page-0004-300x300.jpg 300w, http:\/\/www.produccion.jujuy.gob.ar\/wp-content\/uploads\/2025\/10\/Marca_page-0004-150x150.jpg 150w, http:\/\/www.produccion.jujuy.gob.ar\/wp-content\/uploads\/2025\/10\/Marca_page-0004.jpg 591w\" sizes=\"(max-width: 300px) 100vw, 300px\" \/>\t\t\t\t\t\t\t\t\t\t\t\t\t\t\t<\/div>\n\t\t\t\t<\/div>\n\t\t\t\t\t<\/div>\n\t\t<\/div>\n\t\t\t\t<div class=\"elementor-column elementor-col-66 elementor-top-column elementor-element elementor-element-d227f10\" data-id=\"d227f10\" data-element_type=\"column\">\n\t\t\t<div class=\"elementor-widget-wrap elementor-element-populated\">\n\t\t\t\t\t\t\t\t<div class=\"elementor-element elementor-element-33b8905 elementor-widget elementor-widget-heading\" data-id=\"33b8905\" data-element_type=\"widget\" data-widget_type=\"heading.default\">\n\t\t\t\t<div class=\"elementor-widget-container\">\n\t\t\t<h2 class=\"elementor-heading-title elementor-size-default\">MARIA FRIAS<\/h2>\t\t<\/div>\n\t\t\t\t<\/div>\n\t\t\t\t<div class=\"elementor-element elementor-element-4ea5995 elementor-widget elementor-widget-heading\" data-id=\"4ea5995\" data-element_type=\"widget\" data-widget_type=\"heading.default\">\n\t\t\t\t<div class=\"elementor-widget-container\">\n\t\t\t<h6 class=\"elementor-heading-title elementor-size-default\">Es la b\u00fasqueda de historias andinas que proponen una experiencia est\u00e9tica profundamente personal. <br>\nTrabajamos en colaboraci\u00f3n estrecha con artesanos locales que se mantienen fieles a un proceso ancestral con el que creamos objetos \u00fanicos.<br>\n Las colecciones combinan elegancia y funcionalidad con una producci\u00f3n \u00e9tica que apoya las econom\u00edas locales. \nAdem\u00e1s, la marca incorpora una l\u00ednea de tejidos con fibras m\u00e1s contempor\u00e1neas que aportan frescura e identidad.\n\n\n<\/h6>\t\t<\/div>\n\t\t\t\t<\/div>\n\t\t\t\t\t<\/div>\n\t\t<\/div>\n\t\t\t\t\t\t\t<\/div>\n\t\t<\/section>\n\t\t\t\t<section class=\"elementor-section elementor-top-section elementor-element elementor-element-ef7c1f8 elementor-section-stretched elementor-section-boxed elementor-section-height-default elementor-section-height-default\" data-id=\"ef7c1f8\" data-element_type=\"section\" data-settings=\"{&quot;stretch_section&quot;:&quot;section-stretched&quot;,&quot;background_background&quot;:&quot;classic&quot;}\">\n\t\t\t\t\t\t<div class=\"elementor-container elementor-column-gap-default\">\n\t\t\t\t\t<div class=\"elementor-column elementor-col-33 elementor-top-column elementor-element elementor-element-9358275\" data-id=\"9358275\" data-element_type=\"column\">\n\t\t\t<div class=\"elementor-widget-wrap elementor-element-populated\">\n\t\t\t\t\t\t\t\t<div class=\"elementor-element elementor-element-ce3d914 elementor-widget elementor-widget-image\" data-id=\"ce3d914\" data-element_type=\"widget\" data-widget_type=\"image.default\">\n\t\t\t\t<div class=\"elementor-widget-container\">\n\t\t\t\t\t\t\t\t\t\t\t\t\t\t\t<img width=\"269\" height=\"300\" src=\"http:\/\/www.produccion.jujuy.gob.ar\/wp-content\/uploads\/2025\/10\/logo-romichi-rem-269x300.png\" class=\"attachment-medium size-medium\" alt=\"\" loading=\"lazy\" srcset=\"http:\/\/www.produccion.jujuy.gob.ar\/wp-content\/uploads\/2025\/10\/logo-romichi-rem-269x300.png 269w, http:\/\/www.produccion.jujuy.gob.ar\/wp-content\/uploads\/2025\/10\/logo-romichi-rem.png 374w\" sizes=\"(max-width: 269px) 100vw, 269px\" \/>\t\t\t\t\t\t\t\t\t\t\t\t\t\t\t<\/div>\n\t\t\t\t<\/div>\n\t\t\t\t<div class=\"elementor-element elementor-element-35f623e elementor-widget elementor-widget-spacer\" data-id=\"35f623e\" data-element_type=\"widget\" data-widget_type=\"spacer.default\">\n\t\t\t\t<div class=\"elementor-widget-container\">\n\t\t\t\t\t<div class=\"elementor-spacer\">\n\t\t\t<div class=\"elementor-spacer-inner\"><\/div>\n\t\t<\/div>\n\t\t\t\t<\/div>\n\t\t\t\t<\/div>\n\t\t\t\t\t<\/div>\n\t\t<\/div>\n\t\t\t\t<div class=\"elementor-column elementor-col-66 elementor-top-column elementor-element elementor-element-b6cd5aa\" data-id=\"b6cd5aa\" data-element_type=\"column\">\n\t\t\t<div class=\"elementor-widget-wrap elementor-element-populated\">\n\t\t\t\t\t\t\t\t<div class=\"elementor-element elementor-element-8044888 elementor-widget elementor-widget-heading\" data-id=\"8044888\" data-element_type=\"widget\" data-widget_type=\"heading.default\">\n\t\t\t\t<div class=\"elementor-widget-container\">\n\t\t\t<h2 class=\"elementor-heading-title elementor-size-default\">ROMICHI<\/h2>\t\t<\/div>\n\t\t\t\t<\/div>\n\t\t\t\t<div class=\"elementor-element elementor-element-d49c75c elementor-widget elementor-widget-heading\" data-id=\"d49c75c\" data-element_type=\"widget\" data-widget_type=\"heading.default\">\n\t\t\t\t<div class=\"elementor-widget-container\">\n\t\t\t<h6 class=\"elementor-heading-title elementor-size-default\">Propone una marca\nIdentitaria y consiente,camino\na la sustentabilidad y a la\nsostenibilidad.<br>\nSus prendas elaboradas con\nhilos y utilizando t\u00e9cnicas\ncomo macram\u00e9, crochet y dos\nagujas son ejemplos del slow\nfashion, pues su intenci\u00f3n es\nreciclar , contribuir a reducir la\ncontaminaci\u00f3n ambiental.<br>\nCada prenda es \u00fanica y\natemporal,\nson prendas Juje\u00f1as vivas,\nperfectamente imperfectas\nque transmiten identidad\ncultural.\n<\/h6>\t\t<\/div>\n\t\t\t\t<\/div>\n\t\t\t\t\t<\/div>\n\t\t<\/div>\n\t\t\t\t\t\t\t<\/div>\n\t\t<\/section>\n\t\t\t\t<section class=\"elementor-section elementor-top-section elementor-element elementor-element-03fea6d elementor-section-boxed elementor-section-height-default elementor-section-height-default\" data-id=\"03fea6d\" data-element_type=\"section\">\n\t\t\t\t\t\t<div class=\"elementor-container elementor-column-gap-default\">\n\t\t\t\t\t<div class=\"elementor-column elementor-col-100 elementor-top-column elementor-element elementor-element-c1987a1\" data-id=\"c1987a1\" data-element_type=\"column\">\n\t\t\t<div class=\"elementor-widget-wrap\">\n\t\t\t\t\t\t\t\t\t<\/div>\n\t\t<\/div>\n\t\t\t\t\t\t\t<\/div>\n\t\t<\/section>\n\t\t\t\t\t\t<\/div>\n\t\t\t\t\t<\/div>\n\t\t","protected":false},"excerpt":{"rendered":"<p>EL CAMINO DE LA FIBRA En el coraz\u00f3n de la Puna juje\u00f1a, existe una fibra noble y tal vez subestimada: la fibra de llama. En esta meseta alta, donde el cielo es<a class=\"moretag\" href=\"http:\/\/www.produccion.jujuy.gob.ar\/?page_id=10317\">Leer m\u00e1s&#8230;<\/a><\/p>\n","protected":false},"author":1,"featured_media":0,"parent":0,"menu_order":0,"comment_status":"closed","ping_status":"closed","template":"page-sidebar.php","meta":[],"yoast_head":"<!-- This site is optimized with the Yoast SEO plugin v18.3 - https:\/\/yoast.com\/wordpress\/plugins\/seo\/ -->\n<title>HILANDO SUE\u00d1OS - Ministerio de Desarrollo Econ\u00f3mico y Producci\u00f3n<\/title>\n<meta name=\"robots\" content=\"index, follow, max-snippet:-1, max-image-preview:large, max-video-preview:-1\" \/>\n<link rel=\"canonical\" href=\"https:\/\/www.produccion.jujuy.gob.ar\/?page_id=10317\" \/>\n<meta property=\"og:locale\" content=\"es_ES\" \/>\n<meta property=\"og:type\" content=\"article\" \/>\n<meta property=\"og:title\" content=\"HILANDO SUE\u00d1OS - Ministerio de Desarrollo Econ\u00f3mico y Producci\u00f3n\" \/>\n<meta property=\"og:description\" content=\"EL CAMINO DE LA FIBRA En el coraz\u00f3n de la Puna juje\u00f1a, existe una fibra noble y tal vez subestimada: la fibra de llama. En esta meseta alta, donde el cielo esLeer m\u00e1s...\" \/>\n<meta property=\"og:url\" content=\"https:\/\/www.produccion.jujuy.gob.ar\/?page_id=10317\" \/>\n<meta property=\"og:site_name\" content=\"Ministerio de Desarrollo Econ\u00f3mico y Producci\u00f3n\" \/>\n<meta property=\"article:modified_time\" content=\"2026-04-28T11:53:06+00:00\" \/>\n<meta property=\"og:image\" content=\"http:\/\/www.produccion.jujuy.gob.ar\/wp-content\/uploads\/2025\/10\/camino1-2-300x171.png\" \/>\n<meta name=\"twitter:card\" content=\"summary_large_image\" \/>\n<meta name=\"twitter:label1\" content=\"Tiempo de lectura\" \/>\n\t<meta name=\"twitter:data1\" content=\"33 minutos\" \/>\n<script type=\"application\/ld+json\" class=\"yoast-schema-graph\">{\"@context\":\"https:\/\/schema.org\",\"@graph\":[{\"@type\":\"WebSite\",\"@id\":\"http:\/\/www.produccion.jujuy.gob.ar\/#website\",\"url\":\"http:\/\/www.produccion.jujuy.gob.ar\/\",\"name\":\"Ministerio de Desarrollo Econ\u00f3mico y Producci\u00f3n\",\"description\":\"\",\"potentialAction\":[{\"@type\":\"SearchAction\",\"target\":{\"@type\":\"EntryPoint\",\"urlTemplate\":\"http:\/\/www.produccion.jujuy.gob.ar\/?s={search_term_string}\"},\"query-input\":\"required name=search_term_string\"}],\"inLanguage\":\"es\"},{\"@type\":\"ImageObject\",\"@id\":\"https:\/\/www.produccion.jujuy.gob.ar\/?page_id=10317#primaryimage\",\"inLanguage\":\"es\",\"url\":\"http:\/\/www.produccion.jujuy.gob.ar\/wp-content\/uploads\/2025\/10\/camino1-2.png\",\"contentUrl\":\"http:\/\/www.produccion.jujuy.gob.ar\/wp-content\/uploads\/2025\/10\/camino1-2.png\",\"width\":1010,\"height\":575},{\"@type\":\"WebPage\",\"@id\":\"https:\/\/www.produccion.jujuy.gob.ar\/?page_id=10317#webpage\",\"url\":\"https:\/\/www.produccion.jujuy.gob.ar\/?page_id=10317\",\"name\":\"HILANDO SUE\u00d1OS - Ministerio de Desarrollo Econ\u00f3mico y Producci\u00f3n\",\"isPartOf\":{\"@id\":\"http:\/\/www.produccion.jujuy.gob.ar\/#website\"},\"primaryImageOfPage\":{\"@id\":\"https:\/\/www.produccion.jujuy.gob.ar\/?page_id=10317#primaryimage\"},\"datePublished\":\"2025-09-25T13:36:00+00:00\",\"dateModified\":\"2026-04-28T11:53:06+00:00\",\"breadcrumb\":{\"@id\":\"https:\/\/www.produccion.jujuy.gob.ar\/?page_id=10317#breadcrumb\"},\"inLanguage\":\"es\",\"potentialAction\":[{\"@type\":\"ReadAction\",\"target\":[\"https:\/\/www.produccion.jujuy.gob.ar\/?page_id=10317\"]}]},{\"@type\":\"BreadcrumbList\",\"@id\":\"https:\/\/www.produccion.jujuy.gob.ar\/?page_id=10317#breadcrumb\",\"itemListElement\":[{\"@type\":\"ListItem\",\"position\":1,\"name\":\"Portada\",\"item\":\"https:\/\/www.produccion.jujuy.gob.ar\/\"},{\"@type\":\"ListItem\",\"position\":2,\"name\":\"HILANDO SUE\u00d1OS\"}]}]}<\/script>\n<!-- \/ Yoast SEO plugin. -->","yoast_head_json":{"title":"HILANDO SUE\u00d1OS - Ministerio de Desarrollo Econ\u00f3mico y Producci\u00f3n","robots":{"index":"index","follow":"follow","max-snippet":"max-snippet:-1","max-image-preview":"max-image-preview:large","max-video-preview":"max-video-preview:-1"},"canonical":"https:\/\/www.produccion.jujuy.gob.ar\/?page_id=10317","og_locale":"es_ES","og_type":"article","og_title":"HILANDO SUE\u00d1OS - Ministerio de Desarrollo Econ\u00f3mico y Producci\u00f3n","og_description":"EL CAMINO DE LA FIBRA En el coraz\u00f3n de la Puna juje\u00f1a, existe una fibra noble y tal vez subestimada: la fibra de llama. En esta meseta alta, donde el cielo esLeer m\u00e1s...","og_url":"https:\/\/www.produccion.jujuy.gob.ar\/?page_id=10317","og_site_name":"Ministerio de Desarrollo Econ\u00f3mico y Producci\u00f3n","article_modified_time":"2026-04-28T11:53:06+00:00","og_image":[{"url":"http:\/\/www.produccion.jujuy.gob.ar\/wp-content\/uploads\/2025\/10\/camino1-2-300x171.png"}],"twitter_card":"summary_large_image","twitter_misc":{"Tiempo de lectura":"33 minutos"},"schema":{"@context":"https:\/\/schema.org","@graph":[{"@type":"WebSite","@id":"http:\/\/www.produccion.jujuy.gob.ar\/#website","url":"http:\/\/www.produccion.jujuy.gob.ar\/","name":"Ministerio de Desarrollo Econ\u00f3mico y Producci\u00f3n","description":"","potentialAction":[{"@type":"SearchAction","target":{"@type":"EntryPoint","urlTemplate":"http:\/\/www.produccion.jujuy.gob.ar\/?s={search_term_string}"},"query-input":"required name=search_term_string"}],"inLanguage":"es"},{"@type":"ImageObject","@id":"https:\/\/www.produccion.jujuy.gob.ar\/?page_id=10317#primaryimage","inLanguage":"es","url":"http:\/\/www.produccion.jujuy.gob.ar\/wp-content\/uploads\/2025\/10\/camino1-2.png","contentUrl":"http:\/\/www.produccion.jujuy.gob.ar\/wp-content\/uploads\/2025\/10\/camino1-2.png","width":1010,"height":575},{"@type":"WebPage","@id":"https:\/\/www.produccion.jujuy.gob.ar\/?page_id=10317#webpage","url":"https:\/\/www.produccion.jujuy.gob.ar\/?page_id=10317","name":"HILANDO SUE\u00d1OS - Ministerio de Desarrollo Econ\u00f3mico y Producci\u00f3n","isPartOf":{"@id":"http:\/\/www.produccion.jujuy.gob.ar\/#website"},"primaryImageOfPage":{"@id":"https:\/\/www.produccion.jujuy.gob.ar\/?page_id=10317#primaryimage"},"datePublished":"2025-09-25T13:36:00+00:00","dateModified":"2026-04-28T11:53:06+00:00","breadcrumb":{"@id":"https:\/\/www.produccion.jujuy.gob.ar\/?page_id=10317#breadcrumb"},"inLanguage":"es","potentialAction":[{"@type":"ReadAction","target":["https:\/\/www.produccion.jujuy.gob.ar\/?page_id=10317"]}]},{"@type":"BreadcrumbList","@id":"https:\/\/www.produccion.jujuy.gob.ar\/?page_id=10317#breadcrumb","itemListElement":[{"@type":"ListItem","position":1,"name":"Portada","item":"https:\/\/www.produccion.jujuy.gob.ar\/"},{"@type":"ListItem","position":2,"name":"HILANDO SUE\u00d1OS"}]}]}},"_links":{"self":[{"href":"http:\/\/www.produccion.jujuy.gob.ar\/index.php?rest_route=\/wp\/v2\/pages\/10317"}],"collection":[{"href":"http:\/\/www.produccion.jujuy.gob.ar\/index.php?rest_route=\/wp\/v2\/pages"}],"about":[{"href":"http:\/\/www.produccion.jujuy.gob.ar\/index.php?rest_route=\/wp\/v2\/types\/page"}],"author":[{"embeddable":true,"href":"http:\/\/www.produccion.jujuy.gob.ar\/index.php?rest_route=\/wp\/v2\/users\/1"}],"replies":[{"embeddable":true,"href":"http:\/\/www.produccion.jujuy.gob.ar\/index.php?rest_route=%2Fwp%2Fv2%2Fcomments&post=10317"}],"version-history":[{"count":243,"href":"http:\/\/www.produccion.jujuy.gob.ar\/index.php?rest_route=\/wp\/v2\/pages\/10317\/revisions"}],"predecessor-version":[{"id":11108,"href":"http:\/\/www.produccion.jujuy.gob.ar\/index.php?rest_route=\/wp\/v2\/pages\/10317\/revisions\/11108"}],"wp:attachment":[{"href":"http:\/\/www.produccion.jujuy.gob.ar\/index.php?rest_route=%2Fwp%2Fv2%2Fmedia&parent=10317"}],"curies":[{"name":"wp","href":"https:\/\/api.w.org\/{rel}","templated":true}]}}