{"id":3572,"date":"2022-10-03T15:03:57","date_gmt":"2022-10-03T15:03:57","guid":{"rendered":"http:\/\/www.produccion.jujuy.gob.ar\/?page_id=3572"},"modified":"2023-03-30T13:31:04","modified_gmt":"2023-03-30T13:31:04","slug":"sector08","status":"publish","type":"page","link":"http:\/\/www.produccion.jujuy.gob.ar\/?page_id=3572","title":{"rendered":"SECRETAR\u00cdA DE VITIVINICULTURA"},"content":{"rendered":"\t\t<div data-elementor-type=\"wp-page\" data-elementor-id=\"3572\" class=\"elementor elementor-3572\" data-elementor-settings=\"[]\">\n\t\t\t\t\t\t\t<div class=\"elementor-section-wrap\">\n\t\t\t\t\t\t\t<section class=\"elementor-section elementor-top-section elementor-element elementor-element-2fec453 elementor-section-boxed elementor-section-height-default elementor-section-height-default\" data-id=\"2fec453\" data-element_type=\"section\">\n\t\t\t\t\t\t<div class=\"elementor-container elementor-column-gap-default\">\n\t\t\t\t\t<div class=\"elementor-column elementor-col-50 elementor-top-column elementor-element elementor-element-68c06f7\" data-id=\"68c06f7\" data-element_type=\"column\">\n\t\t\t<div class=\"elementor-widget-wrap\">\n\t\t\t\t\t\t\t\t\t<\/div>\n\t\t<\/div>\n\t\t\t\t<div class=\"elementor-column elementor-col-50 elementor-top-column elementor-element elementor-element-7e97ec7\" data-id=\"7e97ec7\" data-element_type=\"column\">\n\t\t\t<div class=\"elementor-widget-wrap\">\n\t\t\t\t\t\t\t\t\t<\/div>\n\t\t<\/div>\n\t\t\t\t\t\t\t<\/div>\n\t\t<\/section>\n\t\t\t\t<section class=\"elementor-section elementor-top-section elementor-element elementor-element-bc53515 elementor-section-boxed elementor-section-height-default elementor-section-height-default\" data-id=\"bc53515\" data-element_type=\"section\">\n\t\t\t\t\t\t<div class=\"elementor-container elementor-column-gap-default\">\n\t\t\t\t\t<div class=\"elementor-column elementor-col-50 elementor-top-column elementor-element elementor-element-cb69d01\" data-id=\"cb69d01\" data-element_type=\"column\">\n\t\t\t<div class=\"elementor-widget-wrap\">\n\t\t\t\t\t\t\t\t\t<\/div>\n\t\t<\/div>\n\t\t\t\t<div class=\"elementor-column elementor-col-50 elementor-top-column elementor-element elementor-element-9017afc\" data-id=\"9017afc\" data-element_type=\"column\">\n\t\t\t<div class=\"elementor-widget-wrap\">\n\t\t\t\t\t\t\t\t\t<\/div>\n\t\t<\/div>\n\t\t\t\t\t\t\t<\/div>\n\t\t<\/section>\n\t\t\t\t<section class=\"elementor-section elementor-top-section elementor-element elementor-element-eefaef6 elementor-section-boxed elementor-section-height-default elementor-section-height-default\" data-id=\"eefaef6\" data-element_type=\"section\">\n\t\t\t\t\t\t<div class=\"elementor-container elementor-column-gap-default\">\n\t\t\t\t\t<div class=\"elementor-column elementor-col-100 elementor-top-column elementor-element elementor-element-73e2b01\" data-id=\"73e2b01\" data-element_type=\"column\">\n\t\t\t<div class=\"elementor-widget-wrap elementor-element-populated\">\n\t\t\t\t\t\t\t\t<div class=\"elementor-element elementor-element-596b689 elementor-widget elementor-widget-heading\" data-id=\"596b689\" data-element_type=\"widget\" data-widget_type=\"heading.default\">\n\t\t\t\t<div class=\"elementor-widget-container\">\n\t\t\t<h2 class=\"elementor-heading-title elementor-size-default\">AVANZAMOS CON LOS TR\u00c1MITES DE LA EMERGENCIA AGROPECUARIA POR HELADA<\/h2>\t\t<\/div>\n\t\t\t\t<\/div>\n\t\t\t\t\t<\/div>\n\t\t<\/div>\n\t\t\t\t\t\t\t<\/div>\n\t\t<\/section>\n\t\t\t\t<section class=\"elementor-section elementor-top-section elementor-element elementor-element-118582c elementor-section-boxed elementor-section-height-default elementor-section-height-default\" data-id=\"118582c\" data-element_type=\"section\">\n\t\t\t\t\t\t<div class=\"elementor-container elementor-column-gap-default\">\n\t\t\t\t\t<div class=\"elementor-column elementor-col-100 elementor-top-column elementor-element elementor-element-e245095\" data-id=\"e245095\" data-element_type=\"column\">\n\t\t\t<div class=\"elementor-widget-wrap elementor-element-populated\">\n\t\t\t\t\t\t\t\t<div class=\"elementor-element elementor-element-9b80013 elementor-widget elementor-widget-image\" data-id=\"9b80013\" data-element_type=\"widget\" data-widget_type=\"image.default\">\n\t\t\t\t<div class=\"elementor-widget-container\">\n\t\t\t\t\t\t\t\t\t\t\t\t\t\t\t<img width=\"1500\" height=\"857\" src=\"http:\/\/www.produccion.jujuy.gob.ar\/wp-content\/uploads\/2023\/03\/vinedo.jpg\" class=\"attachment-1536x1536 size-1536x1536\" alt=\"\" loading=\"lazy\" srcset=\"http:\/\/www.produccion.jujuy.gob.ar\/wp-content\/uploads\/2023\/03\/vinedo.jpg 1500w, http:\/\/www.produccion.jujuy.gob.ar\/wp-content\/uploads\/2023\/03\/vinedo-300x171.jpg 300w, http:\/\/www.produccion.jujuy.gob.ar\/wp-content\/uploads\/2023\/03\/vinedo-1024x585.jpg 1024w, http:\/\/www.produccion.jujuy.gob.ar\/wp-content\/uploads\/2023\/03\/vinedo-768x439.jpg 768w\" sizes=\"(max-width: 1500px) 100vw, 1500px\" \/>\t\t\t\t\t\t\t\t\t\t\t\t\t\t\t<\/div>\n\t\t\t\t<\/div>\n\t\t\t\t<div class=\"elementor-element elementor-element-83ac53e elementor-widget elementor-widget-text-editor\" data-id=\"83ac53e\" data-element_type=\"widget\" data-widget_type=\"text-editor.default\">\n\t\t\t\t<div class=\"elementor-widget-container\">\n\t\t\t\t\t\t\t\t<h6>En el marco del Decreto N\u00b07308-DEyP-2022 y su reglamentaci\u00f3n en resoluci\u00f3n N\u00ba 124-DEyP- 2023, la Secretar\u00eda de Vitivinicultura y de Desarrollo Productivo invita a los productores agropecuarios vitivin\u00edcolas y productores de frutales de carozo y pepita afectados por la helada del a\u00f1o 2022, de los Departamentos de Tilcara, Tumbaya, y Humahuaca de la provincia de Jujuy, a solicitar los diferentes beneficios otorgados por el gobierno nacional y provincial, previstos en la Ley N\u00b0 4097 y su modificatoria ley 5274\/01. Para ello, los productores afectados deber\u00e1n completar una Declaraci\u00f3n Jurada, la cual se obtiene ingresando, al bot\u00f3n digital que se encuentra disponible al pie de p\u00e1gina. &#8211;<\/h6><h6>All\u00ed, los solicitantes deber\u00e1n completar un formulario equivalente a una Declaraci\u00f3n Jurada de Emergencia, como tambi\u00e9n tomar conocimiento de la documentaci\u00f3n que deber\u00e1n entregar personalmente o v\u00eda mail a la Secretar\u00eda de vitivinicultura de la provincia.<\/h6><h6>Una vez, presentada la declaraci\u00f3n jurada, la Autoridad de aplicaci\u00f3n efectuar\u00e1 un an\u00e1lisis legal y t\u00e9cnico de la misma, y encontr\u00e1ndose verificado todos los datos requeridos, proceder\u00e1 a emitir un Certificado de Emergencia Agropecuario que ser\u00e1 enviado al solicitante v\u00eda correo electr\u00f3nico.<\/h6><h6>En este sentido, y a los fines de continuar con el trabajo de articulaci\u00f3n entre la Secretar\u00eda de Vitivinicultura y Secretar\u00eda de Desarrollo Productivo, se inform\u00f3 y capacit\u00f3 a los encargados de los diferentes municipios afectados por heladas, para que dichas instituciones pongan a disposici\u00f3n personal que acompa\u00f1e y oriente a los productores afectados que deseen realizar el presente tr\u00e1mite.<\/h6><h6>Esta es una etapa administrativa importante que permitir\u00e1 a los productores incluidos en la Declaraci\u00f3n de Emergencia Agropecuaria dictada por el Poder Ejecutivo Provincial en Decreto N\u00b07308-DEyP-2022, acceder al Certificado de Emergencia Agropecuario respectivo y as\u00ed poder gozar de los diferentes beneficios provinciales y nacionales existentes.<\/h6><h4 align=\"center\"><b>Ante cualquier duda comunicarse a emergenciaheladas.jujuy@gmail.com<\/b><\/h4>\t\t\t\t\t\t<\/div>\n\t\t\t\t<\/div>\n\t\t\t\t\t<\/div>\n\t\t<\/div>\n\t\t\t\t\t\t\t<\/div>\n\t\t<\/section>\n\t\t\t\t<section class=\"elementor-section elementor-top-section elementor-element elementor-element-5c048ab elementor-section-boxed elementor-section-height-default elementor-section-height-default\" data-id=\"5c048ab\" data-element_type=\"section\">\n\t\t\t\t\t\t<div class=\"elementor-container elementor-column-gap-default\">\n\t\t\t\t\t<div class=\"elementor-column elementor-col-100 elementor-top-column elementor-element elementor-element-61ce783\" data-id=\"61ce783\" data-element_type=\"column\">\n\t\t\t<div class=\"elementor-widget-wrap elementor-element-populated\">\n\t\t\t\t\t\t\t\t<div class=\"elementor-element elementor-element-a462df3 elementor-align-center elementor-widget elementor-widget-button\" data-id=\"a462df3\" data-element_type=\"widget\" data-widget_type=\"button.default\">\n\t\t\t\t<div class=\"elementor-widget-container\">\n\t\t\t\t\t<div class=\"elementor-button-wrapper\">\n\t\t\t<a href=\"http:\/\/190.52.39.246:8780\/sec_vitivinicola\/ingreso.php\" class=\"elementor-button-link elementor-button elementor-size-xl elementor-animation-pulse-grow\" role=\"button\">\n\t\t\t\t\t\t<span class=\"elementor-button-content-wrapper\">\n\t\t\t\t\t\t<span class=\"elementor-button-icon elementor-align-icon-left\">\n\t\t\t\t<i aria-hidden=\"true\" class=\"far fa-edit\"><\/i>\t\t\t<\/span>\n\t\t\t\t\t\t<span class=\"elementor-button-text\">INGRESO AL FORMULARIO<\/span>\n\t\t<\/span>\n\t\t\t\t\t<\/a>\n\t\t<\/div>\n\t\t\t\t<\/div>\n\t\t\t\t<\/div>\n\t\t\t\t\t<\/div>\n\t\t<\/div>\n\t\t\t\t\t\t\t<\/div>\n\t\t<\/section>\n\t\t\t\t\t\t<\/div>\n\t\t\t\t\t<\/div>\n\t\t","protected":false},"excerpt":{"rendered":"<p>AVANZAMOS CON LOS TR\u00c1MITES DE LA EMERGENCIA AGROPECUARIA POR HELADA En el marco del Decreto N\u00b07308-DEyP-2022 y su reglamentaci\u00f3n en resoluci\u00f3n N\u00ba 124-DEyP- 2023, la Secretar\u00eda de Vitivinicultura y de Desarrollo Productivo<a class=\"moretag\" href=\"http:\/\/www.produccion.jujuy.gob.ar\/?page_id=3572\">Leer m\u00e1s&#8230;<\/a><\/p>\n","protected":false},"author":1,"featured_media":0,"parent":0,"menu_order":0,"comment_status":"closed","ping_status":"closed","template":"elementor_header_footer","meta":[],"yoast_head":"<!-- This site is optimized with the Yoast SEO plugin v18.3 - https:\/\/yoast.com\/wordpress\/plugins\/seo\/ -->\n<title>SECRETAR\u00cdA DE VITIVINICULTURA - Ministerio de Desarrollo Econ\u00f3mico y Producci\u00f3n<\/title>\n<meta name=\"robots\" content=\"index, follow, max-snippet:-1, max-image-preview:large, max-video-preview:-1\" \/>\n<link rel=\"canonical\" href=\"http:\/\/www.produccion.jujuy.gob.ar\/?page_id=3572\" \/>\n<meta property=\"og:locale\" content=\"es_ES\" \/>\n<meta property=\"og:type\" content=\"article\" \/>\n<meta property=\"og:title\" content=\"SECRETAR\u00cdA DE VITIVINICULTURA - Ministerio de Desarrollo Econ\u00f3mico y Producci\u00f3n\" \/>\n<meta property=\"og:description\" content=\"AVANZAMOS CON LOS TR\u00c1MITES DE LA EMERGENCIA AGROPECUARIA POR HELADA En el marco del Decreto N\u00b07308-DEyP-2022 y su reglamentaci\u00f3n en resoluci\u00f3n N\u00ba 124-DEyP- 2023, la Secretar\u00eda de Vitivinicultura y de Desarrollo ProductivoLeer m\u00e1s...\" \/>\n<meta property=\"og:url\" content=\"http:\/\/www.produccion.jujuy.gob.ar\/?page_id=3572\" \/>\n<meta property=\"og:site_name\" content=\"Ministerio de Desarrollo Econ\u00f3mico y Producci\u00f3n\" \/>\n<meta property=\"article:modified_time\" content=\"2023-03-30T13:31:04+00:00\" \/>\n<meta property=\"og:image\" content=\"http:\/\/www.produccion.jujuy.gob.ar\/wp-content\/uploads\/2023\/03\/vinedo.jpg\" \/>\n<meta name=\"twitter:card\" content=\"summary_large_image\" \/>\n<meta name=\"twitter:label1\" content=\"Tiempo de lectura\" \/>\n\t<meta name=\"twitter:data1\" content=\"2 minutos\" \/>\n<script type=\"application\/ld+json\" class=\"yoast-schema-graph\">{\"@context\":\"https:\/\/schema.org\",\"@graph\":[{\"@type\":\"WebSite\",\"@id\":\"http:\/\/www.produccion.jujuy.gob.ar\/#website\",\"url\":\"http:\/\/www.produccion.jujuy.gob.ar\/\",\"name\":\"Ministerio de Desarrollo Econ\u00f3mico y Producci\u00f3n\",\"description\":\"\",\"potentialAction\":[{\"@type\":\"SearchAction\",\"target\":{\"@type\":\"EntryPoint\",\"urlTemplate\":\"http:\/\/www.produccion.jujuy.gob.ar\/?s={search_term_string}\"},\"query-input\":\"required name=search_term_string\"}],\"inLanguage\":\"es\"},{\"@type\":\"ImageObject\",\"@id\":\"http:\/\/www.produccion.jujuy.gob.ar\/?page_id=3572#primaryimage\",\"inLanguage\":\"es\",\"url\":\"http:\/\/www.produccion.jujuy.gob.ar\/wp-content\/uploads\/2023\/03\/vinedo.jpg\",\"contentUrl\":\"http:\/\/www.produccion.jujuy.gob.ar\/wp-content\/uploads\/2023\/03\/vinedo.jpg\",\"width\":1500,\"height\":857},{\"@type\":\"WebPage\",\"@id\":\"http:\/\/www.produccion.jujuy.gob.ar\/?page_id=3572#webpage\",\"url\":\"http:\/\/www.produccion.jujuy.gob.ar\/?page_id=3572\",\"name\":\"SECRETAR\u00cdA DE VITIVINICULTURA - Ministerio de Desarrollo Econ\u00f3mico y Producci\u00f3n\",\"isPartOf\":{\"@id\":\"http:\/\/www.produccion.jujuy.gob.ar\/#website\"},\"primaryImageOfPage\":{\"@id\":\"http:\/\/www.produccion.jujuy.gob.ar\/?page_id=3572#primaryimage\"},\"datePublished\":\"2022-10-03T15:03:57+00:00\",\"dateModified\":\"2023-03-30T13:31:04+00:00\",\"breadcrumb\":{\"@id\":\"http:\/\/www.produccion.jujuy.gob.ar\/?page_id=3572#breadcrumb\"},\"inLanguage\":\"es\",\"potentialAction\":[{\"@type\":\"ReadAction\",\"target\":[\"http:\/\/www.produccion.jujuy.gob.ar\/?page_id=3572\"]}]},{\"@type\":\"BreadcrumbList\",\"@id\":\"http:\/\/www.produccion.jujuy.gob.ar\/?page_id=3572#breadcrumb\",\"itemListElement\":[{\"@type\":\"ListItem\",\"position\":1,\"name\":\"Portada\",\"item\":\"https:\/\/www.produccion.jujuy.gob.ar\/\"},{\"@type\":\"ListItem\",\"position\":2,\"name\":\"SECRETAR\u00cdA DE VITIVINICULTURA\"}]}]}<\/script>\n<!-- \/ Yoast SEO plugin. -->","yoast_head_json":{"title":"SECRETAR\u00cdA DE VITIVINICULTURA - Ministerio de Desarrollo Econ\u00f3mico y Producci\u00f3n","robots":{"index":"index","follow":"follow","max-snippet":"max-snippet:-1","max-image-preview":"max-image-preview:large","max-video-preview":"max-video-preview:-1"},"canonical":"http:\/\/www.produccion.jujuy.gob.ar\/?page_id=3572","og_locale":"es_ES","og_type":"article","og_title":"SECRETAR\u00cdA DE VITIVINICULTURA - Ministerio de Desarrollo Econ\u00f3mico y Producci\u00f3n","og_description":"AVANZAMOS CON LOS TR\u00c1MITES DE LA EMERGENCIA AGROPECUARIA POR HELADA En el marco del Decreto N\u00b07308-DEyP-2022 y su reglamentaci\u00f3n en resoluci\u00f3n N\u00ba 124-DEyP- 2023, la Secretar\u00eda de Vitivinicultura y de Desarrollo ProductivoLeer m\u00e1s...","og_url":"http:\/\/www.produccion.jujuy.gob.ar\/?page_id=3572","og_site_name":"Ministerio de Desarrollo Econ\u00f3mico y Producci\u00f3n","article_modified_time":"2023-03-30T13:31:04+00:00","og_image":[{"url":"http:\/\/www.produccion.jujuy.gob.ar\/wp-content\/uploads\/2023\/03\/vinedo.jpg"}],"twitter_card":"summary_large_image","twitter_misc":{"Tiempo de lectura":"2 minutos"},"schema":{"@context":"https:\/\/schema.org","@graph":[{"@type":"WebSite","@id":"http:\/\/www.produccion.jujuy.gob.ar\/#website","url":"http:\/\/www.produccion.jujuy.gob.ar\/","name":"Ministerio de Desarrollo Econ\u00f3mico y Producci\u00f3n","description":"","potentialAction":[{"@type":"SearchAction","target":{"@type":"EntryPoint","urlTemplate":"http:\/\/www.produccion.jujuy.gob.ar\/?s={search_term_string}"},"query-input":"required name=search_term_string"}],"inLanguage":"es"},{"@type":"ImageObject","@id":"http:\/\/www.produccion.jujuy.gob.ar\/?page_id=3572#primaryimage","inLanguage":"es","url":"http:\/\/www.produccion.jujuy.gob.ar\/wp-content\/uploads\/2023\/03\/vinedo.jpg","contentUrl":"http:\/\/www.produccion.jujuy.gob.ar\/wp-content\/uploads\/2023\/03\/vinedo.jpg","width":1500,"height":857},{"@type":"WebPage","@id":"http:\/\/www.produccion.jujuy.gob.ar\/?page_id=3572#webpage","url":"http:\/\/www.produccion.jujuy.gob.ar\/?page_id=3572","name":"SECRETAR\u00cdA DE VITIVINICULTURA - Ministerio de Desarrollo Econ\u00f3mico y Producci\u00f3n","isPartOf":{"@id":"http:\/\/www.produccion.jujuy.gob.ar\/#website"},"primaryImageOfPage":{"@id":"http:\/\/www.produccion.jujuy.gob.ar\/?page_id=3572#primaryimage"},"datePublished":"2022-10-03T15:03:57+00:00","dateModified":"2023-03-30T13:31:04+00:00","breadcrumb":{"@id":"http:\/\/www.produccion.jujuy.gob.ar\/?page_id=3572#breadcrumb"},"inLanguage":"es","potentialAction":[{"@type":"ReadAction","target":["http:\/\/www.produccion.jujuy.gob.ar\/?page_id=3572"]}]},{"@type":"BreadcrumbList","@id":"http:\/\/www.produccion.jujuy.gob.ar\/?page_id=3572#breadcrumb","itemListElement":[{"@type":"ListItem","position":1,"name":"Portada","item":"https:\/\/www.produccion.jujuy.gob.ar\/"},{"@type":"ListItem","position":2,"name":"SECRETAR\u00cdA DE VITIVINICULTURA"}]}]}},"_links":{"self":[{"href":"http:\/\/www.produccion.jujuy.gob.ar\/index.php?rest_route=\/wp\/v2\/pages\/3572"}],"collection":[{"href":"http:\/\/www.produccion.jujuy.gob.ar\/index.php?rest_route=\/wp\/v2\/pages"}],"about":[{"href":"http:\/\/www.produccion.jujuy.gob.ar\/index.php?rest_route=\/wp\/v2\/types\/page"}],"author":[{"embeddable":true,"href":"http:\/\/www.produccion.jujuy.gob.ar\/index.php?rest_route=\/wp\/v2\/users\/1"}],"replies":[{"embeddable":true,"href":"http:\/\/www.produccion.jujuy.gob.ar\/index.php?rest_route=%2Fwp%2Fv2%2Fcomments&post=3572"}],"version-history":[{"count":41,"href":"http:\/\/www.produccion.jujuy.gob.ar\/index.php?rest_route=\/wp\/v2\/pages\/3572\/revisions"}],"predecessor-version":[{"id":4452,"href":"http:\/\/www.produccion.jujuy.gob.ar\/index.php?rest_route=\/wp\/v2\/pages\/3572\/revisions\/4452"}],"wp:attachment":[{"href":"http:\/\/www.produccion.jujuy.gob.ar\/index.php?rest_route=%2Fwp%2Fv2%2Fmedia&parent=3572"}],"curies":[{"name":"wp","href":"https:\/\/api.w.org\/{rel}","templated":true}]}}